{"id":2320,"date":"2017-06-18T10:21:04","date_gmt":"2017-06-18T09:21:04","guid":{"rendered":"https:\/\/www.corocalicantus.org\/\/hauptchor\/"},"modified":"2020-10-17T00:45:12","modified_gmt":"2020-10-16T23:45:12","slug":"hauptchor","status":"publish","type":"page","link":"https:\/\/www.corocalicantus.org\/de\/die-chore\/hauptchor\/","title":{"rendered":"Hauptchor"},"content":{"rendered":"<p>[et_pb_section fb_built=&#8220;1&#8243; fullwidth=&#8220;on&#8220; module_class=&#8220;header_pagine&#8220; _builder_version=&#8220;3.29.3&#8243; background_image=&#8220;https:\/\/www.corocalicantus.org\/wp-content\/uploads\/2020\/08\/coro-principale-min.jpg&#8220; parallax=&#8220;on&#8220; parallax_method=&#8220;off&#8220; hover_enabled=&#8220;0&#8243; fb_built=&#8220;1&#8243; _i=&#8220;0&#8243; _address=&#8220;0&#8243;][et_pb_fullwidth_post_title meta=&#8220;off&#8220; featured_image=&#8220;off&#8220; text_color=&#8220;light&#8220; _builder_version=&#8220;3.0.74&#8243; title_font_size=&#8220;62px&#8220; _i=&#8220;0&#8243; _address=&#8220;0.0&#8243;][\/et_pb_fullwidth_post_title][et_pb_fullwidth_menu menu_id=&#8220;12&#8243; submenu_direction=&#8220;downwards&#8220; fullwidth_menu=&#8220;off&#8220; active_link_color=&#8220;#edef81&#8243; _builder_version=&#8220;3.0.61&#8243; menu_font=&#8220;|on||on|&#8220; background_color=&#8220;#f96c39&#8243; background_layout=&#8220;dark&#8220; _i=&#8220;1&#8243; _address=&#8220;0.1&#8243;][\/et_pb_fullwidth_menu][\/et_pb_section][et_pb_section fb_built=&#8220;1&#8243; specialty=&#8220;on&#8220; _builder_version=&#8220;3.22&#8243; fb_built=&#8220;1&#8243; _i=&#8220;1&#8243; _address=&#8220;1&#8243;][et_pb_column type=&#8220;1_2&#8243; _builder_version=&#8220;3.25&#8243; custom_padding=&#8220;|||&#8220; parallax__hover=&#8220;off&#8220; parallax_method__hover=&#8220;on&#8220; _i=&#8220;0&#8243; _address=&#8220;1.0&#8243; custom_padding__hover=&#8220;|||&#8220;][et_pb_text admin_label=&#8220;Presentazione&#8220; _builder_version=&#8220;3.27.4&#8243; _i=&#8220;0&#8243; _address=&#8220;1.0.0&#8243;]<\/p>\n<h2>Das Herzst\u00fcck der grossen Familie!<\/h2>\n<p>Der Hauptchor ist das Konzertensemble der Schule. Die Kinder k\u00f6nnen in diesem Chor mitsingen, nachdem sie mehrere Jahre in den Vorbereitungsch\u00f6ren mitgemacht haben.<br \/>\nDer Hauptchor ist eine eigentliche Musikfamilie, <strong>mit erzieherischen Inhalten und Beziehungen zwischen den Generationen<\/strong>.<\/p>\n<p>Die Kinder wachsen in diesem Chor auf.<br \/>\nEr dient in der Pubert\u00e4t als gesunder \u201eroter Faden\u201c und bietet den Jugendlichen die M\u00f6glichkeit, ihre eigene Pers\u00f6nlichkeit zu entwickeln und starke Freundschaftsbande zu pflegen.<br \/>\nAuf musikalischer Ebene lernen die Jugendlichen, ihre Stimme als Werkzeug zu nutzen, indem sie sich solide Grundlagen in Stimmtechnik und Interpretation aneignen, die auch auf internationaler Ebene anerkannt sind. Lernen, Reisen, Konzerte, schauspielerische F\u00e4higkeiten, kulturelle und menschliche \u00d6ffnung sind Erfahrungen, die alle integrierender Bestandteil des musikalischen Angebots sind.<br \/>\nEs ist eine Welt der Kunst, eine Welt der Zusammenarbeit auf ein gemeinsames Ziel hin, an der jede einzelne Sch\u00fclerin, jeder einzelne Sch\u00fcler aktiv teilnimmt und von der gesamten Gruppe und von allen Mitarbeitenden unterst\u00fctzt wird.<br \/>\nDie Jugendlichen erleben hautnah, was \u201eKultur schaffen\u201c bedeutet.<\/p>\n<p>Das Repertoire umfasst Musikst\u00fccke aus Renaissance und Barock bis hin zu den Gegenwartskompositionen und Ges\u00e4ngen der internationalen Folklore, die meistens in der Originalsprache gesungen werden. Calicantus wird regelm\u00e4ssig eingeladen, Welterstauff\u00fchrungen zu realisieren und arbeitet mit Maestros und Ch\u00f6ren von internationalem Ruf zusammen. Entdecke alle <a href=\"https:\/\/www.corocalicantus.org\/de\/was-ist-calicantus\/kunstlerische-auszeichnungen\/\"><strong>k\u00fcnstlerischen Auszeichnungen <\/strong><\/a>des Chores.<br \/>\n[\/et_pb_text][et_pb_toggle title=&#8220;Aktuelles Repertoire&#8220; admin_label=&#8220;Repertorio&#8220; _builder_version=&#8220;3.0.87&#8243; title_text_color=&#8220;#f96c39&#8243; title_font=&#8220;|||on|&#8220; border_style=&#8220;solid&#8220; _i=&#8220;1&#8243; _address=&#8220;1.0.1&#8243;]<\/p>\n<table>\n<tbody>\n<tr>\n<td width=\"283\">Antifona gregoriana<\/td>\n<td width=\"280\">Hodie Christus natus est<\/td>\n<\/tr>\n<tr>\n<td width=\"283\">Anonimo boemo XVI\u00b0 sec.<\/td>\n<td width=\"280\">A na zemi<\/td>\n<\/tr>\n<tr>\n<td width=\"283\">Costanzo Festa (1485?-1545)<\/td>\n<td width=\"280\">Quel dolce foco<\/td>\n<\/tr>\n<tr>\n<td width=\"283\">G.P.da Palestrina (1525-1594)<\/td>\n<td width=\"280\">Ave regina coelorum<\/td>\n<\/tr>\n<tr>\n<td width=\"283\">Jan Facilis Boleslavsky (XV sec.)<\/td>\n<td width=\"280\">Kdyz jsi stesti<\/td>\n<\/tr>\n<tr>\n<td width=\"283\">Hans Leo Hassler (1564-1612)<\/td>\n<td width=\"280\">Cantate domino<\/td>\n<\/tr>\n<tr>\n<td width=\"283\">Tomas Luis de Victroria (1548?-1611)<\/td>\n<td width=\"280\">Una hora<\/td>\n<\/tr>\n<tr>\n<td width=\"283\">Isabella Leonarda (1620-1704)<\/td>\n<td width=\"280\">Ave Regina coelorum<\/td>\n<\/tr>\n<tr>\n<td rowspan=\"3\" width=\"283\">J.S.Bach (1685-1750)<\/td>\n<td width=\"280\">Suscepit Israel<\/td>\n<\/tr>\n<tr>\n<td width=\"280\">Sicut locutus est<\/td>\n<\/tr>\n<tr>\n<td width=\"280\">\u00a0Et misericordia<\/td>\n<\/tr>\n<tr>\n<td width=\"283\">Henry Purcell (1659-1695)<\/td>\n<td width=\"280\">Sound the trumpet<\/td>\n<\/tr>\n<tr>\n<td rowspan=\"2\" width=\"283\">G.B.Pergolesi (1710-1736)<\/td>\n<td width=\"280\">Stabat mater<\/td>\n<\/tr>\n<tr>\n<td width=\"280\">Fac ut ardeat cor meum<\/td>\n<\/tr>\n<tr>\n<td width=\"283\">Grigori Lvovski (1830-1894)<\/td>\n<td width=\"280\">Heruwimska pesen<\/td>\n<\/tr>\n<tr>\n<td width=\"283\">Segej Rachmaninov (1873-1943)<\/td>\n<td width=\"280\">Bogoroditse Devo<\/td>\n<\/tr>\n<tr>\n<td width=\"283\">Ivo Antognini (*1963)<\/td>\n<td width=\"280\">Ave Maris Stella<\/td>\n<\/tr>\n<tr>\n<td width=\"283\">Ivo Antognini<\/td>\n<td width=\"280\">Great Spirit<\/td>\n<\/tr>\n<tr>\n<td width=\"283\">Ivo Antognini<\/td>\n<td width=\"280\">Wah-bah-dah-bah-doo-bee<\/td>\n<\/tr>\n<tr>\n<td width=\"283\">Ivo Antognini<\/td>\n<td width=\"280\">This song<\/td>\n<\/tr>\n<tr>\n<td width=\"283\">Ivo Antognini<\/td>\n<td width=\"280\">O filii et filiae <em>\u00a0<\/em><\/td>\n<\/tr>\n<tr>\n<td width=\"283\">Ivo Antognini<\/td>\n<td width=\"280\">Kyrie<\/td>\n<\/tr>\n<tr>\n<td width=\"283\">Ivo Antognini<\/td>\n<td width=\"280\">Pardon j\u2019ai pas bien compris<\/td>\n<\/tr>\n<tr>\n<td width=\"283\">Ivo Antognini<\/td>\n<td width=\"280\">La mia stella<\/td>\n<\/tr>\n<tr>\n<td width=\"283\">Ola Gjeilo (*1978)<\/td>\n<td width=\"280\">Ubi caritas<\/td>\n<\/tr>\n<tr>\n<td width=\"283\">Eriks Esenvalds (*1977)<\/td>\n<td width=\"280\">Stars<\/td>\n<\/tr>\n<tr>\n<td width=\"283\">David Maclntyre (*1952)<\/td>\n<td width=\"280\">Ave Maria<\/td>\n<\/tr>\n<tr>\n<td width=\"283\">A. Kontauts<\/td>\n<td width=\"280\">Zvani<\/td>\n<\/tr>\n<tr>\n<td width=\"283\">Kinley Lange (*1950)<\/td>\n<td width=\"280\">Esto les digo<\/td>\n<\/tr>\n<tr>\n<td width=\"283\">Benjamin Britten (1913-1976)<\/td>\n<td width=\"280\">The useful plough<\/td>\n<\/tr>\n<tr>\n<td width=\"283\">Edgar Hovhannisyan<\/td>\n<td width=\"280\">Erebouni-Yerevan<\/td>\n<\/tr>\n<tr>\n<td width=\"283\">Vejo Tormis (*1930)<\/td>\n<td width=\"280\">Lauliku Lapsepoli<\/td>\n<\/tr>\n<tr>\n<td width=\"283\">Eugen Sucho\u0148 (1908-1993)<\/td>\n<td width=\"280\">Aka si mi krasna<\/td>\n<\/tr>\n<tr>\n<td width=\"283\">Moira Smiley<\/td>\n<td width=\"280\">Bring me little water Sylvie<\/td>\n<\/tr>\n<tr>\n<td width=\"283\">Watanabe Toshiyuki (*1955), Japan<\/td>\n<td width=\"280\">Ohisama<\/td>\n<\/tr>\n<tr>\n<td width=\"283\">Josef Hadar (1926-2006)<\/td>\n<td width=\"280\">Keshet levana<\/td>\n<\/tr>\n<tr>\n<td width=\"283\">Aram Satyan (*1947)<\/td>\n<td width=\"280\">Farewell to school<\/td>\n<\/tr>\n<tr>\n<td width=\"283\">Henry Mancini, arr. K.Shaw<\/td>\n<td width=\"280\">The Pink Panther- Pantera Mambo<\/td>\n<\/tr>\n<tr>\n<td width=\"283\">Bepi de Marzi (*1935)<\/td>\n<td width=\"280\">Signore delle cime<\/td>\n<\/tr>\n<tr>\n<td width=\"283\">Canto popolare Ticino, arr.M.Uherek<\/td>\n<td width=\"280\">La bella la va al fosso<\/td>\n<\/tr>\n<tr>\n<td width=\"283\">Popolare Ceca, arr. M.Uherek<\/td>\n<td width=\"280\">Cerne oci<\/td>\n<\/tr>\n<tr>\n<td width=\"283\">Popolare Ceca arr. M.Uherek<\/td>\n<td width=\"280\">Dobru noc<\/td>\n<\/tr>\n<tr>\n<td width=\"283\">Popolare Ukraina<\/td>\n<td width=\"280\">Oi u visnevomu<\/td>\n<\/tr>\n<tr>\n<td width=\"283\">Traditional Zulu, arr. L. Maierhofer<\/td>\n<td width=\"280\">Uyingcwele Baba<\/td>\n<\/tr>\n<tr>\n<td width=\"283\">Tradizionale Haiti, arr. C.-A. Ridor\u00e9<\/td>\n<td width=\"280\">F\u00e8y-o<\/td>\n<\/tr>\n<tr>\n<td width=\"283\">Tradizionale Benin<\/td>\n<td width=\"280\">Gbe bo wah<\/td>\n<\/tr>\n<tr>\n<td width=\"283\">Simon &amp; Garfunkel<\/td>\n<td width=\"280\">Homeward bound<\/td>\n<\/tr>\n<tr>\n<td width=\"283\">Lennon-McCartney<\/td>\n<td width=\"280\">The long and winding road<\/td>\n<\/tr>\n<tr>\n<td width=\"283\">John Lennon (1940-1980)<\/td>\n<td width=\"280\">Imagine<\/td>\n<\/tr>\n<tr>\n<td width=\"283\">Crosby, Stills, Nash, arr. M.Fontana<\/td>\n<td width=\"280\">Our house<\/td>\n<\/tr>\n<tr>\n<td width=\"283\">Crosby, Stills, Nash, arr. M.Fontana<\/td>\n<td width=\"280\">See the changes<\/td>\n<\/tr>\n<tr>\n<td width=\"283\">Crosby, Stills, Nash, arr. M.Fontana<\/td>\n<td width=\"280\">Helplessly hoping<\/td>\n<\/tr>\n<tr>\n<td width=\"283\">Graham Nash (*1942)<\/td>\n<td width=\"280\">Right between the eyes<\/td>\n<\/tr>\n<tr>\n<td width=\"283\">Spiritual<\/td>\n<td width=\"280\">Judgement day<\/td>\n<\/tr>\n<tr>\n<td width=\"283\">Jaroslav Svoboda \/ M.Fontana<\/td>\n<td width=\"280\">Okolo Bludova<\/td>\n<\/tr>\n<tr>\n<td width=\"283\">P.Pedra Azul \/ M.Fontana<\/td>\n<td width=\"280\">Giardin da fantasia<\/td>\n<\/tr>\n<tr>\n<td width=\"283\">Natalizia Moravia<\/td>\n<td width=\"280\">Syn Bozi<\/td>\n<\/tr>\n<tr>\n<td width=\"283\">Spiritual<\/td>\n<td width=\"280\">Oh happy day<\/td>\n<\/tr>\n<\/tbody>\n<\/table>\n<p>[\/et_pb_toggle][et_pb_toggle title=&#8220;Erstauff\u00fchrungen&#8220; admin_label=&#8220;Erstauff\u00fchrungen&#8220; _builder_version=&#8220;3.0.87&#8243; title_text_color=&#8220;#f96c39&#8243; title_font=&#8220;|||on|&#8220; border_style=&#8220;solid&#8220; _i=&#8220;2&#8243; _address=&#8220;1.0.2&#8243;]Zu den Zielsetzungen der Chores Calicantus geh\u00f6rt die F\u00f6rderung unver\u00f6ffentlichter Kompositionen f\u00fcr Jugendch\u00f6re.<\/p>\n<p>Die Welterstauff\u00fchrungen werden hier aufgelistet, besonders hervorzuheben sind die magischen Kompositionen der Meister Ivo Antognini, Milan Uherek, Petr Eben, Miroslav Raichl und viele andere.<\/p>\n<table>\n<tbody>\n<tr>\n<td width=\"62\">2015<\/td>\n<td width=\"311\">Ivo Antognini<\/td>\n<td width=\"187\">O filii et filiae<\/td>\n<\/tr>\n<tr>\n<td width=\"62\">2015<\/td>\n<td width=\"311\">P. Eben \/ arr. M. Fontana<\/td>\n<td width=\"187\">Ninna nanna per la mamma<\/td>\n<\/tr>\n<tr>\n<td width=\"62\">2015<\/td>\n<td width=\"311\">Andr\u00e9 Ducret, arr. voix \u00e9gales<\/td>\n<td width=\"187\">Chanson des regrets<\/td>\n<\/tr>\n<tr>\n<td width=\"62\">2015<\/td>\n<td width=\"311\">Crosby, Stills, Nash, arr. M.Fontana<\/td>\n<td width=\"187\">Helplessly hoping<\/td>\n<\/tr>\n<tr>\n<td width=\"62\">2015<\/td>\n<td width=\"311\">Ivo Antognini<\/td>\n<td width=\"187\">Ecce quam bonum<\/td>\n<\/tr>\n<tr>\n<td width=\"62\"><\/td>\n<td width=\"311\"><\/td>\n<td width=\"187\"><\/td>\n<\/tr>\n<tr>\n<td width=\"62\">2014<\/td>\n<td width=\"311\">Valentin Villard (*1985)<\/td>\n<td width=\"187\">Voix de l\u2019enfance<\/td>\n<\/tr>\n<tr>\n<td width=\"62\"><\/td>\n<td width=\"311\"><\/td>\n<td width=\"187\"><\/td>\n<\/tr>\n<tr>\n<td width=\"62\">2013<\/td>\n<td width=\"311\">Ivo Antognini (*1963)<\/td>\n<td width=\"187\">Agnus Dei<\/td>\n<\/tr>\n<tr>\n<td width=\"62\">2013<\/td>\n<td width=\"311\">Natalizia, Moravia, arr. M.Fontana<\/td>\n<td width=\"187\">Su andiam a curiosar<\/td>\n<\/tr>\n<tr>\n<td width=\"62\">2013<\/td>\n<td width=\"311\">Natalizia, Moravia, arr. M.Fontana<\/td>\n<td width=\"187\">Natal nel nostro cuor<\/td>\n<\/tr>\n<tr>\n<td width=\"62\">2013<\/td>\n<td width=\"311\">Fausto Leali, arr. M.Fontana<\/td>\n<td width=\"187\">La bandiera di sole<\/td>\n<\/tr>\n<tr>\n<td width=\"62\"><\/td>\n<td width=\"311\"><\/td>\n<td width=\"187\"><\/td>\n<\/tr>\n<tr>\n<td width=\"62\">2012<\/td>\n<td width=\"311\">Ivo Antognini<\/td>\n<td width=\"187\">La mia stella<\/td>\n<\/tr>\n<tr>\n<td width=\"62\">2012<\/td>\n<td width=\"311\">Benin, Africa<\/td>\n<td width=\"187\">Make tu me<\/td>\n<\/tr>\n<tr>\n<td width=\"62\">2012<\/td>\n<td width=\"311\">Canto popolare, Irlanda, arr. M.Uherek<\/td>\n<td width=\"187\">An Irish blessing<\/td>\n<\/tr>\n<tr>\n<td width=\"62\"><\/td>\n<td width=\"311\"><\/td>\n<td width=\"187\"><\/td>\n<\/tr>\n<tr>\n<td width=\"62\">2011<\/td>\n<td width=\"311\">Ivo Antognini<\/td>\n<td width=\"187\">O Magnum Mysterium<\/td>\n<\/tr>\n<tr>\n<td width=\"62\"><\/td>\n<td width=\"311\"><\/td>\n<td width=\"187\"><\/td>\n<\/tr>\n<tr>\n<td width=\"62\">2010<\/td>\n<td width=\"311\">Ivo Antognini<\/td>\n<td width=\"187\">Ave Maris stella<\/td>\n<\/tr>\n<tr>\n<td width=\"62\">2010<\/td>\n<td width=\"311\">Crosby, Stills &amp; Nash, arr. M.Fontana<\/td>\n<td width=\"187\">See the changes<\/td>\n<\/tr>\n<tr>\n<td width=\"62\"><\/td>\n<td width=\"311\"><\/td>\n<td width=\"187\"><\/td>\n<\/tr>\n<tr>\n<td width=\"62\">2009<\/td>\n<td width=\"311\">Crosby, Stills &amp; Nash, arr. M.Fontana<\/td>\n<td width=\"187\">Our house<\/td>\n<\/tr>\n<tr>\n<td width=\"62\">2009<\/td>\n<td width=\"311\">Crosby, Stills &amp; Nash, arr. M.Fontana<\/td>\n<td width=\"187\">Right between the eyes<\/td>\n<\/tr>\n<tr>\n<td width=\"62\">2009<\/td>\n<td width=\"311\">Mario Fontana<\/td>\n<td width=\"187\">Galassie<\/td>\n<\/tr>\n<tr>\n<td width=\"62\">2009<\/td>\n<td width=\"311\">Marie Henchoz \/ M.Fontana<\/td>\n<td width=\"187\">La musica \u00e8 magica<\/td>\n<\/tr>\n<tr>\n<td width=\"62\">2009<\/td>\n<td width=\"311\">Marie Henchoz \/ M.Fontana<\/td>\n<td width=\"187\">Le matite impazzite<\/td>\n<\/tr>\n<tr>\n<td width=\"62\">2009<\/td>\n<td width=\"311\">Canto popolare, Rep. Ceca, arr. M.Uherek<\/td>\n<td width=\"187\">Zeleni hajove<\/td>\n<\/tr>\n<tr>\n<td width=\"62\"><\/td>\n<td width=\"311\"><\/td>\n<td width=\"187\"><\/td>\n<\/tr>\n<tr>\n<td width=\"62\">2008<\/td>\n<td width=\"311\">Ivo Antognini<\/td>\n<td width=\"187\">Great Spirit<\/td>\n<\/tr>\n<tr>\n<td width=\"62\">2008<\/td>\n<td width=\"311\">Ivo Antognini<\/td>\n<td width=\"187\">Jazzy Jingle Bells<\/td>\n<\/tr>\n<tr>\n<td width=\"62\">2008<\/td>\n<td width=\"311\">Ivo Antognini<\/td>\n<td width=\"187\">Sogno<\/td>\n<\/tr>\n<tr>\n<td width=\"62\">2008<\/td>\n<td width=\"311\">Anonimo, Paraguay \/ M.Fontana<\/td>\n<td width=\"187\">Ore poriayu<\/td>\n<\/tr>\n<tr>\n<td width=\"62\">2008<\/td>\n<td width=\"311\">Canto popolare, Brasile \/ M. Fontana, arr. M.Uherek<\/td>\n<td width=\"187\">Una giostra<\/td>\n<\/tr>\n<tr>\n<td width=\"62\"><\/td>\n<td width=\"311\"><\/td>\n<td width=\"187\"><\/td>\n<\/tr>\n<tr>\n<td width=\"62\">2007<\/td>\n<td width=\"311\">Ivo Antognini<\/td>\n<td width=\"187\">Schwyzzerapsody<\/td>\n<\/tr>\n<tr>\n<td width=\"62\">2007<\/td>\n<td width=\"311\">Ivo Antognini<\/td>\n<td width=\"187\">Wah-bah-dah-bah-doo-bee<\/td>\n<\/tr>\n<tr>\n<td width=\"62\">2007<\/td>\n<td width=\"311\">Tullio Visioli (1957*)<\/td>\n<td width=\"187\">Stras\u00e8r<\/td>\n<\/tr>\n<tr>\n<td width=\"62\"><\/td>\n<td width=\"311\"><\/td>\n<td width=\"187\"><\/td>\n<\/tr>\n<tr>\n<td width=\"62\">2006<\/td>\n<td width=\"311\">Ivo Antognini<\/td>\n<td width=\"187\">Ici bas<\/td>\n<\/tr>\n<tr>\n<td width=\"62\">2006<\/td>\n<td width=\"311\">Mario Fontana<\/td>\n<td width=\"187\">Il compleanno<\/td>\n<\/tr>\n<tr>\n<td width=\"62\">2006<\/td>\n<td width=\"311\">Marie Henchoz \/ M.Fontana<\/td>\n<td width=\"187\">L\u2019orso che danza<\/td>\n<\/tr>\n<tr>\n<td width=\"62\">2006<\/td>\n<td width=\"311\">Mario Fontana<\/td>\n<td width=\"187\">Il gatto Bianchino<\/td>\n<\/tr>\n<tr>\n<td width=\"62\"><\/td>\n<td width=\"311\"><\/td>\n<td width=\"187\"><\/td>\n<\/tr>\n<tr>\n<td width=\"62\">2005<\/td>\n<td width=\"311\">Mario Fontana \/ G.Rodari<\/td>\n<td width=\"187\">La luna di Kiev<\/td>\n<\/tr>\n<tr>\n<td width=\"62\">2005<\/td>\n<td width=\"311\">Mario Fontana<\/td>\n<td width=\"187\">San Martino<\/td>\n<\/tr>\n<tr>\n<td width=\"62\">2005<\/td>\n<td width=\"311\">Mario Fontana<\/td>\n<td width=\"187\">La scimmia e il bruco<\/td>\n<\/tr>\n<tr>\n<td width=\"62\">2005<\/td>\n<td width=\"311\">Canto popolare, Ticino, arr. M.Uherek<\/td>\n<td width=\"187\">Vieni sulla barchetta<\/td>\n<\/tr>\n<tr>\n<td width=\"62\"><\/td>\n<td width=\"311\"><\/td>\n<td width=\"187\"><\/td>\n<\/tr>\n<tr>\n<td width=\"62\">2004<\/td>\n<td width=\"311\">Marie Henchoz \/ M.Fontana<\/td>\n<td width=\"187\">La gabbia degli uccelli<\/td>\n<\/tr>\n<tr>\n<td width=\"62\"><\/td>\n<td width=\"311\"><\/td>\n<td width=\"187\"><\/td>\n<\/tr>\n<tr>\n<td width=\"62\">2003<\/td>\n<td width=\"311\">Canto popolare, Rep. Ceca, arr.P.Eben \/ G.Galli<\/td>\n<td width=\"187\">Nel vasto campo<\/td>\n<\/tr>\n<tr>\n<td width=\"62\">2003<\/td>\n<td width=\"311\">Ronda Macken \/ M.Fontana<\/td>\n<td width=\"187\">Albero<\/td>\n<\/tr>\n<tr>\n<td width=\"62\"><\/td>\n<td width=\"311\"><\/td>\n<td width=\"187\"><\/td>\n<\/tr>\n<tr>\n<td width=\"62\">2002<\/td>\n<td width=\"311\">Miroslav Raichl \/ M.Fontana<\/td>\n<td width=\"187\">Giocattoli e mandarini<\/td>\n<\/tr>\n<tr>\n<td width=\"62\">2002<\/td>\n<td width=\"311\">Ilkka Kuusisto \/ M. Fontana<\/td>\n<td width=\"187\">Il paese della musica<\/td>\n<\/tr>\n<tr>\n<td width=\"62\">2002<\/td>\n<td width=\"311\">Arnold Lobel \u2013 D.Kallman \/ M.Fontana<\/td>\n<td width=\"187\">Luce piccolina<\/td>\n<\/tr>\n<tr>\n<td width=\"62\">2002<\/td>\n<td width=\"311\">Mario Fontana<\/td>\n<td width=\"187\">Scendi neve!<\/td>\n<\/tr>\n<tr>\n<td width=\"62\">2002<\/td>\n<td width=\"311\">GioAri \/ M.Fontana<\/td>\n<td width=\"187\">Danza della speranza<\/td>\n<\/tr>\n<tr>\n<td width=\"62\">2002<\/td>\n<td width=\"311\">Canto popolare, Inghilterra \/ M.Fontana<\/td>\n<td width=\"187\">La camera della mamma<\/td>\n<\/tr>\n<tr>\n<td width=\"62\"><\/td>\n<td width=\"311\"><\/td>\n<td width=\"187\"><\/td>\n<\/tr>\n<tr>\n<td width=\"62\">2001<\/td>\n<td width=\"311\">Petr Eben\u00a0 da: duetti N\u00b0 9<\/td>\n<td width=\"187\">L\u2019aquilone<\/td>\n<\/tr>\n<tr>\n<td width=\"62\">2001<\/td>\n<td width=\"311\">Mario Fontana<\/td>\n<td width=\"187\">Aurora in citt\u00e0<\/td>\n<\/tr>\n<tr>\n<td width=\"62\"><\/td>\n<td width=\"311\"><\/td>\n<td width=\"187\"><\/td>\n<\/tr>\n<tr>\n<td width=\"62\">2000<\/td>\n<td width=\"311\">Lubos Sulka \/ G.Galli<\/td>\n<td width=\"187\">Paesaggio del canto<\/td>\n<\/tr>\n<tr>\n<td width=\"62\">2000<\/td>\n<td width=\"311\">Petr Eben\u00a0 da: ciclo \u201dZelena se snitka\u201d<\/td>\n<td width=\"187\">Gira il sole<\/td>\n<\/tr>\n<tr>\n<td width=\"62\">2000<\/td>\n<td width=\"311\">Petr Eben\u00a0 da: ciclo \u201dZelena se snitka\u201d<\/td>\n<td width=\"187\">La canzone del passerotto<\/td>\n<\/tr>\n<tr>\n<td width=\"62\">2000<\/td>\n<td width=\"311\">Petr Eben\u00a0 da: ciclo \u201dZelena se snitka\u201d<\/td>\n<td width=\"187\">Neve<\/td>\n<\/tr>\n<tr>\n<td width=\"62\">2000<\/td>\n<td width=\"311\">Petr Eben\u00a0 da: Messa dei Trovieri, adatt. M.Fontana<\/td>\n<td width=\"187\">Entrata \u2013 Ecco il giorno<\/td>\n<\/tr>\n<tr>\n<td width=\"62\">2000<\/td>\n<td width=\"311\">Petr Eben\u00a0 da: Messa dei Trovieri, adatt. M.Fontana<\/td>\n<td width=\"187\">Canto<\/td>\n<\/tr>\n<tr>\n<td width=\"62\">2000<\/td>\n<td width=\"311\">Veroslav Neumann \/ M.Fontana<\/td>\n<td width=\"187\">Sotto il melo<\/td>\n<\/tr>\n<tr>\n<td width=\"62\">2000<\/td>\n<td width=\"311\">Canto popolare, Ticino, arr. M.Uherek<\/td>\n<td width=\"187\">La bella la va al fosso<\/td>\n<\/tr>\n<tr>\n<td width=\"62\">2000<\/td>\n<td width=\"311\">Canto popolare, Ticino, arr. A.Inselmini<\/td>\n<td width=\"187\">Vado intrecciando<\/td>\n<\/tr>\n<tr>\n<td width=\"62\"><\/td>\n<td width=\"311\"><\/td>\n<td width=\"187\"><\/td>\n<\/tr>\n<tr>\n<td width=\"62\">1999<\/td>\n<td width=\"311\">Canto popolare, Olanda, arr. R.Wiener<\/td>\n<td width=\"187\">De Bur<\/td>\n<\/tr>\n<tr>\n<td width=\"62\">1999<\/td>\n<td width=\"311\">Petr Eben\u00a0 da : ciclo \u201cV trave\u201d &#8211; Sull\u2019erba<\/td>\n<td width=\"187\">Su venite presto qua<\/td>\n<\/tr>\n<tr>\n<td width=\"62\">1999<\/td>\n<td width=\"311\">Petr Eben\u00a0 da : ciclo \u201cV trave\u201d &#8211; Sull\u2019erba<\/td>\n<td width=\"187\">Ruscello<\/td>\n<\/tr>\n<tr>\n<td width=\"62\">1999<\/td>\n<td width=\"311\">Petr Eben\u00a0 da : ciclo \u201cV trave\u201d &#8211; Sull\u2019erba<\/td>\n<td width=\"187\">Cos\u2019\u00e8 la neve<\/td>\n<\/tr>\n<tr>\n<td width=\"62\">1999<\/td>\n<td width=\"311\">Petr Eben\u00a0 da : ciclo \u201cV trave\u201d &#8211; Sull\u2019erba<\/td>\n<td width=\"187\">Rotolare e rincorrersi<\/td>\n<\/tr>\n<tr>\n<td width=\"62\">1999<\/td>\n<td width=\"311\">Petr Eben\u00a0 da : ciclo \u201cV trave\u201d &#8211; Sull\u2019erba<\/td>\n<td width=\"187\">Sullo stagno<\/td>\n<\/tr>\n<tr>\n<td width=\"62\">1999<\/td>\n<td width=\"311\">Denise Fedeli \/ M.Fontana<\/td>\n<td width=\"187\">Preghiera<\/td>\n<\/tr>\n<tr>\n<td width=\"62\"><\/td>\n<td width=\"311\"><\/td>\n<td width=\"187\"><\/td>\n<\/tr>\n<tr>\n<td width=\"62\">1998<\/td>\n<td width=\"311\">Milan Uherek \/ M.Fontana<\/td>\n<td width=\"187\">Il biplano<\/td>\n<\/tr>\n<tr>\n<td width=\"62\">1998<\/td>\n<td width=\"311\">Miroslav Raichl \/ M.Fontana<\/td>\n<td width=\"187\">Vola libera<\/td>\n<\/tr>\n<tr>\n<td width=\"62\">1998<\/td>\n<td width=\"311\">Mario Fontana<\/td>\n<td width=\"187\">Festa della luce<\/td>\n<\/tr>\n<tr>\n<td width=\"62\">1998<\/td>\n<td width=\"311\">Tour\u00e9 Kunda, arr.M.Fontana<\/td>\n<td width=\"187\">Fatou yo<\/td>\n<\/tr>\n<tr>\n<td width=\"62\">1998<\/td>\n<td width=\"311\">Canto popolare, Ticino, arr. L.Vanoni<\/td>\n<td width=\"187\">L\u2019inverno se n\u2019\u00e8 andato<\/td>\n<\/tr>\n<tr>\n<td width=\"62\">1998<\/td>\n<td width=\"311\">Canto popolare, Rep. Ceca, arr. A.Moyzes \/ M.Fontana<\/td>\n<td width=\"187\">Voglio sognare ancora un po\u2019<\/td>\n<\/tr>\n<tr>\n<td width=\"62\"><\/td>\n<td width=\"311\"><\/td>\n<td width=\"187\"><\/td>\n<\/tr>\n<tr>\n<td width=\"62\">1997<\/td>\n<td width=\"311\">Petr Eben (*1929) \/ M.Fontana<\/td>\n<td width=\"187\">Vola colomba<\/td>\n<\/tr>\n<tr>\n<td width=\"62\">1997<\/td>\n<td width=\"311\">J.Malasek \/ M.Fontana<\/td>\n<td width=\"187\">Io canto<\/td>\n<\/tr>\n<tr>\n<td width=\"62\">1997<\/td>\n<td width=\"311\">Enrico Penna \/ G.Galli<\/td>\n<td width=\"187\">La nave<\/td>\n<\/tr>\n<tr>\n<td width=\"62\">1997<\/td>\n<td width=\"311\">Mattia Pinchetti \/ M.Fontana<\/td>\n<td width=\"187\">Crepuscolo<\/td>\n<\/tr>\n<tr>\n<td width=\"62\"><\/td>\n<td width=\"311\"><\/td>\n<td width=\"187\"><\/td>\n<\/tr>\n<tr>\n<td width=\"62\">1996<\/td>\n<td width=\"311\">Milan Uherek \/ M.Fontana<\/td>\n<td width=\"187\">Sole mio caro<\/td>\n<\/tr>\n<tr>\n<td width=\"62\">1996<\/td>\n<td width=\"311\">Milan Uherek (1925-2012) \/ M.Fontana<\/td>\n<td width=\"187\">Calicanto in fiore<\/td>\n<\/tr>\n<tr>\n<td width=\"62\">1996<\/td>\n<td width=\"311\">Petr Eben \/ M.Fontana<\/td>\n<td width=\"187\">Primavera \u00e8 gi\u00e0<\/td>\n<\/tr>\n<tr>\n<td width=\"62\">1996<\/td>\n<td width=\"311\">Miroslav Raichl (1930-98) \/ M.Fontana<\/td>\n<td width=\"187\">Bianca bella neve<\/td>\n<\/tr>\n<tr>\n<td width=\"62\">1996<\/td>\n<td width=\"311\">Miroslav Raichl \/ M.Fontana<\/td>\n<td width=\"187\">Anima<\/td>\n<\/tr>\n<tr>\n<td width=\"62\">1996<\/td>\n<td width=\"311\">Veroslav Neumann \/ M.Fontana<\/td>\n<td width=\"187\">Bambini colorati<\/td>\n<\/tr>\n<tr>\n<td width=\"62\">1996<\/td>\n<td width=\"311\">Mario Fontana<\/td>\n<td width=\"187\">Il prato mille colori<\/td>\n<\/tr>\n<tr>\n<td width=\"62\">1996<\/td>\n<td width=\"311\">Canto popolare russo \/ M.Fontana<\/td>\n<td width=\"187\">Dolce riposar<\/td>\n<\/tr>\n<tr>\n<td width=\"62\"><\/td>\n<td width=\"311\"><\/td>\n<td width=\"187\"><\/td>\n<\/tr>\n<tr>\n<td width=\"62\">1995<\/td>\n<td width=\"311\">Milan Uherek \/ M.Fontana<\/td>\n<td width=\"187\">Hello, bonjour<\/td>\n<\/tr>\n<tr>\n<td width=\"62\">1995<\/td>\n<td width=\"311\">Jitka Snizkova \/ M.Fontana<\/td>\n<td width=\"187\">Risveglio<\/td>\n<\/tr>\n<tr>\n<td width=\"62\">1995<\/td>\n<td width=\"311\">B\u00e9la Bartok \/ M.Fontana<\/td>\n<td width=\"187\">Slovak song<\/td>\n<\/tr>\n<tr>\n<td width=\"62\">1995<\/td>\n<td width=\"311\">Burton Lane \/ M.Fontana<\/td>\n<td width=\"187\">Guarda l\u2019arcobaleno<\/td>\n<\/tr>\n<tr>\n<td width=\"62\">1995<\/td>\n<td width=\"311\">H\u00e4ns Peters Jr. \/ M.Fontana<\/td>\n<td width=\"187\">See you goodbye<\/td>\n<\/tr>\n<tr>\n<td width=\"62\">1995<\/td>\n<td width=\"311\">Canto popolare, Rep. Ceca \/ M.Fontana<\/td>\n<td width=\"187\">Le ghiandaie e il tesoro<\/td>\n<\/tr>\n<tr>\n<td width=\"62\">1995<\/td>\n<td width=\"311\">Reiner Lischka \/ M.Fontana<\/td>\n<td width=\"187\">Il negozio dell\u2019orologiaio<\/td>\n<\/tr>\n<tr>\n<td width=\"62\"><\/td>\n<td width=\"311\"><\/td>\n<td width=\"187\"><\/td>\n<\/tr>\n<tr>\n<td width=\"62\">1994<\/td>\n<td width=\"311\">Jitka Snizkova \/ M.Fontana<\/td>\n<td width=\"187\">Sulla nave<\/td>\n<\/tr>\n<tr>\n<td width=\"62\">1994<\/td>\n<td width=\"311\">Mario Fontana<\/td>\n<td width=\"187\">Sar\u00e0 sar\u00e0<\/td>\n<\/tr>\n<tr>\n<td width=\"62\">1994<\/td>\n<td width=\"311\">Mario Fontana<\/td>\n<td width=\"187\">Una montagna grande<\/td>\n<\/tr>\n<tr>\n<td width=\"62\">1994<\/td>\n<td width=\"311\">Mario Fontana<\/td>\n<td width=\"187\">Passeggiare nella neve<\/td>\n<\/tr>\n<tr>\n<td width=\"62\">1994<\/td>\n<td width=\"311\">Canto popolare, Brasile, arr. M.Fontana<\/td>\n<td width=\"187\">Giardin da fantasia<\/td>\n<\/tr>\n<tr>\n<td width=\"62\">1994<\/td>\n<td width=\"311\">Canto popolare, Russia<\/td>\n<td width=\"187\">Lungo il fiume<\/td>\n<\/tr>\n<tr>\n<td width=\"62\">1994<\/td>\n<td width=\"311\">Canto popolare, Rep. Ceca \/ M.Fontana<\/td>\n<td width=\"187\">Gira il timone<\/td>\n<\/tr>\n<tr>\n<td width=\"62\"><\/td>\n<td width=\"311\"><\/td>\n<td width=\"187\"><\/td>\n<\/tr>\n<tr>\n<td width=\"62\">1993<\/td>\n<td width=\"311\">Mario Fontana<\/td>\n<td width=\"187\">Resta con me<\/td>\n<\/tr>\n<tr>\n<td width=\"62\">1993<\/td>\n<td width=\"311\">Mario Fontana<\/td>\n<td width=\"187\">Finestra<\/td>\n<\/tr>\n<tr>\n<td width=\"62\">1993<\/td>\n<td width=\"311\">Mario Fontana<\/td>\n<td width=\"187\">Mama<\/td>\n<\/tr>\n<tr>\n<td width=\"62\">1993<\/td>\n<td width=\"311\">Mario Fontana<\/td>\n<td width=\"187\">La mia grande gioia<\/td>\n<\/tr>\n<tr>\n<td width=\"62\">1993<\/td>\n<td width=\"311\">Mario Fontana<\/td>\n<td width=\"187\">Il pupazzo di neve<\/td>\n<\/tr>\n<tr>\n<td width=\"62\">1993<\/td>\n<td width=\"311\">Ninna nanna, Ukraina, arr. M.Fontana<\/td>\n<td width=\"187\">Bajuscki baju<\/td>\n<\/tr>\n<tr>\n<td width=\"62\">1993<\/td>\n<td width=\"311\">Canto popolare, Ukraina \/ M.Fontana<\/td>\n<td width=\"187\">Presso il fiume<\/td>\n<\/tr>\n<tr>\n<td width=\"62\">1993<\/td>\n<td width=\"311\">Canto popolare, Russia, adatt. M.Fontana<\/td>\n<td width=\"187\">La slitta<\/td>\n<\/tr>\n<tr>\n<td width=\"62\">1993<\/td>\n<td width=\"311\">Canto popolare, Rep. Ceca \/ M.Fontana<\/td>\n<td width=\"187\">O mia luna<\/td>\n<\/tr>\n<\/tbody>\n<\/table>\n<p>[\/et_pb_toggle][et_pb_toggle title=&#8220;Besondere Veranstaltungen&#8220; admin_label=&#8220;Eventi speciali del coro principale&#8220; _builder_version=&#8220;3.0.87&#8243; title_text_color=&#8220;#f96c39&#8243; title_font=&#8220;|||on|&#8220; border_style=&#8220;solid&#8220; _i=&#8220;3&#8243; _address=&#8220;1.0.3&#8243;]<\/p>\n<table border=\"0\" width=\"912\" cellspacing=\"0\" cellpadding=\"10\">\n<colgroup>\n<col width=\"193\" \/>\n<col width=\"678\" \/> <\/colgroup>\n<tbody>\n<tr valign=\"TOP\">\n<td width=\"193\"><span style=\"font-size: small;\">2 settembre 2017<\/span><\/td>\n<td width=\"678\"><span style=\"font-size: small;\"><b>Concerto nel bosco<\/b><\/span><span style=\"font-size: small;\"> nell\u2019ambito della \u201cCamminata musicale ad Arcegno\u201d in collaborazione con il comune di Arcegno-Losone e con il progetto Parco Nazionale del locarnese<\/span><\/td>\n<\/tr>\n<tr valign=\"TOP\">\n<td width=\"193\"><span style=\"font-size: small;\">25-28 maggio 2017<\/span><\/td>\n<td width=\"678\"><span style=\"font-size: small;\">Partecipazione al <\/span><span style=\"font-size: small;\"><b>Festival svizzero SKJF<\/b><\/span><span style=\"font-size: small;\"> a Lugano con vari concerti e workshop<\/span><\/p>\n<p><span style=\"font-size: small;\">25.05. Partecipazione SingplausCH<\/span><\/p>\n<p><span style=\"font-size: small;\">Concerto Centro Esposizioni<\/span><\/p>\n<p><span style=\"font-size: small;\">26.05. Concerto Chiesa di Santa lucia<\/span><\/p>\n<p><span style=\"font-size: small;\">27.05. Concerto Centro Esposizioni<\/span><\/p>\n<p><span style=\"font-size: small;\">Concerto Piazza Riforma<\/span><\/p>\n<p><span style=\"font-size: small;\">Concerto Chiesa di San Nicolao<\/span><\/td>\n<\/tr>\n<tr valign=\"TOP\">\n<td width=\"193\"><span style=\"font-size: small;\">26 aprile 2017<\/span><\/td>\n<td width=\"678\"><span style=\"font-size: small;\">Presentazione del <\/span><span style=\"font-size: small;\"><b>nuovo cofanetto DVD &amp; CD<\/b><\/span> <span style=\"font-size: small;\"><b>Sar\u00e0, sar\u00e0<\/b><\/span><\/p>\n<p><span style=\"font-size: small;\">Sala del Consiglio Comunale Locarno<\/span><\/td>\n<\/tr>\n<tr valign=\"TOP\">\n<td width=\"193\"><span style=\"font-size: small;\">10 marzo 2017<\/span><\/td>\n<td width=\"678\"><span style=\"font-size: small;\">Concerto nell\u2019ambito della mostra fotografica itinerante a favore della Lega contro il cancro &#8211; Sala Sopracenerina Locarno<\/span><\/td>\n<\/tr>\n<tr valign=\"TOP\">\n<td width=\"193\"><span style=\"font-size: small;\">27-28-29 gennaio 2017<\/span><\/td>\n<td width=\"678\"><span style=\"font-size: small;\">Registrazioni per nuovo CD <\/span><\/p>\n<p><span style=\"font-size: small;\">Chiesa Collegio Papio Ascona<\/span><\/td>\n<\/tr>\n<tr valign=\"TOP\">\n<td width=\"193\"><span style=\"font-size: small;\">13-14 maggio 2016<\/span><\/td>\n<td width=\"678\"><span style=\"font-size: small;\">Trasferta a Friborgo in occasione di <\/span><span style=\"font-size: small;\"><b>\u201cLes 40e Unissants\u201d del coro St. Michel<\/b><\/span><\/p>\n<p><span style=\"font-size: small;\">13.05. Concerto Eglise St. Michel<\/span><\/p>\n<p><span style=\"font-size: small;\">13.05. Diretta radiofonica Kiosques \u00e0 musique<\/span><\/td>\n<\/tr>\n<tr valign=\"TOP\">\n<td width=\"193\"><span style=\"font-size: small;\">24-28 settembre 2015<\/span><\/td>\n<td width=\"678\"><span style=\"font-size: small;\"><b>Concorso corale internazionale Rimini<\/b><\/span><\/p>\n<p><span style=\"font-size: small;\">25.09. Concorso a voci pari Teatro novelli<\/span><\/p>\n<p><span style=\"font-size: small;\">Concorso popolare Teatro Novelli<\/span><\/p>\n<p><span style=\"font-size: small;\">26.09. Concorso voci bianche Teatro Novelli<\/span><\/p>\n<p><span style=\"font-size: small;\">Concerto non competitivo Chiesa Mater Admirabilis Riccione<\/span><\/p>\n<p><span style=\"font-size: small;\">27.09. Grand Prix &#8211; cerimonia di premiazione al teatro Novelli<\/span><\/td>\n<\/tr>\n<tr valign=\"TOP\">\n<td width=\"193\"><span style=\"font-size: small;\">19 settembre 2015<\/span><\/td>\n<td width=\"678\"><span style=\"font-size: small;\"><b>Registrazione Rete 2 \u201cGiovent\u00f9 e musica popolare\u201d<\/b><\/span><span style=\"font-size: small;\"> con le quattro reti svizzere SRG SSR unificate con la partecipazione di altri tre gruppi svizzeri<\/span><\/p>\n<p><span style=\"font-size: small;\">Chiesa Collegio Papio Ascona<\/span><\/td>\n<\/tr>\n<tr valign=\"TOP\">\n<td width=\"193\"><span style=\"font-size: small;\">3 maggio 2015<\/span><\/td>\n<td width=\"678\"><span style=\"font-size: small;\"><b>Concerto Kulturkasino a Berna e ritiro premio 2015 della Fondazione Lamprecht<\/b><\/span><\/td>\n<\/tr>\n<tr valign=\"TOP\">\n<td width=\"193\"><span style=\"font-size: small;\">13-14 dicembre 2014<\/span><\/td>\n<td width=\"678\"><span style=\"font-size: small;\">Partecipazione del coro allo <\/span><span style=\"font-size: small;\"><b>spettacolo \u201cMagazzino 18\u201d<\/b><\/span><span style=\"font-size: small;\"> con Simone Cristicchi<\/span><\/p>\n<p><span style=\"font-size: small;\">Teatro di Locarno<\/span><\/td>\n<\/tr>\n<tr valign=\"TOP\">\n<td width=\"193\"><span style=\"font-size: small;\">3 dicembre 2014<\/span><\/td>\n<td width=\"678\"><span style=\"font-size: small;\">Presentazione nuovo disco \u201cO Filii et Filiae\u201d<\/span><\/p>\n<p><span style=\"font-size: small;\">Sala Sopracenerina Locarno<\/span><\/td>\n<\/tr>\n<tr valign=\"TOP\">\n<td width=\"193\"><span style=\"font-size: small;\">14-15-16 novembre 2014<\/span><\/td>\n<td width=\"678\"><span style=\"font-size: small;\"><b>Concerti con l\u2019 Orchestra Fiati Svizzera Italiana OFSI &#8211; <\/b><\/span><span style=\"font-size: small;\">\u201cSinfonia N3 T. Trachsel\u201d<\/span><\/p>\n<p><span style=\"font-size: small;\">15.11. Concerto Mercato coperto Mendrisio<\/span><\/p>\n<p><span style=\"font-size: small;\">16.11. Concerto Chiesa San Francesco Locarno<\/span><\/td>\n<\/tr>\n<tr valign=\"TOP\">\n<td width=\"193\"><span style=\"font-size: small;\">25 maggio 2014<\/span><\/td>\n<td width=\"678\"><span style=\"font-size: small;\">Registrazione Chiesa Collegio Papio Ascona<\/span><\/td>\n<\/tr>\n<tr valign=\"TOP\">\n<td width=\"193\"><span style=\"font-size: small;\">9-11 maggio 2014<\/span><\/td>\n<td width=\"678\"><span style=\"font-size: small;\"><b>Progetto OSI &#8211; auditorio RSI Lugano<\/b><\/span><\/p>\n<p><span style=\"font-size: small;\">11.05. Due concerti all\u2019auditorio<\/span><\/p>\n<p><span style=\"font-size: small;\">Opere di Pergolesi, Antognini e altri <\/span><\/td>\n<\/tr>\n<tr valign=\"TOP\">\n<td width=\"193\"><span style=\"font-size: small;\">10 dicembre 2013<\/span><\/td>\n<td width=\"678\"><span style=\"font-size: small;\"><b>Presentazione libro Coro Calicantus \u201cVent\u2019anni di magia\u201d<\/b><\/span><\/p>\n<p><span style=\"font-size: small;\">Biblioteca Cantonale Locarno<\/span><\/td>\n<\/tr>\n<tr valign=\"TOP\">\n<td width=\"193\"><span style=\"font-size: small;\">9-12 maggio 2013<\/span><\/td>\n<td width=\"678\"><span style=\"font-size: small;\"><b>Concorso svizzero Friborgo<\/b><\/span> <span style=\"font-size: small;\"><b>e workshop<\/b><\/span><\/p>\n<p><span style=\"font-size: small;\">10.05. Eglise Saint Michel Friborgo<\/span><\/p>\n<p><span style=\"font-size: small;\">11.05. Workshop del Mo. Mario Fontana<\/span><\/td>\n<\/tr>\n<tr valign=\"TOP\">\n<td width=\"193\"><span style=\"font-size: small;\">26-27 aprile 2013<\/span><\/td>\n<td width=\"678\"><span style=\"font-size: small;\"><b>Festeggiamenti per il ventesimo di attivit\u00e0<\/b><\/span><\/p>\n<p><span style=\"font-size: small;\">26.04. Concerto Chiesa Collegio Papio Ascona<\/span><\/p>\n<p><span style=\"font-size: small;\">27.04. Concerto di gala Chiesa san Francesco Locarno<\/span><\/p>\n<p><span style=\"font-size: small;\">28.04. Spettacolo-sorpresa \u201cCenerentolo\u201d per tutti gli allievi Calicantus<\/span><\/td>\n<\/tr>\n<tr valign=\"TOP\">\n<td width=\"193\"><span style=\"font-size: small;\">6 ottobre 2012<\/span><\/td>\n<td width=\"678\"><span style=\"font-size: small;\">Concerto nell\u2019ambito della manifestazione \u201cGenerazioni nel cuore della pace\u201d<\/span><\/p>\n<p><span style=\"font-size: small;\">Palazzo Congressi Lugano + alle Porte aperte ex scuole comunali &#8211; Casa Rossi <\/span><\/td>\n<\/tr>\n<tr valign=\"TOP\">\n<td width=\"193\"><span style=\"font-size: small;\">18 maggio 2012<\/span><\/td>\n<td width=\"678\"><span style=\"font-size: small;\">Concerto nell\u2019ambito dell\u2019 <\/span><span style=\"font-size: small;\"><b>8\u00b0 Festival Europeo EJCF<\/b><\/span><span style=\"font-size: small;\">, Peterskirche Basel,<\/span><\/p>\n<p><span style=\"font-size: small;\">Coro selezionato per la realizzazione del progetto <\/span><span style=\"font-size: small;\"><b>\u201cSwiss composers meet Europe\u201d<\/b><\/span><span style=\"font-size: small;\">,<\/span><b> <\/b><span style=\"font-size: small;\">registrazione di DRS2 e Rete2 <\/span><\/td>\n<\/tr>\n<tr valign=\"TOP\">\n<td width=\"193\"><span style=\"font-size: small;\">20-21 dicembre 2011<\/span><\/td>\n<td width=\"678\"><span style=\"font-size: small;\"><b>Concerti con l\u2019Orchestra della Svizzera Italiana OSI e il coro RSI<\/b><\/span><span style=\"font-size: small;\">, direzione Diego Fasolis \u2013 Opere di C. Saint Saens e J. Rutter<\/span><\/p>\n<p><span style=\"font-size: small;\">20.12. Palazzo dei Congressi Lugano <\/span><\/p>\n<p><span style=\"font-size: small;\">21.12. Palazzetto FEVI Locarno<\/span><\/td>\n<\/tr>\n<tr valign=\"TOP\">\n<td width=\"193\"><span style=\"font-size: small;\">2 giugno 2011<\/span><\/td>\n<td width=\"678\"><span style=\"font-size: small;\">Partecipazione al 3\u00b0 Festival Svizzero di Cori Giovanili e di Bambini a Losanna, <\/span><span style=\"font-size: small;\"><b>SKJF 11<\/b><\/span><\/p>\n<p><span style=\"font-size: small;\">Concerto in diretta radiofonica dal Th\u00e9\u00e2tre de Beaulieu<\/span><\/td>\n<\/tr>\n<tr valign=\"TOP\">\n<td width=\"193\"><span style=\"font-size: small;\">5-7 giugno 2009<\/span><\/td>\n<td width=\"678\"><span style=\"font-size: small;\">Partecipazione al 2\u00b0 Festival Svizzero di Cori Giovanili e di Bambini a<\/span><\/p>\n<p><span style=\"font-size: small;\">Sciaffusa, <\/span><span style=\"font-size: small;\"><b>SKJF<\/b><\/span> <span style=\"font-size: small;\"><b>09<\/b><\/span><\/p>\n<p><span style=\"font-size: small;\">Prima esecuzione del brano vincitore al concorso di composizione<\/span><\/p>\n<p>\u201c<span style=\"font-size: small;\">Sogno\u201d di Ivo Antognini <\/span><\/td>\n<\/tr>\n<tr valign=\"TOP\">\n<td width=\"193\"><span style=\"font-size: small;\">18 aprile 2009<\/span><\/td>\n<td width=\"678\"><span style=\"font-size: small;\">Seminario sull\u2019educazione corale dei bambini e giovani,<\/span><\/p>\n<p><span style=\"font-size: small;\"><span lang=\"fr-FR\">Mo. Mario Fontana, Salle du Sacr\u00e9-C\u0153ur, Sion<\/span><\/span><\/p>\n<p lang=\"fr-FR\"><span style=\"font-size: small;\">Nell\u2019ambito del Tour de suisse 2009<\/span><\/p>\n<\/td>\n<\/tr>\n<tr valign=\"TOP\">\n<td width=\"193\"><span style=\"font-size: small;\">13 febbraio 2009<\/span><\/td>\n<td width=\"678\"><span style=\"font-size: small;\">Coro selezionato per l\u2019incontro dei delegati dell\u2019<\/span><span style=\"font-size: small;\"><b>Unione Federazioni Corali Europee (<\/b><\/span><span style=\"font-size: small;\"><b>AGEC)<\/b><\/span><span style=\"font-size: small;\">, <\/span><span style=\"font-size: small;\">Chiesa Collegio Papio Ascona<\/span><\/td>\n<\/tr>\n<tr valign=\"TOP\">\n<td width=\"193\"><span style=\"font-size: small;\">19-24 luglio 2008<\/span><\/td>\n<td width=\"678\"><span style=\"font-size: small;\"><span lang=\"en-US\">Coro invitato all\u20198\u00b0<\/span><\/span><b> <\/b><span style=\"font-size: small;\"><span lang=\"en-GB\"><b>World Symposium on Choral Music, WSCM 08<\/b><\/span><\/span> <span style=\"font-size: small;\"><span lang=\"en-US\"><b>Copenhagen \u2013 Danimarca <\/b><\/span><\/span><\/p>\n<p><span style=\"font-size: small;\">20.07. Concerto Ny Carlsberg Glyptotek <\/span><\/p>\n<p><span style=\"font-size: small;\">21.07. Concerto Helligandskirken <\/span><\/p>\n<p><span style=\"font-size: small;\">22.07. Concerto<\/span><b> <\/b><span style=\"font-size: small;\">Opera House, Prima esecuzione di \u201cGreat Spirit\u201d di Ivo Antognini <\/span><\/td>\n<\/tr>\n<tr valign=\"TOP\">\n<td width=\"193\"><span style=\"font-size: small;\">8 giugno 2008<\/span><\/td>\n<td width=\"678\"><span style=\"font-size: small;\">Partecipazione alla <\/span><span style=\"font-size: small;\"><b>Festa svizzera di canto, FSC 08<\/b><\/span><span style=\"font-size: small;\"> a Weinfelden<\/span><\/p>\n<p><span style=\"font-size: small;\">Concerto nell\u2019ambito della <\/span><span style=\"font-size: small;\"><b>selezione svizzera di Europa Cantat<\/b><\/span><\/p>\n<p><span style=\"font-size: small;\">Chiesa Evangelica Weinfelden<\/span><\/td>\n<\/tr>\n<tr valign=\"TOP\">\n<td width=\"193\"><span style=\"font-size: small;\">13 maggio 2008<\/span><\/td>\n<td width=\"678\"><span style=\"font-size: small;\">Partecipazione alla cerimonia per il giubileo del centenario del Consiglio Comunale di Locarno, <\/span><span style=\"font-size: small;\">Sala Sopracenerina &#8211; Locarno <\/span><\/td>\n<\/tr>\n<tr valign=\"TOP\">\n<td width=\"193\"><span style=\"font-size: small;\">20 aprile 2008<\/span><\/td>\n<td width=\"678\"><span style=\"font-size: small;\">Workshop del Mo. Mario Fontana, Sala polivalente di Prazqueron<\/span><\/td>\n<\/tr>\n<tr valign=\"TOP\">\n<td width=\"193\"><span style=\"font-size: small;\">10 novembre 2007<\/span><\/td>\n<td width=\"678\"><span style=\"font-size: small;\">Coro invitato per il giubileo <\/span><span style=\"font-size: small;\"><b>30 anni Unione svizzera dei cori<\/b><\/span><span style=\"font-size: small;\">, Aarau <\/span><\/td>\n<\/tr>\n<tr valign=\"TOP\">\n<td width=\"193\"><span style=\"font-size: small;\">8-10 giugno 2007<\/span><\/td>\n<td width=\"678\"><span style=\"font-size: small;\">Partecipazione al Festival Svizzero di Cori Giovanili e Bambini a Zurigo <\/span><span style=\"font-size: small;\"><b>SKJF07<\/b><\/span><\/p>\n<p><span style=\"font-size: small;\">Prima esecuzione del brano commissionato \u201cSchwyzzerapsody\u201d di Ivo Antognini <\/span><\/td>\n<\/tr>\n<tr valign=\"TOP\">\n<td width=\"193\"><span style=\"font-size: small;\">20 maggio 2007<\/span><\/td>\n<td width=\"678\"><span style=\"font-size: small;\">Partecipazione al <\/span><span style=\"font-size: small;\"><b>Singfestival<\/b><\/span> <span style=\"font-size: small;\"><b>Pf\u00e4ffikon<\/b><\/span><\/p>\n<p><span style=\"font-size: small;\">Concerto nella Festakt Festhalle Weid<\/span><\/td>\n<\/tr>\n<tr valign=\"TOP\">\n<td width=\"193\"><span style=\"font-size: small;\">1 aprile 2007<\/span><\/td>\n<td width=\"678\"><span style=\"font-size: small;\">Coro invitato nella stagione <\/span><span style=\"font-size: small;\"><b>\u201cMusique au Choeur\u201d a Saint-Blaise, Neuch\u00e2tel<\/b><\/span><span style=\"font-size: small;\">. Concerto Temple de Saint-Blaise <\/span><\/td>\n<\/tr>\n<tr valign=\"TOP\">\n<td width=\"193\"><span style=\"font-size: small;\">19 agosto 2006<\/span><\/td>\n<td width=\"678\"><span style=\"font-size: small;\"><b>Masterclass<\/b><\/span><span style=\"font-size: small;\"> del Mo. Mario Fontana, Farvagny FR<\/span><\/td>\n<\/tr>\n<tr valign=\"TOP\">\n<td width=\"193\"><span style=\"font-size: small;\">10 giugno 2006 <\/span><\/td>\n<td width=\"678\"><span style=\"font-size: small;\">Concerto Diga Luzzone nell\u2019ambito dei festeggiamenti per il 50\u00b0 OFIBLE<\/span><\/td>\n<\/tr>\n<tr valign=\"TOP\">\n<td width=\"193\"><span style=\"font-size: small;\">16-23 aprile 2006<\/span><\/td>\n<td width=\"678\"><span style=\"font-size: small;\">Invito a San Pietroburgo &#8211; Russia <\/span><\/p>\n<p><span style=\"font-size: small;\">17.4. Concerto Art Lizeum S. Pietroburgo<\/span><\/p>\n<p><span style=\"font-size: small;\">19.4. <\/span><span style=\"font-size: small;\"><b>Masterclass<\/b><\/span><span style=\"font-size: small;\"> del Mo. Mario Fontana &#8211; Anichkov Palace<\/span><\/p>\n<p><span style=\"font-size: small;\">Concerto Cattedrale St. Maria<\/span><\/p>\n<p><span style=\"font-size: small;\">20.4. Concerto per le scuole &#8211; Teatro delle Marionette<\/span><\/p>\n<p><span style=\"font-size: small;\">21.4. Concerto Cattedrale di San Pietro e Paolo <\/span><span style=\"font-size: small;\">con il coro e l\u2019ensemble dell\u2019Art Lizeum<\/span><\/td>\n<\/tr>\n<tr valign=\"TOP\">\n<td width=\"193\"><span style=\"font-size: small;\">12 giugno 05<\/span><\/td>\n<td width=\"678\"><span style=\"font-size: small;\">Registrazione di <\/span><span style=\"font-size: small;\"><b>nuove versioni del Salmo svizzero<\/b><\/span><span style=\"font-size: small;\"> su commissione di DRS idee Suisse<\/span><b> <\/b><\/td>\n<\/tr>\n<tr valign=\"TOP\">\n<td width=\"193\"><span style=\"font-size: small;\">4-5 marzo 05<\/span><\/td>\n<td width=\"678\"><span style=\"font-size: small;\">Invito per i festeggiamenti del 100\u00b0 anniversario di Rotary Club International<\/span><\/p>\n<p><span style=\"font-size: small;\">4.3. Concerto nel <\/span><span style=\"font-size: small;\"><b>KKL di Lucerna<\/b><\/span><\/td>\n<\/tr>\n<tr valign=\"TOP\">\n<td width=\"193\"><span style=\"font-size: small;\">18 settembre <\/span><span style=\"font-size: small;\">04 <\/span><\/td>\n<td width=\"678\"><span style=\"font-size: small;\">Conferenza<\/span><span style=\"font-size: small;\"> sulla vocalit\u00e0 e filosofia del coro di bambini <\/span><\/p>\n<p><span style=\"font-size: small;\">Naomi Faran e Mario Fontana, <\/span><span style=\"font-size: small;\"><span lang=\"de-CH\">in collaborazione con l\u2019Alta Scuola Pedagogica, Locarno<\/span><\/span><\/td>\n<\/tr>\n<tr valign=\"TOP\">\n<td width=\"193\"><span style=\"font-size: small;\">20-22 maggio 04<\/span><\/td>\n<td width=\"678\"><span style=\"font-size: small;\">Conferenza, direzione corale Mo. Mario Fontana <\/span><span style=\"font-size: small;\"><span lang=\"de-CH\">per<\/span><\/span><\/p>\n<p><span style=\"font-size: small;\"><span lang=\"de-CH\">l\u2019 Associazione vodese dei direttori di coro <\/span><\/span><b><span style=\"font-size: small;\"><span lang=\"de-CH\">AVDC<\/span><\/span><\/b><span style=\"font-size: small;\"><span lang=\"de-CH\">, Ch\u00e2teau-d\u2019Oex<\/span><\/span><\/td>\n<\/tr>\n<tr valign=\"TOP\">\n<td width=\"193\"><span style=\"font-size: small;\">6-7 marzo 04<\/span><\/td>\n<td width=\"678\"><span style=\"font-size: small;\">Seminario sull\u2019impostazione vocale condotto dal Mo. Mario Fontana <\/span><\/p>\n<p><span style=\"font-size: small;\">Nell\u2019ambito dell\u2019<\/span><span style=\"font-size: small;\"><b>Assemblea dei delegati della Federazione Svizzera di Europa Cantat <\/b><\/span><span style=\"font-size: small;\">\u2013 Briga <\/span><\/p>\n<p lang=\"de-CH\"><span style=\"font-size: small;\">6.3. Concerto nella Kollegiumskirche, Briga <\/span><\/p>\n<\/td>\n<\/tr>\n<tr valign=\"TOP\">\n<td width=\"193\"><span style=\"font-size: small;\">14-15 novembre 03<\/span><\/td>\n<td width=\"678\"><span style=\"font-size: small;\">Conferenza, direzione corale Mo. Mario Fontana <\/span><\/p>\n<p><span style=\"font-size: small;\"><span lang=\"de-CH\">Nell\u2019ambito dell\u2019<\/span><\/span><span style=\"font-size: small;\"><span lang=\"de-CH\"><b>Assemblea Generale della Federazione Europa Cantat<\/b><\/span><\/span><span style=\"font-size: small;\"><span lang=\"de-CH\"> &#8211; <\/span><\/span><span style=\"font-size: small;\">Lucerna<\/span><\/td>\n<\/tr>\n<tr valign=\"TOP\">\n<td width=\"193\"><span style=\"font-size: small;\">20 settembre 03<\/span><\/td>\n<td width=\"678\"><span style=\"font-size: small;\">Concerto<\/span><span style=\"font-size: small;\"> nell\u2019ambito del <\/span><span style=\"font-size: small;\"><b>Gran Gala del Torneo mondiale di bocce<\/b><\/span><span style=\"font-size: small;\"> a squadre, <\/span><span style=\"font-size: small;\"><span lang=\"de-CH\">Palapenz &#8211; Chiasso<\/span><\/span><\/td>\n<\/tr>\n<tr valign=\"TOP\">\n<td width=\"193\">\n<p lang=\"de-CH\"><span style=\"font-size: small;\">25 agosto 02<\/span><\/p>\n<\/td>\n<td width=\"678\"><span style=\"font-size: small;\"><span lang=\"de-CH\">Coro invitato nell&#8217;ambito di <\/span><\/span><span style=\"font-size: small;\"><span lang=\"de-CH\"><b>Expo 02<\/b><\/span><\/span><span style=\"font-size: small;\"><span lang=\"de-CH\"> a Neuch\u00e2tel, Sc\u00e8ne de la Passerelle<\/span><\/span><\/td>\n<\/tr>\n<tr valign=\"TOP\">\n<td width=\"193\"><span style=\"font-size: small;\">21-23 giugno 02<\/span><\/td>\n<td width=\"678\"><span style=\"font-size: small;\">Yverdon nell&#8217;ambito di <\/span><span style=\"font-size: small;\"><b>Expo 02<\/b><\/span><span style=\"font-size: small;\">, <\/span><span style=\"font-size: small;\"><b>&#8222;CHorfoederatio 02&#8220;<\/b><\/span><\/p>\n<p>\u201c<span style=\"font-size: small;\">Le 10 migliori corali svizzere\u201d organizzato dalla radio DRS 1<\/span><\/td>\n<\/tr>\n<tr valign=\"TOP\">\n<td width=\"193\"><span style=\"font-size: small;\">8-9 giugno 02<\/span><\/td>\n<td width=\"678\"><span style=\"font-size: small;\">Murten nell&#8217;ambito di <\/span><span style=\"font-size: small;\"><b>Expo 02<\/b><\/span><\/p>\n<p><span style=\"font-size: small;\"><span lang=\"de-CH\">8.6 Concerto nella <\/span><\/span><span style=\"font-size: small;\"><span lang=\"de-CH\"><b>Blindekuh<\/b><\/span><\/span><span style=\"font-size: small;\"><span lang=\"de-CH\"> dell&#8217;arteplage di Murten<\/span><\/span><\/td>\n<\/tr>\n<tr valign=\"TOP\">\n<td width=\"193\"><span style=\"font-size: small;\">1-5 maggio 02<\/span><\/td>\n<td width=\"678\"><span style=\"font-size: small;\">Tourn\u00e9e in Italia<\/span><\/p>\n<p><span style=\"font-size: small;\">1.5. Concerto, chiesa di Fiorine a Clusone (BG) su invito della corale &#8222;Eco sui Monti&#8220;<\/span><\/p>\n<p><span style=\"font-size: small;\">2.5. Concerto, chiesa S.Maria Assunta a Brembate Sopra (BG) nell&#8217;ambito della <\/span><span style=\"font-size: small;\"><b>&#8222;1\u00b0 Rassegna di cori scolastici&#8220;<\/b><\/span><span style=\"font-size: small;\"> organizzata dall&#8217;USCI <\/span><\/p>\n<p><span style=\"font-size: small;\">3.5. Concerto, chiesa S.Verano a Peccioli, Toscana nell&#8217;ambito della <\/span><\/p>\n<p><span style=\"font-size: small;\"><b>&#8222;22\u00b0 Rassegna internazionale di polifonia sacra in Valdera&#8220;<\/b><\/span><\/p>\n<p><span style=\"font-size: small;\">4.5. Concerto, Pieve di San Donato in Poggio, Toscana nell&#8217;ambito dell&#8217;annuale Rassegna <\/span><span style=\"font-size: small;\"><b>&#8222;I concerti della Pieve&#8220;<\/b><\/span><\/td>\n<\/tr>\n<tr valign=\"TOP\">\n<td width=\"193\">\n<p lang=\"de-CH\"><span style=\"font-size: small;\">23 marzo 02<\/span><\/p>\n<\/td>\n<td width=\"678\"><span style=\"font-size: small;\"><span lang=\"de-CH\">Concerto a Milano nella <\/span><\/span><span style=\"font-size: small;\"><span lang=\"de-CH\"><b>sacrestia del Bramante<\/b><\/span><\/span><span style=\"font-size: small;\"><span lang=\"de-CH\"> in occasione della giornata commemorativa dello studioso Luigi Pagliarani<\/span><\/span><\/td>\n<\/tr>\n<tr valign=\"TOP\">\n<td width=\"193\"><span style=\"font-size: small;\">18-22 marzo 01 <\/span><\/td>\n<td width=\"678\"><span style=\"font-size: small;\"><span lang=\"en-US\">Invito a Vancouver (Canada) per il <\/span><\/span><span style=\"font-size: small;\"><span lang=\"en-US\"><b>\u201cWorld\u2019 of Children Choirs 2001\u201d<\/b><\/span><\/span><\/td>\n<\/tr>\n<tr valign=\"TOP\">\n<td width=\"193\" height=\"17\"><span style=\"font-size: small;\">31 luglio \u2013 2 agosto 00<\/span><\/td>\n<td width=\"678\"><span style=\"font-size: small;\">Kreuzlingen, diretta televisiva per la festa nazionale 1\u00b0 agosto 2000<\/span><\/td>\n<\/tr>\n<tr valign=\"TOP\">\n<td width=\"193\"><span style=\"font-size: small;\">7-9 maggio 99<\/span><\/td>\n<td width=\"678\"><span style=\"font-size: small;\">7.5. Concerto St. Clarakirche di Basilea su invito della corale Pro Ticino di <\/span><\/p>\n<p><span style=\"font-size: small;\">Basilea e dei Knaben Kantorei Basel<\/span><\/p>\n<p><span style=\"font-size: small;\">8.5. Concerto nella Bergkirche di Hallau nell\u2019ambito della rassegna <\/span><\/p>\n<p>\u201c<span style=\"font-size: small;\"><b>Kammermusik in der Bergkirche Hallau\u201d<\/b><\/span><\/td>\n<\/tr>\n<tr valign=\"TOP\">\n<td width=\"193\">\n<p lang=\"de-CH\"><span style=\"font-size: small;\">3 dicembre 97<\/span><\/p>\n<\/td>\n<td width=\"678\"><span style=\"font-size: small;\"><span lang=\"de-CH\">Concerto d\u2019avvento Gospel con il trio gospel <\/span><\/span><span style=\"font-size: small;\"><span lang=\"de-CH\"><b>Ethel Caffie-Austin<\/b><\/span><\/span><\/p>\n<p lang=\"de-CH\"><span style=\"font-size: small;\">Sala Sopracenerina, Locarno<\/span><\/p>\n<\/td>\n<\/tr>\n<tr valign=\"TOP\">\n<td width=\"193\">\n<p lang=\"de-CH\"><span style=\"font-size: small;\">19 aprile97<\/span><\/p>\n<\/td>\n<td width=\"678\">\n<p lang=\"de-CH\"><span style=\"font-size: small;\">Registrazione di un brano negli studi di Gravellona (Italia) per il decimo anniversario dell\u2019Associazione delle Famiglie Diurne<\/span><\/p>\n<\/td>\n<\/tr>\n<\/tbody>\n<\/table>\n<p>[\/et_pb_toggle][\/et_pb_column][et_pb_column type=&#8220;1_2&#8243; specialty_columns=&#8220;2&#8243; _builder_version=&#8220;3.25&#8243; custom_padding=&#8220;|||&#8220; parallax__hover=&#8220;off&#8220; parallax_method__hover=&#8220;on&#8220; _i=&#8220;1&#8243; _address=&#8220;1.1&#8243; custom_padding__hover=&#8220;|||&#8220;][et_pb_row_inner admin_label=&#8220;Riga&#8220; _builder_version=&#8220;3.25&#8243; _i=&#8220;0&#8243; _address=&#8220;1.1.0&#8243; column_structure=&#8220;1_2,1_2&#8243;][et_pb_column_inner type=&#8220;1_2&#8243; saved_specialty_column_type=&#8220;1_2&#8243; _builder_version=&#8220;3.25&#8243; custom_padding=&#8220;|||&#8220; parallax__hover=&#8220;off&#8220; parallax_method__hover=&#8220;on&#8220; _i=&#8220;0&#8243; _address=&#8220;1.1.0.0&#8243; custom_padding__hover=&#8220;|||&#8220;][et_pb_text admin_label=&#8220;Info pratiche&#8220; module_class=&#8220;ombra&#8220; _builder_version=&#8220;3.27.4&#8243; header_font=&#8220;|||on|&#8220; _i=&#8220;0&#8243; _address=&#8220;1.1.0.0.0&#8243;]<\/p>\n<h3 style=\"text-align: center;\">Wer, wann und wo<\/h3>\n<div class=\"paragraph\">\n<ul>\n<li><strong>Kinder und Jugendliche von 10 bis 18 Jahren<br \/> <\/strong><\/li>\n<li>Mittwoch und Freitag<\/li>\n<li>am <a href=\"http:\/\/coca.2bee.ch\/de\/wo-sie-uns-finden\/\">Sitz des Chores Calicantus<\/a><\/li>\n<\/ul>\n<\/div>\n<p>[\/et_pb_text][\/et_pb_column_inner][et_pb_column_inner type=&#8220;1_2&#8243; saved_specialty_column_type=&#8220;1_2&#8243; _builder_version=&#8220;3.25&#8243; custom_padding=&#8220;|||&#8220; parallax__hover=&#8220;off&#8220; parallax_method__hover=&#8220;on&#8220; _i=&#8220;1&#8243; _address=&#8220;1.1.0.1&#8243; custom_padding__hover=&#8220;|||&#8220;][et_pb_cta title=&#8220;Sing mit uns&#8220; button_url=&#8220;\/de\/sing-mit-uns\/&#8220; button_text=&#8220;Kostenlose Probelektionen&#8220; admin_label=&#8220;Unisciti al Coro&#8220; module_class=&#8220;ombra&#8220; _builder_version=&#8220;3.0.69&#8243; header_font=&#8220;|||on|&#8220; header_font_size=&#8220;22px&#8220; background_size=&#8220;initial&#8220; background_position=&#8220;top_left&#8220; background_repeat=&#8220;repeat&#8220; custom_button=&#8220;on&#8220; button_text_size=&#8220;14px&#8220; button_border_width=&#8220;2px&#8220; button_border_color=&#8220;rgba(255,255,255,0.5)&#8220; global_module=&#8220;293&#8243; saved_tabs=&#8220;all&#8220; button_text_size__hover_enabled=&#8220;off&#8220; button_one_text_size__hover_enabled=&#8220;off&#8220; button_two_text_size__hover_enabled=&#8220;off&#8220; button_text_color__hover_enabled=&#8220;off&#8220; button_one_text_color__hover_enabled=&#8220;off&#8220; button_two_text_color__hover_enabled=&#8220;off&#8220; button_border_width__hover_enabled=&#8220;off&#8220; button_one_border_width__hover_enabled=&#8220;off&#8220; button_two_border_width__hover_enabled=&#8220;off&#8220; button_border_color__hover_enabled=&#8220;off&#8220; button_one_border_color__hover_enabled=&#8220;off&#8220; button_two_border_color__hover_enabled=&#8220;off&#8220; button_border_radius__hover_enabled=&#8220;off&#8220; button_one_border_radius__hover_enabled=&#8220;off&#8220; button_two_border_radius__hover_enabled=&#8220;off&#8220; button_letter_spacing__hover_enabled=&#8220;off&#8220; button_one_letter_spacing__hover_enabled=&#8220;off&#8220; button_two_letter_spacing__hover_enabled=&#8220;off&#8220; button_bg_color__hover_enabled=&#8220;off&#8220; button_one_bg_color__hover_enabled=&#8220;off&#8220; button_two_bg_color__hover_enabled=&#8220;off&#8220; _i=&#8220;0&#8243; _address=&#8220;1.1.0.1.0&#8243;][\/et_pb_cta][\/et_pb_column_inner][\/et_pb_row_inner][et_pb_row_inner admin_label=&#8220;Riga&#8220; _builder_version=&#8220;3.25&#8243; _i=&#8220;1&#8243; _address=&#8220;1.1.1&#8243;][et_pb_column_inner saved_specialty_column_type=&#8220;1_2&#8243; _builder_version=&#8220;3.25&#8243; custom_padding=&#8220;|||&#8220; parallax__hover=&#8220;off&#8220; parallax_method__hover=&#8220;on&#8220; _i=&#8220;0&#8243; _address=&#8220;1.1.1.0&#8243; custom_padding__hover=&#8220;|||&#8220;][et_pb_video_slider show_image_overlay=&#8220;on&#8220; controls_color=&#8220;light&#8220; _builder_version=&#8220;3.0.74&#8243; _i=&#8220;0&#8243; _address=&#8220;1.1.1.0.0&#8243;][et_pb_video_slider_item admin_title=&#8220;Video 1&#8243; src=&#8220;https:\/\/youtu.be\/hV3U_LnohgE&#8220; image_src=&#8220;\/\/i.ytimg.com\/vi\/hV3U_LnohgE\/hqdefault.jpg&#8220; _builder_version=&#8220;3.0.74&#8243; show_image_overlay=&#8220;on&#8220; _i=&#8220;0&#8243; _address=&#8220;1.1.1.0.0.0&#8243;][\/et_pb_video_slider_item][et_pb_video_slider_item admin_title=&#8220;Video2&#8243; src=&#8220;https:\/\/www.youtube.com\/watch?v=Qbkq11H1jbs&#8220; image_src=&#8220;\/\/i.ytimg.com\/vi\/Qbkq11H1jbs\/hqdefault.jpg&#8220; _builder_version=&#8220;3.0.74&#8243; show_image_overlay=&#8220;on&#8220; _i=&#8220;1&#8243; _address=&#8220;1.1.1.0.0.1&#8243;][\/et_pb_video_slider_item][et_pb_video_slider_item admin_title=&#8220;Video3&#8243; src=&#8220;https:\/\/www.youtube.com\/watch?v=CGf9AJpTx24&#8243; image_src=&#8220;\/\/i.ytimg.com\/vi\/CGf9AJpTx24\/hqdefault.jpg&#8220; _builder_version=&#8220;3.0.74&#8243; show_image_overlay=&#8220;on&#8220; _i=&#8220;2&#8243; _address=&#8220;1.1.1.0.0.2&#8243;][\/et_pb_video_slider_item][et_pb_video_slider_item admin_title=&#8220;Video4&#8243; src=&#8220;https:\/\/www.youtube.com\/watch?v=uyxFBMBNVuQ&#8220; image_src=&#8220;\/\/i.ytimg.com\/vi\/uyxFBMBNVuQ\/hqdefault.jpg&#8220; _builder_version=&#8220;3.0.74&#8243; show_image_overlay=&#8220;on&#8220; _i=&#8220;3&#8243; _address=&#8220;1.1.1.0.0.3&#8243;][\/et_pb_video_slider_item][\/et_pb_video_slider][\/et_pb_column_inner][\/et_pb_row_inner][\/et_pb_column][\/et_pb_section][et_pb_section fb_built=&#8220;1&#8243; _builder_version=&#8220;3.22&#8243; background_color=&#8220;#f96c39&#8243; parallax=&#8220;on&#8220; fb_built=&#8220;1&#8243; _i=&#8220;2&#8243; _address=&#8220;2&#8243;][et_pb_row use_custom_gutter=&#8220;on&#8220; gutter_width=&#8220;1&#8243; module_class=&#8220; et_pb_row_fullwidth&#8220; _builder_version=&#8220;3.25&#8243; background_size=&#8220;initial&#8220; background_position=&#8220;top_left&#8220; background_repeat=&#8220;repeat&#8220; width=&#8220;100%&#8220; width_tablet=&#8220;100%&#8220; width_last_edited=&#8220;on|desktop&#8220; max_width=&#8220;100%&#8220; max_width_tablet=&#8220;100%&#8220; max_width_last_edited=&#8220;on|desktop&#8220; custom_margin=&#8220;0px||0px|&#8220; custom_padding=&#8220;0px||0px|&#8220; make_fullwidth=&#8220;on&#8220; _i=&#8220;0&#8243; _address=&#8220;2.0&#8243;][et_pb_column type=&#8220;4_4&#8243; _builder_version=&#8220;3.25&#8243; custom_padding=&#8220;0px||0px|&#8220; padding_bottom=&#8220;0px&#8220; padding_top=&#8220;0px&#8220; _i=&#8220;0&#8243; _address=&#8220;2.0.0&#8243; custom_padding__hover=&#8220;|||&#8220;][et_pb_gallery gallery_ids=&#8220;1021,1024,1027,1030,1033,1036&#8243; posts_number=&#8220;6&#8243; show_title_and_caption=&#8220;off&#8220; show_pagination=&#8220;off&#8220; zoom_icon_color=&#8220;#f96c39&#8243; hover_icon=&#8220;%%12%%&#8220; _builder_version=&#8220;3.0.87&#8243; pagination_font_size_tablet=&#8220;51&#8243; pagination_line_height_tablet=&#8220;2&#8243; custom_css_gallery_item=&#8220;margin: 0 !important;||clear: none !important;||width: 16.66% !important;&#8220; border_style=&#8220;solid&#8220; _i=&#8220;0&#8243; _address=&#8220;2.0.0.0&#8243;][\/et_pb_gallery][\/et_pb_column][\/et_pb_row][\/et_pb_section]<\/p>\n","protected":false},"excerpt":{"rendered":"<p>Das Herzst\u00fcck der grossen Familie! Der Hauptchor ist das Konzertensemble der Schule. Die Kinder k\u00f6nnen in diesem Chor mitsingen, nachdem sie mehrere Jahre in den Vorbereitungsch\u00f6ren mitgemacht haben. Der Hauptchor ist eine eigentliche Musikfamilie, mit erzieherischen Inhalten und Beziehungen zwischen den Generationen. Die Kinder wachsen in diesem Chor auf. Er dient in der Pubert\u00e4t als [&hellip;]<\/p>\n","protected":false},"author":1,"featured_media":0,"parent":2353,"menu_order":0,"comment_status":"closed","ping_status":"closed","template":"","meta":{"_et_pb_use_builder":"on","_et_pb_old_content":"","_et_gb_content_width":"","footnotes":""},"class_list":["post-2320","page","type-page","status-publish","hentry"],"yoast_head":"<!-- This site is optimized with the Yoast SEO plugin v24.6 - https:\/\/yoast.com\/wordpress\/plugins\/seo\/ -->\n<title>Hauptchor | Coro Calicantus<\/title>\n<meta name=\"robots\" content=\"index, follow, max-snippet:-1, max-image-preview:large, max-video-preview:-1\" \/>\n<link rel=\"canonical\" href=\"https:\/\/www.corocalicantus.org\/i-cori\/coro-principale\/\" \/>\n<meta property=\"og:locale\" content=\"de_DE\" \/>\n<meta property=\"og:type\" content=\"article\" \/>\n<meta property=\"og:title\" content=\"Hauptchor | Coro Calicantus\" \/>\n<meta property=\"og:description\" content=\"Das Herzst\u00fcck der grossen Familie! Der Hauptchor ist das Konzertensemble der Schule. Die Kinder k\u00f6nnen in diesem Chor mitsingen, nachdem sie mehrere Jahre in den Vorbereitungsch\u00f6ren mitgemacht haben. Der Hauptchor ist eine eigentliche Musikfamilie, mit erzieherischen Inhalten und Beziehungen zwischen den Generationen. Die Kinder wachsen in diesem Chor auf. Er dient in der Pubert\u00e4t als [&hellip;]\" \/>\n<meta property=\"og:url\" content=\"https:\/\/www.corocalicantus.org\/i-cori\/coro-principale\/\" \/>\n<meta property=\"og:site_name\" content=\"Coro Calicantus\" \/>\n<meta property=\"article:publisher\" content=\"https:\/\/www.facebook.com\/corocalicantuslocarnoticino\/\" \/>\n<meta property=\"article:modified_time\" content=\"2020-10-16T23:45:12+00:00\" \/>\n<meta name=\"twitter:card\" content=\"summary_large_image\" \/>\n<meta name=\"twitter:label1\" content=\"Gesch\u00e4tzte Lesezeit\" \/>\n\t<meta name=\"twitter:data1\" content=\"17\u00a0Minuten\" \/>\n<script type=\"application\/ld+json\" class=\"yoast-schema-graph\">{\"@context\":\"https:\/\/schema.org\",\"@graph\":[{\"@type\":\"WebPage\",\"@id\":\"https:\/\/www.corocalicantus.org\/i-cori\/coro-principale\/\",\"url\":\"https:\/\/www.corocalicantus.org\/i-cori\/coro-principale\/\",\"name\":\"Hauptchor | Coro Calicantus\",\"isPartOf\":{\"@id\":\"https:\/\/www.corocalicantus.org\/#website\"},\"datePublished\":\"2017-06-18T09:21:04+00:00\",\"dateModified\":\"2020-10-16T23:45:12+00:00\",\"breadcrumb\":{\"@id\":\"https:\/\/www.corocalicantus.org\/i-cori\/coro-principale\/#breadcrumb\"},\"inLanguage\":\"de\",\"potentialAction\":[{\"@type\":\"ReadAction\",\"target\":[\"https:\/\/www.corocalicantus.org\/i-cori\/coro-principale\/\"]}]},{\"@type\":\"BreadcrumbList\",\"@id\":\"https:\/\/www.corocalicantus.org\/i-cori\/coro-principale\/#breadcrumb\",\"itemListElement\":[{\"@type\":\"ListItem\",\"position\":1,\"name\":\"Home\",\"item\":\"https:\/\/www.corocalicantus.org\/de\/\"},{\"@type\":\"ListItem\",\"position\":2,\"name\":\"Die Ch\u00f6re\",\"item\":\"https:\/\/www.corocalicantus.org\/de\/die-chore\/\"},{\"@type\":\"ListItem\",\"position\":3,\"name\":\"Hauptchor\"}]},{\"@type\":\"WebSite\",\"@id\":\"https:\/\/www.corocalicantus.org\/#website\",\"url\":\"https:\/\/www.corocalicantus.org\/\",\"name\":\"Coro Calicantus\",\"description\":\"Scopri la magia della musica\",\"potentialAction\":[{\"@type\":\"SearchAction\",\"target\":{\"@type\":\"EntryPoint\",\"urlTemplate\":\"https:\/\/www.corocalicantus.org\/?s={search_term_string}\"},\"query-input\":{\"@type\":\"PropertyValueSpecification\",\"valueRequired\":true,\"valueName\":\"search_term_string\"}}],\"inLanguage\":\"de\"}]}<\/script>\n<!-- \/ Yoast SEO plugin. -->","yoast_head_json":{"title":"Hauptchor | Coro Calicantus","robots":{"index":"index","follow":"follow","max-snippet":"max-snippet:-1","max-image-preview":"max-image-preview:large","max-video-preview":"max-video-preview:-1"},"canonical":"https:\/\/www.corocalicantus.org\/i-cori\/coro-principale\/","og_locale":"de_DE","og_type":"article","og_title":"Hauptchor | Coro Calicantus","og_description":"Das Herzst\u00fcck der grossen Familie! Der Hauptchor ist das Konzertensemble der Schule. Die Kinder k\u00f6nnen in diesem Chor mitsingen, nachdem sie mehrere Jahre in den Vorbereitungsch\u00f6ren mitgemacht haben. Der Hauptchor ist eine eigentliche Musikfamilie, mit erzieherischen Inhalten und Beziehungen zwischen den Generationen. Die Kinder wachsen in diesem Chor auf. Er dient in der Pubert\u00e4t als [&hellip;]","og_url":"https:\/\/www.corocalicantus.org\/i-cori\/coro-principale\/","og_site_name":"Coro Calicantus","article_publisher":"https:\/\/www.facebook.com\/corocalicantuslocarnoticino\/","article_modified_time":"2020-10-16T23:45:12+00:00","twitter_card":"summary_large_image","twitter_misc":{"Gesch\u00e4tzte Lesezeit":"17\u00a0Minuten"},"schema":{"@context":"https:\/\/schema.org","@graph":[{"@type":"WebPage","@id":"https:\/\/www.corocalicantus.org\/i-cori\/coro-principale\/","url":"https:\/\/www.corocalicantus.org\/i-cori\/coro-principale\/","name":"Hauptchor | Coro Calicantus","isPartOf":{"@id":"https:\/\/www.corocalicantus.org\/#website"},"datePublished":"2017-06-18T09:21:04+00:00","dateModified":"2020-10-16T23:45:12+00:00","breadcrumb":{"@id":"https:\/\/www.corocalicantus.org\/i-cori\/coro-principale\/#breadcrumb"},"inLanguage":"de","potentialAction":[{"@type":"ReadAction","target":["https:\/\/www.corocalicantus.org\/i-cori\/coro-principale\/"]}]},{"@type":"BreadcrumbList","@id":"https:\/\/www.corocalicantus.org\/i-cori\/coro-principale\/#breadcrumb","itemListElement":[{"@type":"ListItem","position":1,"name":"Home","item":"https:\/\/www.corocalicantus.org\/de\/"},{"@type":"ListItem","position":2,"name":"Die Ch\u00f6re","item":"https:\/\/www.corocalicantus.org\/de\/die-chore\/"},{"@type":"ListItem","position":3,"name":"Hauptchor"}]},{"@type":"WebSite","@id":"https:\/\/www.corocalicantus.org\/#website","url":"https:\/\/www.corocalicantus.org\/","name":"Coro Calicantus","description":"Scopri la magia della musica","potentialAction":[{"@type":"SearchAction","target":{"@type":"EntryPoint","urlTemplate":"https:\/\/www.corocalicantus.org\/?s={search_term_string}"},"query-input":{"@type":"PropertyValueSpecification","valueRequired":true,"valueName":"search_term_string"}}],"inLanguage":"de"}]}},"_links":{"self":[{"href":"https:\/\/www.corocalicantus.org\/de\/wp-json\/wp\/v2\/pages\/2320","targetHints":{"allow":["GET"]}}],"collection":[{"href":"https:\/\/www.corocalicantus.org\/de\/wp-json\/wp\/v2\/pages"}],"about":[{"href":"https:\/\/www.corocalicantus.org\/de\/wp-json\/wp\/v2\/types\/page"}],"author":[{"embeddable":true,"href":"https:\/\/www.corocalicantus.org\/de\/wp-json\/wp\/v2\/users\/1"}],"replies":[{"embeddable":true,"href":"https:\/\/www.corocalicantus.org\/de\/wp-json\/wp\/v2\/comments?post=2320"}],"version-history":[{"count":42,"href":"https:\/\/www.corocalicantus.org\/de\/wp-json\/wp\/v2\/pages\/2320\/revisions"}],"predecessor-version":[{"id":5191,"href":"https:\/\/www.corocalicantus.org\/de\/wp-json\/wp\/v2\/pages\/2320\/revisions\/5191"}],"up":[{"embeddable":true,"href":"https:\/\/www.corocalicantus.org\/de\/wp-json\/wp\/v2\/pages\/2353"}],"wp:attachment":[{"href":"https:\/\/www.corocalicantus.org\/de\/wp-json\/wp\/v2\/media?parent=2320"}],"curies":[{"name":"wp","href":"https:\/\/api.w.org\/{rel}","templated":true}]}}