{"id":2353,"date":"2017-05-29T14:43:35","date_gmt":"2017-05-29T13:43:35","guid":{"rendered":"https:\/\/www.corocalicantus.org\/\/die-chore\/"},"modified":"2018-02-21T16:06:01","modified_gmt":"2018-02-21T15:06:01","slug":"die-chore","status":"publish","type":"page","link":"https:\/\/www.corocalicantus.org\/de\/die-chore\/","title":{"rendered":"Die Ch\u00f6re"},"content":{"rendered":"<p>[et_pb_section bb_built=&#8220;1&#8243; custom_padding=&#8220;15%|||&#8220; fullwidth=&#8220;on&#8220; _builder_version=&#8220;3.0.76&#8243; background_image=&#8220;https:\/\/www.corocalicantus.org\/\/wp-content\/uploads\/CORO_Principale.jpg&#8220; parallax_method=&#8220;off&#8220; background_position=&#8220;bottom_center&#8220; parallax=&#8220;on&#8220; module_class=&#8220;header_pagine&#8220; next_background_color=&#8220;#f7f7f7&#8243;][et_pb_fullwidth_post_title meta=&#8220;off&#8220; featured_image=&#8220;off&#8220; text_color=&#8220;light&#8220; _builder_version=&#8220;3.0.51&#8243; title_font_size=&#8220;62px&#8220; parallax_method=&#8220;on&#8220; \/][et_pb_fullwidth_menu menu_id=&#8220;12&#8243; background_color=&#8220;#f96c39&#8243; background_layout=&#8220;dark&#8220; submenu_direction=&#8220;downwards&#8220; fullwidth_menu=&#8220;off&#8220; active_link_color=&#8220;#edef81&#8243; _builder_version=&#8220;3.0.61&#8243; menu_font=&#8220;|on||on|&#8220; \/][\/et_pb_section][et_pb_section bb_built=&#8220;1&#8243; admin_label=&#8220;section&#8220; background_color=&#8220;#f7f7f7&#8243; inner_shadow=&#8220;on&#8220; _builder_version=&#8220;3.0.47&#8243; prev_background_color=&#8220;#ffffff&#8220; next_background_color=&#8220;#f96c39&#8243;][et_pb_row admin_label=&#8220;row&#8220; _builder_version=&#8220;3.0.47&#8243; background_size=&#8220;initial&#8220; background_position=&#8220;top_left&#8220; background_repeat=&#8220;repeat&#8220;][et_pb_column type=&#8220;2_3&#8243;][et_pb_text admin_label=&#8220;Presentazione&#8220; _builder_version=&#8220;3.0.93&#8243; background_layout=&#8220;light&#8220; module_alignment=&#8220;left&#8220;]<\/p>\n<h1>Der Chor Calicantus ist f\u00fcr alle!<\/h1>\n<p>Die Schule wird von 150 Sch\u00fclerinnen und Sch\u00fclern besucht, die je nach Alter auf 5 Ch\u00f6re aufgeteilt sind.<\/p>\n<p>Wenn du dich \u00fcber ihre Aktivit\u00e4ten, Stundenpl\u00e4ne und Inhalte informieren m\u00f6chtest, klicke hier unten auf den jeweiligen Chor.<\/p>\n<p>[\/et_pb_text][\/et_pb_column][et_pb_column type=&#8220;1_3&#8243;][\/et_pb_column][\/et_pb_row][\/et_pb_section][et_pb_section bb_built=&#8220;1&#8243; admin_label=&#8220;section&#8220; background_color=&#8220;#f96c39&#8243; _builder_version=&#8220;3.0.66&#8243; prev_background_color=&#8220;#f7f7f7&#8243; global_module=&#8220;208&#8243;][et_pb_row global_parent=&#8220;208&#8243; custom_padding=&#8220;0%||0px|&#8220; _builder_version=&#8220;3.0.61&#8243; background_size=&#8220;initial&#8220; background_position=&#8220;top_left&#8220; background_repeat=&#8220;repeat&#8220;][et_pb_column type=&#8220;4_4&#8243;][et_pb_text global_parent=&#8220;208&#8243; background_layout=&#8220;dark&#8220; _builder_version=&#8220;3.0.66&#8243; text_font=&#8220;|||on|&#8220; custom_margin=&#8220;||1%|&#8220; text_letter_spacing=&#8220;1px&#8220; custom_css_main_element=&#8220;border-bottom:2px dotted #fff;&#8220;]<\/p>\n<h1 style=\"text-align: center;\">Entdecke unsere Ch\u00f6re<\/h1>\n<p>[\/et_pb_text][\/et_pb_column][\/et_pb_row][et_pb_row admin_label=&#8220;row&#8220; global_parent=&#8220;208&#8243; gutter_width=&#8220;2&#8243; custom_padding=&#8220;1%||1%|&#8220; make_equal=&#8220;on&#8220; background_position_1=&#8220;top_left&#8220; background_position_2=&#8220;top_left&#8220; background_position_3=&#8220;top_left&#8220; background_repeat_1=&#8220;no-repeat&#8220; background_repeat_2=&#8220;no-repeat&#8220; background_repeat_3=&#8220;no-repeat&#8220; _builder_version=&#8220;3.0.66&#8243; background_size=&#8220;initial&#8220; background_position=&#8220;top_left&#8220; background_repeat=&#8220;repeat&#8220; use_custom_gutter=&#8220;on&#8220;][et_pb_column type=&#8220;1_4&#8243;][et_pb_text global_parent=&#8220;208&#8243; _builder_version=&#8220;3.0.76&#8243; background_layout=&#8220;dark&#8220; border_style=&#8220;solid&#8220; text_font=&#8220;|on|||&#8220; text_orientation=&#8220;center&#8220;]<\/p>\n<p>von 2 bis 6 Jahren<\/p>\n<p>[\/et_pb_text][et_pb_image global_parent=&#8220;208&#8243; _builder_version=&#8220;3.0.76&#8243; src=&#8220;https:\/\/www.corocalicantus.org\/\/wp-content\/uploads\/per_i_piu_piccoli.jpg&#8220; show_in_lightbox=&#8220;off&#8220; url_new_window=&#8220;off&#8220; use_overlay=&#8220;off&#8220; always_center_on_mobile=&#8220;on&#8220; border_style=&#8220;solid&#8220; force_fullwidth=&#8220;off&#8220; show_bottom_space=&#8220;on&#8220; align=&#8220;center&#8220; animation_style=&#8220;fade&#8220; \/][et_pb_text global_parent=&#8220;208&#8243; _builder_version=&#8220;3.0.76&#8243; background_layout=&#8220;dark&#8220; border_style=&#8220;solid&#8220; text_font=&#8220;|on|||&#8220; text_orientation=&#8220;center&#8220; animation_style=&#8220;fade&#8220;]<\/p>\n<h2>F\u00fcr die Kleinsten<\/h2>\n<ul>\n<li><a style=\"color: #ffffff;\" href=\"http:\/\/coca.2bee.ch\/de\/die-chore\/fur-die-kleinsten\/\">Begegnungen Eltern-Kind<\/a><\/li>\n<li><a style=\"color: #ffffff;\" href=\"http:\/\/coca.2bee.ch\/de\/die-chore\/fur-die-kleinsten\/#iniziazione\">Stimmliche und rhythmische Einf\u00fchrung<\/a><\/li>\n<\/ul>\n<p>[\/et_pb_text][\/et_pb_column][et_pb_column type=&#8220;1_4&#8243;][et_pb_text global_parent=&#8220;208&#8243; _builder_version=&#8220;3.0.76&#8243; background_layout=&#8220;dark&#8220; border_style=&#8220;solid&#8220; text_font=&#8220;|on|||&#8220; text_orientation=&#8220;center&#8220;]<\/p>\n<p>Sechsj\u00e4hrige Kinder<\/p>\n<p>[\/et_pb_text][et_pb_image global_parent=&#8220;208&#8243; _builder_version=&#8220;3.0.77&#8243; src=&#8220;https:\/\/www.corocalicantus.org\/\/wp-content\/uploads\/2017\/07\/prima_elementare.jpg&#8220; show_in_lightbox=&#8220;off&#8220; url_new_window=&#8220;off&#8220; use_overlay=&#8220;off&#8220; always_center_on_mobile=&#8220;on&#8220; border_style=&#8220;solid&#8220; force_fullwidth=&#8220;off&#8220; show_bottom_space=&#8220;on&#8220; align=&#8220;center&#8220; animation_style=&#8220;fade&#8220; \/][et_pb_text global_parent=&#8220;208&#8243; _builder_version=&#8220;3.0.76&#8243; background_layout=&#8220;dark&#8220; border_style=&#8220;solid&#8220; text_font=&#8220;|on|||&#8220; text_orientation=&#8220;center&#8220; animation_style=&#8220;fade&#8220;]<\/p>\n<h2>Chor der 1. Primarschulklasse<\/h2>\n<ul>\n<li><a style=\"color: #ffffff;\" href=\"http:\/\/coca.2bee.ch\/de\/die-chore\/chor-1-primarschulklasse\/\">Entdecke den Chor<\/a><\/li>\n<\/ul>\n<p>[\/et_pb_text][\/et_pb_column][et_pb_column type=&#8220;1_4&#8243;][et_pb_text global_parent=&#8220;208&#8243; _builder_version=&#8220;3.0.76&#8243; background_layout=&#8220;dark&#8220; border_style=&#8220;solid&#8220; text_font=&#8220;|on|||&#8220; text_orientation=&#8220;center&#8220;]<\/p>\n<p>von 7 bis 11 Jahren<\/p>\n<p>[\/et_pb_text][et_pb_image global_parent=&#8220;208&#8243; _builder_version=&#8220;3.0.76&#8243; src=&#8220;https:\/\/www.corocalicantus.org\/\/wp-content\/uploads\/coro_preparatorio_1.jpg&#8220; show_in_lightbox=&#8220;off&#8220; url_new_window=&#8220;off&#8220; use_overlay=&#8220;off&#8220; always_center_on_mobile=&#8220;on&#8220; border_style=&#8220;solid&#8220; force_fullwidth=&#8220;off&#8220; show_bottom_space=&#8220;on&#8220; align=&#8220;center&#8220; animation_style=&#8220;fade&#8220; \/][et_pb_text global_parent=&#8220;208&#8243; _builder_version=&#8220;3.0.76&#8243; background_layout=&#8220;dark&#8220; border_style=&#8220;solid&#8220; text_font=&#8220;|on|||&#8220; text_orientation=&#8220;center&#8220; animation_style=&#8220;fade&#8220;]<\/p>\n<h2>Vorbereitungsch\u00f6re<\/h2>\n<ul>\n<li><a style=\"color: #ffffff;\" href=\"http:\/\/coca.2bee.ch\/de\/die-chore\/vorbereitungschor-1\/\">Vorbereitungschor 1<\/a><\/li>\n<li><a style=\"color: #ffffff;\" href=\"http:\/\/coca.2bee.ch\/de\/die-chore\/vorbereitungschor-2\/\">Vorbereitungschor 2<\/a><\/li>\n<\/ul>\n<p>[\/et_pb_text][\/et_pb_column][et_pb_column type=&#8220;1_4&#8243;][et_pb_text global_parent=&#8220;208&#8243; _builder_version=&#8220;3.0.76&#8243; background_layout=&#8220;dark&#8220; border_style=&#8220;solid&#8220; text_font=&#8220;|on|||&#8220; text_orientation=&#8220;center&#8220;]<\/p>\n<p>von 10 bis 18 Jahren<\/p>\n<p>[\/et_pb_text][et_pb_image global_parent=&#8220;208&#8243; _builder_version=&#8220;3.0.76&#8243; src=&#8220;https:\/\/www.corocalicantus.org\/\/wp-content\/uploads\/CORO_Principale.jpg&#8220; show_in_lightbox=&#8220;off&#8220; url_new_window=&#8220;off&#8220; use_overlay=&#8220;off&#8220; always_center_on_mobile=&#8220;on&#8220; border_style=&#8220;solid&#8220; force_fullwidth=&#8220;off&#8220; show_bottom_space=&#8220;on&#8220; align=&#8220;center&#8220; animation_style=&#8220;fade&#8220; \/][et_pb_text global_parent=&#8220;208&#8243; _builder_version=&#8220;3.0.76&#8243; background_layout=&#8220;dark&#8220; border_style=&#8220;solid&#8220; text_font=&#8220;|on|||&#8220; text_orientation=&#8220;center&#8220; animation_style=&#8220;fade&#8220;]<\/p>\n<h2>Hauptchor<\/h2>\n<ul>\n<li><a style=\"color: #ffffff;\" href=\"http:\/\/coca.2bee.ch\/de\/die-chore\/hauptchor\/\">Entdecke den Chor<\/a><\/li>\n<\/ul>\n<p>[\/et_pb_text][\/et_pb_column][\/et_pb_row][\/et_pb_section]<\/p>\n","protected":false},"excerpt":{"rendered":"<p>Der Chor Calicantus ist f\u00fcr alle! Die Schule wird von 150 Sch\u00fclerinnen und Sch\u00fclern besucht, die je nach Alter auf 5 Ch\u00f6re aufgeteilt sind. Wenn du dich \u00fcber ihre Aktivit\u00e4ten, Stundenpl\u00e4ne und Inhalte informieren m\u00f6chtest, klicke hier unten auf den jeweiligen Chor. Entdecke unsere Ch\u00f6re von 2 bis 6 Jahren F\u00fcr die Kleinsten Begegnungen Eltern-Kind [&hellip;]<\/p>\n","protected":false},"author":1,"featured_media":0,"parent":0,"menu_order":0,"comment_status":"closed","ping_status":"closed","template":"","meta":{"_et_pb_use_builder":"on","_et_pb_old_content":"","_et_gb_content_width":"","footnotes":""},"class_list":["post-2353","page","type-page","status-publish","hentry"],"yoast_head":"<!-- This site is optimized with the Yoast SEO plugin v24.6 - https:\/\/yoast.com\/wordpress\/plugins\/seo\/ -->\n<title>Die Ch\u00f6re | Coro Calicantus<\/title>\n<meta name=\"robots\" content=\"index, follow, max-snippet:-1, max-image-preview:large, max-video-preview:-1\" \/>\n<link rel=\"canonical\" href=\"https:\/\/www.corocalicantus.org\/de\/die-chore\/\" \/>\n<meta property=\"og:locale\" content=\"de_DE\" \/>\n<meta property=\"og:type\" content=\"article\" \/>\n<meta property=\"og:title\" content=\"Die Ch\u00f6re | Coro Calicantus\" \/>\n<meta property=\"og:description\" content=\"Der Chor Calicantus ist f\u00fcr alle! Die Schule wird von 150 Sch\u00fclerinnen und Sch\u00fclern besucht, die je nach Alter auf 5 Ch\u00f6re aufgeteilt sind. Wenn du dich \u00fcber ihre Aktivit\u00e4ten, Stundenpl\u00e4ne und Inhalte informieren m\u00f6chtest, klicke hier unten auf den jeweiligen Chor. Entdecke unsere Ch\u00f6re von 2 bis 6 Jahren F\u00fcr die Kleinsten Begegnungen Eltern-Kind [&hellip;]\" \/>\n<meta property=\"og:url\" content=\"https:\/\/www.corocalicantus.org\/de\/die-chore\/\" \/>\n<meta property=\"og:site_name\" content=\"Coro Calicantus\" \/>\n<meta property=\"article:publisher\" content=\"https:\/\/www.facebook.com\/corocalicantuslocarnoticino\/\" \/>\n<meta property=\"article:modified_time\" content=\"2018-02-21T15:06:01+00:00\" \/>\n<meta name=\"twitter:card\" content=\"summary_large_image\" \/>\n<meta name=\"twitter:label1\" content=\"Gesch\u00e4tzte Lesezeit\" \/>\n\t<meta name=\"twitter:data1\" content=\"4\u00a0Minuten\" \/>\n<script type=\"application\/ld+json\" class=\"yoast-schema-graph\">{\"@context\":\"https:\/\/schema.org\",\"@graph\":[{\"@type\":\"WebPage\",\"@id\":\"https:\/\/www.corocalicantus.org\/de\/die-chore\/\",\"url\":\"https:\/\/www.corocalicantus.org\/de\/die-chore\/\",\"name\":\"Die Ch\u00f6re | Coro Calicantus\",\"isPartOf\":{\"@id\":\"https:\/\/www.corocalicantus.org\/#website\"},\"datePublished\":\"2017-05-29T13:43:35+00:00\",\"dateModified\":\"2018-02-21T15:06:01+00:00\",\"breadcrumb\":{\"@id\":\"https:\/\/www.corocalicantus.org\/de\/die-chore\/#breadcrumb\"},\"inLanguage\":\"de\",\"potentialAction\":[{\"@type\":\"ReadAction\",\"target\":[\"https:\/\/www.corocalicantus.org\/de\/die-chore\/\"]}]},{\"@type\":\"BreadcrumbList\",\"@id\":\"https:\/\/www.corocalicantus.org\/de\/die-chore\/#breadcrumb\",\"itemListElement\":[{\"@type\":\"ListItem\",\"position\":1,\"name\":\"Home\",\"item\":\"https:\/\/www.corocalicantus.org\/de\/\"},{\"@type\":\"ListItem\",\"position\":2,\"name\":\"Die Ch\u00f6re\"}]},{\"@type\":\"WebSite\",\"@id\":\"https:\/\/www.corocalicantus.org\/#website\",\"url\":\"https:\/\/www.corocalicantus.org\/\",\"name\":\"Coro Calicantus\",\"description\":\"Scopri la magia della musica\",\"potentialAction\":[{\"@type\":\"SearchAction\",\"target\":{\"@type\":\"EntryPoint\",\"urlTemplate\":\"https:\/\/www.corocalicantus.org\/?s={search_term_string}\"},\"query-input\":{\"@type\":\"PropertyValueSpecification\",\"valueRequired\":true,\"valueName\":\"search_term_string\"}}],\"inLanguage\":\"de\"}]}<\/script>\n<!-- \/ Yoast SEO plugin. -->","yoast_head_json":{"title":"Die Ch\u00f6re | Coro Calicantus","robots":{"index":"index","follow":"follow","max-snippet":"max-snippet:-1","max-image-preview":"max-image-preview:large","max-video-preview":"max-video-preview:-1"},"canonical":"https:\/\/www.corocalicantus.org\/de\/die-chore\/","og_locale":"de_DE","og_type":"article","og_title":"Die Ch\u00f6re | Coro Calicantus","og_description":"Der Chor Calicantus ist f\u00fcr alle! Die Schule wird von 150 Sch\u00fclerinnen und Sch\u00fclern besucht, die je nach Alter auf 5 Ch\u00f6re aufgeteilt sind. Wenn du dich \u00fcber ihre Aktivit\u00e4ten, Stundenpl\u00e4ne und Inhalte informieren m\u00f6chtest, klicke hier unten auf den jeweiligen Chor. Entdecke unsere Ch\u00f6re von 2 bis 6 Jahren F\u00fcr die Kleinsten Begegnungen Eltern-Kind [&hellip;]","og_url":"https:\/\/www.corocalicantus.org\/de\/die-chore\/","og_site_name":"Coro Calicantus","article_publisher":"https:\/\/www.facebook.com\/corocalicantuslocarnoticino\/","article_modified_time":"2018-02-21T15:06:01+00:00","twitter_card":"summary_large_image","twitter_misc":{"Gesch\u00e4tzte Lesezeit":"4\u00a0Minuten"},"schema":{"@context":"https:\/\/schema.org","@graph":[{"@type":"WebPage","@id":"https:\/\/www.corocalicantus.org\/de\/die-chore\/","url":"https:\/\/www.corocalicantus.org\/de\/die-chore\/","name":"Die Ch\u00f6re | Coro Calicantus","isPartOf":{"@id":"https:\/\/www.corocalicantus.org\/#website"},"datePublished":"2017-05-29T13:43:35+00:00","dateModified":"2018-02-21T15:06:01+00:00","breadcrumb":{"@id":"https:\/\/www.corocalicantus.org\/de\/die-chore\/#breadcrumb"},"inLanguage":"de","potentialAction":[{"@type":"ReadAction","target":["https:\/\/www.corocalicantus.org\/de\/die-chore\/"]}]},{"@type":"BreadcrumbList","@id":"https:\/\/www.corocalicantus.org\/de\/die-chore\/#breadcrumb","itemListElement":[{"@type":"ListItem","position":1,"name":"Home","item":"https:\/\/www.corocalicantus.org\/de\/"},{"@type":"ListItem","position":2,"name":"Die Ch\u00f6re"}]},{"@type":"WebSite","@id":"https:\/\/www.corocalicantus.org\/#website","url":"https:\/\/www.corocalicantus.org\/","name":"Coro Calicantus","description":"Scopri la magia della musica","potentialAction":[{"@type":"SearchAction","target":{"@type":"EntryPoint","urlTemplate":"https:\/\/www.corocalicantus.org\/?s={search_term_string}"},"query-input":{"@type":"PropertyValueSpecification","valueRequired":true,"valueName":"search_term_string"}}],"inLanguage":"de"}]}},"_links":{"self":[{"href":"https:\/\/www.corocalicantus.org\/de\/wp-json\/wp\/v2\/pages\/2353","targetHints":{"allow":["GET"]}}],"collection":[{"href":"https:\/\/www.corocalicantus.org\/de\/wp-json\/wp\/v2\/pages"}],"about":[{"href":"https:\/\/www.corocalicantus.org\/de\/wp-json\/wp\/v2\/types\/page"}],"author":[{"embeddable":true,"href":"https:\/\/www.corocalicantus.org\/de\/wp-json\/wp\/v2\/users\/1"}],"replies":[{"embeddable":true,"href":"https:\/\/www.corocalicantus.org\/de\/wp-json\/wp\/v2\/comments?post=2353"}],"version-history":[{"count":29,"href":"https:\/\/www.corocalicantus.org\/de\/wp-json\/wp\/v2\/pages\/2353\/revisions"}],"predecessor-version":[{"id":3443,"href":"https:\/\/www.corocalicantus.org\/de\/wp-json\/wp\/v2\/pages\/2353\/revisions\/3443"}],"wp:attachment":[{"href":"https:\/\/www.corocalicantus.org\/de\/wp-json\/wp\/v2\/media?parent=2353"}],"curies":[{"name":"wp","href":"https:\/\/api.w.org\/{rel}","templated":true}]}}