{"id":2363,"date":"2017-05-29T14:42:14","date_gmt":"2017-05-29T13:42:14","guid":{"rendered":"https:\/\/www.corocalicantus.org\/\/was-ist-calicantus\/der-maestro\/"},"modified":"2018-02-26T17:58:24","modified_gmt":"2018-02-26T16:58:24","slug":"der-maestro","status":"publish","type":"page","link":"https:\/\/www.corocalicantus.org\/de\/was-ist-calicantus\/der-maestro\/","title":{"rendered":"Der Maestro"},"content":{"rendered":"<p>[et_pb_section bb_built=&#8220;1&#8243; fullwidth=&#8220;on&#8220; _builder_version=&#8220;3.0.73&#8243; background_image=&#8220;https:\/\/www.corocalicantus.org\/\/wp-content\/uploads\/il_maestro.jpg&#8220; parallax=&#8220;on&#8220; parallax_method=&#8220;off&#8220; module_class=&#8220;header_pagine&#8220; next_background_color=&#8220;#f7f7f7&#8243;][et_pb_fullwidth_post_title meta=&#8220;off&#8220; featured_image=&#8220;off&#8220; text_color=&#8220;light&#8220; _builder_version=&#8220;3.0.51&#8243; title_font_size=&#8220;62px&#8220; parallax_method=&#8220;on&#8220; \/][et_pb_fullwidth_menu menu_id=&#8220;10&#8243; background_color=&#8220;#f96c39&#8243; background_layout=&#8220;dark&#8220; submenu_direction=&#8220;upwards&#8220; fullwidth_menu=&#8220;off&#8220; active_link_color=&#8220;#edef81&#8243; dropdown_menu_line_color=&#8220;#ffffff&#8220; _builder_version=&#8220;3.0.66&#8243; menu_font=&#8220;|on||on|&#8220; global_module=&#8220;544&#8243; saved_tabs=&#8220;all&#8220; \/][\/et_pb_section][et_pb_section bb_built=&#8220;1&#8243; admin_label=&#8220;section&#8220; background_color=&#8220;#f7f7f7&#8243; inner_shadow=&#8220;on&#8220; _builder_version=&#8220;3.0.47&#8243; prev_background_color=&#8220;#ffffff&#8220; next_background_color=&#8220;#f96c39&#8243;][et_pb_row admin_label=&#8220;row&#8220; _builder_version=&#8220;3.0.47&#8243; background_size=&#8220;initial&#8220; background_position=&#8220;top_left&#8220; background_repeat=&#8220;repeat&#8220;][et_pb_column type=&#8220;1_2&#8243;][et_pb_text admin_label=&#8220;Mario Fontana&#8220; _builder_version=&#8220;3.0.105&#8243; background_layout=&#8220;light&#8220;]<\/p>\n<h2>Mario Fontana<\/h2>\n<p>Mein Vater spielte Akkordeon und sp\u00e4ter Perkussion in der \u201cBanda di Ascona\u201d, aus dem Dorf, in dem ich aufgewachsen bin. Meine \u00e4lteren Br\u00fcder spielten auf den Plattenspielern im Haus die Vinylplatten von Jimi Hendrix, PFM, Genesis usw. rauf und runter. Ihre Musik war die Klanglandschaft meiner Kindheit.<\/p>\n<p>1970 kam eine klassische Gitarre ins Haus! Ich begann, die Gitarrengriffe f\u00fcr Rock n\u2019Roll und ein paar Akkorde zu lernen. Meine Br\u00fcder \u00fcbten mit ihren Gruppen im Keller und wenn ein Mitglied fehlte, setzten sie mich ans Schlagzeug oder an den Bass und sagten \u201elegt den Finger zuerst hier hin und dann da\u2026\u201c.<\/p>\n<p>Ich merkte sofort, wie \u00fcberw\u00e4ltigend es war, mit anderen zu musizieren und es war \u00fcberraschend f\u00fcr mich, in diese mir noch v\u00f6llig unbekannte Welt einzutauchen. Gl\u00fccklicherweise wiesen meine Lehrer in der Primarschule der Musik eine grosse Bedeutung zu. Singen und Fl\u00f6tenspielen war immer Teil der Aktivit\u00e4ten, die sie uns anboten.<\/p>\n<p>Musik wurde immer mehr zu einem Bed\u00fcrfnis. Ich fing an, Gitarre- und Klavierspielen zu lernen, zuerst als Autodidakt, dann von 1981 bis 1987 in Gitarrekursen mit Aldo Martinoni und sp\u00e4ter am Konservatorium.<\/p>\n<p>Ich sammelte Erfahrungen mit unterschiedlichen Ausdrucksformen wie Fotografie, Tanz und Theater und gr\u00fcndete die \u201eCompagnia Comesen\u201c. Die von mir inszenierten St\u00fccke hatten alle das Ziel, sich durch die Kunst f\u00fcr die Friedensf\u00f6rderung einzusetzen.<\/p>\n<p>Mit der Gruppe Antahkarana setzte ich mich mit der \u201eWorld Music\u201c auseinander, f\u00fcr mich eine grundlegende Erfahrung. Daraus entstand eine Zusammenarbeit mit mehreren \u00c4rzten, die zur Produktion von Tonb\u00e4ndern und CDs f\u00fchrte und der Verbreitung der Musiktherapie diente.<\/p>\n<p>1990 begann ich, an Primarschulen Musik zu unterrichten. Meine Passion f\u00fcr den Gesang wurde immer deutlicher. Zu sehen, wie weniger begabte Kinder H\u00fcrden \u00fcberwinden und Fortschritte machen, war f\u00fcr mich ein Grund zu grosser Zufriedenheit und pers\u00f6nlicher Motivation.<\/p>\n<p>1992 erhielt ich das Diplom als Musikp\u00e4dagoge vom Conservatorio della Svizzera Italiana. Dann unternahm ich mehrere Jahre lang Reisen in die Tschechische Republik, wo ich bei aussergew\u00f6hnlichen Maestros wie Milan Uherek, Alois und Tomas Motyl, Dr. Olga Dutkova und Eric Ericson studierte. Ich besuchte Seminare f\u00fcr Stimmbildung am Roy Hart Theatre in London (1994) und mit Pamela Cook (1999).<\/p>\n<p>1993 gr\u00fcndete ich den Chor Calicantus. Damit begann ein Abenteuer, das bis heute fast 1500 Kindern die Gelegenheit geboten hat, miteinander zu singen und menschliche und k\u00fcnstlerische Erfahrungen zu teilen, von denen ich hoffe, dass sie in ihren Herzen bleiben werden.<\/p>\n<p>Ich werde oft eingeladen, als Jurymitglied bei Chorwettbewerben zu fungieren und Workshops und Seminare \u00fcber Stimmbildung zu halten.<\/p>\n<p>[\/et_pb_text][et_pb_cta _builder_version=&#8220;3.0.76&#8243; title=&#8220;Mario Fontana &#8211; Curriculum Vitae&#8220; url_new_window=&#8220;on&#8220; use_background_color=&#8220;on&#8220; background_layout=&#8220;dark&#8220; border_style=&#8220;solid&#8220; custom_button=&#8220;on&#8220; button_letter_spacing=&#8220;0&#8243; button_icon=&#8220;%%266%%&#8220; button_icon_placement=&#8220;right&#8220; button_letter_spacing_hover=&#8220;0&#8243; animation_style=&#8220;fade&#8220; button_text=&#8220;Download&#8220; button_url=&#8220;\/wp-content\/uploads\/2017\/09\/Curriculum-Mario-Fontana.pdf&#8220; \/][\/et_pb_column][et_pb_column type=&#8220;1_2&#8243;][et_pb_image src=&#8220;https:\/\/www.corocalicantus.org\/\/wp-content\/uploads\/mario_fontana.jpg&#8220; _builder_version=&#8220;3.0.76&#8243; animation_style=&#8220;fade&#8220; animation_duration=&#8220;500ms&#8220; animation_intensity_slide=&#8220;10%&#8220; animation_direction=&#8220;left&#8220; show_in_lightbox=&#8220;off&#8220; url_new_window=&#8220;off&#8220; use_overlay=&#8220;off&#8220; sticky=&#8220;off&#8220; align=&#8220;left&#8220; always_center_on_mobile=&#8220;on&#8220; border_style=&#8220;solid&#8220; force_fullwidth=&#8220;off&#8220; show_bottom_space=&#8220;on&#8220; \/][et_pb_image src=&#8220;https:\/\/www.corocalicantus.org\/\/wp-content\/uploads\/MAESTRO.jpg&#8220; _builder_version=&#8220;3.0.51&#8243; animation_style=&#8220;slide&#8220; animation_duration=&#8220;500ms&#8220; animation_intensity_slide=&#8220;10%&#8220; animation_direction=&#8220;left&#8220; show_bottom_space=&#8220;on&#8220; \/][\/et_pb_column][\/et_pb_row][et_pb_row make_equal=&#8220;on&#8220; _builder_version=&#8220;3.0.74&#8243; background_size=&#8220;initial&#8220; background_position=&#8220;top_left&#8220; background_repeat=&#8220;repeat&#8220; background_position_1=&#8220;top_left&#8220; background_repeat_1=&#8220;no-repeat&#8220; background_position_2=&#8220;top_left&#8220; background_repeat_2=&#8220;no-repeat&#8220; background_position_3=&#8220;top_left&#8220; background_repeat_3=&#8220;no-repeat&#8220;][et_pb_column type=&#8220;1_3&#8243;][et_pb_testimonial author=&#8220;Milan Uherek&#8220; job_title=&#8220;Gr\u00fcnder des Chores Sever\u00e1\u010dek in Liberec, Tschechische Republik&#8220; background_layout=&#8220;light&#8220; text_orientation=&#8220;center&#8220; quote_icon_color=&#8220;#edb059&#8243; _builder_version=&#8220;3.0.51&#8243; body_font=&#8220;||||&#8220; use_border_color=&#8220;on&#8220; border_color=&#8220;#edb059&#8243; border_width=&#8220;2px&#8220; border_style=&#8220;dotted&#8220; custom_css_main_element=&#8220;border-left:0px;||border-right:0px;||border-bottom:0px;&#8220; custom_css_testimonial_author=&#8220;color: #F96C39;&#8220; custom_css_testimonial_meta=&#8220;color: #F96C39;||font-style:italic;&#8220; border_color_all=&#8220;#edb059&#8243; border_width_all=&#8220;2px&#8220; border_style_all=&#8220;dotted&#8220; border_radii_portrait=&#8220;on|90px|90px|90px|90px&#8220;]<\/p>\n<p>\u2026 der Gesang seines Chores ist wunderbar leicht, frei von \u00dcberheblichkeit und vom Impuls, mit technischen Artefakten und Komplikationen faszinieren zu wollen\u2026 er schenkt einem eine tiefgehende Erfahrung und pure Gef\u00fchle.<\/p>\n<p>[\/et_pb_testimonial][\/et_pb_column][et_pb_column type=&#8220;1_3&#8243;][et_pb_testimonial author=&#8220;Mar\u00eda Guinand&#8220; job_title=&#8220;K\u00fcnstlerische Leiterin der Fundaci\u00f3n Schola Cantorum in Venezuela&#8220; background_layout=&#8220;light&#8220; text_orientation=&#8220;center&#8220; quote_icon_color=&#8220;#edb059&#8243; _builder_version=&#8220;3.0.51&#8243; body_font=&#8220;||||&#8220; use_border_color=&#8220;on&#8220; border_color=&#8220;#edb059&#8243; border_width=&#8220;2px&#8220; border_style=&#8220;dotted&#8220; custom_css_main_element=&#8220;border-left:0px;||border-right:0px;||border-bottom:0px;&#8220; custom_css_testimonial_author=&#8220;color: #F96C39;&#8220; custom_css_testimonial_meta=&#8220;color: #F96C39;||font-style:italic;&#8220; border_color_all=&#8220;#edb059&#8243; border_width_all=&#8220;2px&#8220; border_style_all=&#8220;dotted&#8220; border_radii_portrait=&#8220;on|90px|90px|90px|90px&#8220;]<\/p>\n<p>Es besteht kein Zweifel, dass es f\u00fcr diese ausserordentlichen Resultate einen hervorragenden Maestro braucht. Der junge und anspruchsvolle Leiter, Marion Fontana, weiss ganz klar, wie ein wirklich besonderer Kinder- und Jugendchor unterrichtet und aufgebaut werden muss. Meine allerbesten Gl\u00fcckw\u00fcnsche!<\/p>\n<p>[\/et_pb_testimonial][\/et_pb_column][et_pb_column type=&#8220;1_3&#8243;][et_pb_testimonial author=&#8220;Tom\u00e1\u0161 Mot\u00fdl &#8220; job_title=&#8220;Leiter des Kinderchores Motyli \u0160umperk, Tschechische Republik&#8220; background_layout=&#8220;light&#8220; text_orientation=&#8220;center&#8220; quote_icon_color=&#8220;#edb059&#8243; _builder_version=&#8220;3.0.51&#8243; body_font=&#8220;||||&#8220; use_border_color=&#8220;on&#8220; border_color=&#8220;#edb059&#8243; border_width=&#8220;2px&#8220; border_style=&#8220;dotted&#8220; custom_css_main_element=&#8220;border-left:0px;||border-right:0px;||border-bottom:0px;&#8220; custom_css_testimonial_author=&#8220;color: #F96C39;&#8220; custom_css_testimonial_meta=&#8220;color: #F96C39;||font-style:italic;&#8220; border_color_all=&#8220;#edb059&#8243; border_width_all=&#8220;2px&#8220; border_style_all=&#8220;dotted&#8220; border_radii_portrait=&#8220;on|90px|90px|90px|90px&#8220;]<\/p>\n<p>Es ist eine Freude feststellen zu k\u00f6nnen, dass es heute noch ein Chorensemble gibt, das \u00fcber eine vortreffliche Kunst der Interpretation und eine grosse N\u00e4chstenliebe verf\u00fcgt. Mario Fontana schafft es, mit seinem Chor die eigene Begeisterung in die Seele der Zuh\u00f6renden zu \u00fcbertragen&#8230;<\/p>\n<p>[\/et_pb_testimonial][\/et_pb_column][\/et_pb_row][\/et_pb_section][et_pb_section bb_built=&#8220;1&#8243; admin_label=&#8220;section&#8220; background_color=&#8220;#f96c39&#8243; _builder_version=&#8220;3.0.66&#8243; prev_background_color=&#8220;#f7f7f7&#8243; global_module=&#8220;208&#8243;][et_pb_row global_parent=&#8220;208&#8243; custom_padding=&#8220;0%||0px|&#8220; _builder_version=&#8220;3.0.61&#8243; background_size=&#8220;initial&#8220; background_position=&#8220;top_left&#8220; background_repeat=&#8220;repeat&#8220;][et_pb_column type=&#8220;4_4&#8243;][et_pb_text global_parent=&#8220;208&#8243; background_layout=&#8220;dark&#8220; _builder_version=&#8220;3.0.66&#8243; text_font=&#8220;|||on|&#8220; custom_margin=&#8220;||1%|&#8220; text_letter_spacing=&#8220;1px&#8220; custom_css_main_element=&#8220;border-bottom:2px dotted #fff;&#8220;]<\/p>\n<h1 style=\"text-align: center;\">Entdecke unsere Ch\u00f6re<\/h1>\n<p>[\/et_pb_text][\/et_pb_column][\/et_pb_row][et_pb_row admin_label=&#8220;row&#8220; global_parent=&#8220;208&#8243; gutter_width=&#8220;2&#8243; custom_padding=&#8220;1%||1%|&#8220; make_equal=&#8220;on&#8220; background_position_1=&#8220;top_left&#8220; background_position_2=&#8220;top_left&#8220; background_position_3=&#8220;top_left&#8220; background_repeat_1=&#8220;no-repeat&#8220; background_repeat_2=&#8220;no-repeat&#8220; background_repeat_3=&#8220;no-repeat&#8220; _builder_version=&#8220;3.0.66&#8243; background_size=&#8220;initial&#8220; background_position=&#8220;top_left&#8220; background_repeat=&#8220;repeat&#8220; use_custom_gutter=&#8220;on&#8220;][et_pb_column type=&#8220;1_4&#8243;][et_pb_text global_parent=&#8220;208&#8243; _builder_version=&#8220;3.0.76&#8243; background_layout=&#8220;dark&#8220; border_style=&#8220;solid&#8220; text_font=&#8220;|on|||&#8220; text_orientation=&#8220;center&#8220;]<\/p>\n<p>von 2 bis 6 Jahren<\/p>\n<p>[\/et_pb_text][et_pb_image global_parent=&#8220;208&#8243; _builder_version=&#8220;3.0.76&#8243; src=&#8220;https:\/\/www.corocalicantus.org\/\/wp-content\/uploads\/per_i_piu_piccoli.jpg&#8220; show_in_lightbox=&#8220;off&#8220; url_new_window=&#8220;off&#8220; use_overlay=&#8220;off&#8220; always_center_on_mobile=&#8220;on&#8220; border_style=&#8220;solid&#8220; force_fullwidth=&#8220;off&#8220; show_bottom_space=&#8220;on&#8220; align=&#8220;center&#8220; animation_style=&#8220;fade&#8220; \/][et_pb_text global_parent=&#8220;208&#8243; _builder_version=&#8220;3.0.76&#8243; background_layout=&#8220;dark&#8220; border_style=&#8220;solid&#8220; text_font=&#8220;|on|||&#8220; text_orientation=&#8220;center&#8220; animation_style=&#8220;fade&#8220;]<\/p>\n<h2>Per i pi\u00f9 piccoli<\/h2>\n<ul>\n<li><a style=\"color: #ffffff;\" href=\"https:\/\/www.corocalicantus.org\/i-cori\/per-i-piu-piccoli\/\">Incontri genitore- bambino<\/a><\/li>\n<li><a style=\"color: #ffffff;\" href=\"https:\/\/www.corocalicantus.org\/i-cori\/per-i-piu-piccoli\/#iniziazione\">Iniziazione vocale e ritmica<\/a><\/li>\n<\/ul>\n<p>[\/et_pb_text][\/et_pb_column][et_pb_column type=&#8220;1_4&#8243;][et_pb_text global_parent=&#8220;208&#8243; _builder_version=&#8220;3.0.76&#8243; background_layout=&#8220;dark&#8220; border_style=&#8220;solid&#8220; text_font=&#8220;|on|||&#8220; text_orientation=&#8220;center&#8220;]<\/p>\n<p>Sechsj\u00e4hrige Kinder<\/p>\n<p>[\/et_pb_text][et_pb_image global_parent=&#8220;208&#8243; _builder_version=&#8220;3.0.77&#8243; src=&#8220;https:\/\/www.corocalicantus.org\/\/wp-content\/uploads\/2017\/07\/prima_elementare.jpg&#8220; show_in_lightbox=&#8220;off&#8220; url_new_window=&#8220;off&#8220; use_overlay=&#8220;off&#8220; always_center_on_mobile=&#8220;on&#8220; border_style=&#8220;solid&#8220; force_fullwidth=&#8220;off&#8220; show_bottom_space=&#8220;on&#8220; align=&#8220;center&#8220; animation_style=&#8220;fade&#8220; \/][et_pb_text global_parent=&#8220;208&#8243; _builder_version=&#8220;3.0.76&#8243; background_layout=&#8220;dark&#8220; border_style=&#8220;solid&#8220; text_font=&#8220;|on|||&#8220; text_orientation=&#8220;center&#8220; animation_style=&#8220;fade&#8220;]<\/p>\n<h2>Coro della 1a elementare<\/h2>\n<ul>\n<li><a style=\"color: #ffffff;\" href=\"https:\/\/www.corocalicantus.org\/i-cori\/coro-1a-elementare\/\">Scopri il coro<\/a><\/li>\n<\/ul>\n<p>[\/et_pb_text][\/et_pb_column][et_pb_column type=&#8220;1_4&#8243;][et_pb_text global_parent=&#8220;208&#8243; _builder_version=&#8220;3.0.76&#8243; background_layout=&#8220;dark&#8220; border_style=&#8220;solid&#8220; text_font=&#8220;|on|||&#8220; text_orientation=&#8220;center&#8220;]<\/p>\n<p>von 7 bis 11 Jahren<\/p>\n<p>[\/et_pb_text][et_pb_image global_parent=&#8220;208&#8243; _builder_version=&#8220;3.0.76&#8243; src=&#8220;https:\/\/www.corocalicantus.org\/\/wp-content\/uploads\/coro_preparatorio_1.jpg&#8220; show_in_lightbox=&#8220;off&#8220; url_new_window=&#8220;off&#8220; use_overlay=&#8220;off&#8220; always_center_on_mobile=&#8220;on&#8220; border_style=&#8220;solid&#8220; force_fullwidth=&#8220;off&#8220; show_bottom_space=&#8220;on&#8220; align=&#8220;center&#8220; animation_style=&#8220;fade&#8220; \/][et_pb_text global_parent=&#8220;208&#8243; _builder_version=&#8220;3.0.76&#8243; background_layout=&#8220;dark&#8220; border_style=&#8220;solid&#8220; text_font=&#8220;|on|||&#8220; text_orientation=&#8220;center&#8220; animation_style=&#8220;fade&#8220;]<\/p>\n<h2>Cori preparatori<\/h2>\n<ul>\n<li><a style=\"color: #ffffff;\" href=\"https:\/\/www.corocalicantus.org\/i-cori\/coro-preparatorio-1\/\">Coro preparatorio 1<\/a><\/li>\n<li><a style=\"color: #ffffff;\" href=\"https:\/\/www.corocalicantus.org\/i-cori\/coro-preparatorio-2\/\">Coro preparatorio 2<\/a><\/li>\n<\/ul>\n<p>[\/et_pb_text][\/et_pb_column][et_pb_column type=&#8220;1_4&#8243;][et_pb_text global_parent=&#8220;208&#8243; _builder_version=&#8220;3.0.76&#8243; background_layout=&#8220;dark&#8220; border_style=&#8220;solid&#8220; text_font=&#8220;|on|||&#8220; text_orientation=&#8220;center&#8220;]<\/p>\n<p>von 10 bis 18 Jahren<\/p>\n<p>[\/et_pb_text][et_pb_image global_parent=&#8220;208&#8243; _builder_version=&#8220;3.0.76&#8243; src=&#8220;https:\/\/www.corocalicantus.org\/\/wp-content\/uploads\/CORO_Principale.jpg&#8220; show_in_lightbox=&#8220;off&#8220; url_new_window=&#8220;off&#8220; use_overlay=&#8220;off&#8220; always_center_on_mobile=&#8220;on&#8220; border_style=&#8220;solid&#8220; force_fullwidth=&#8220;off&#8220; show_bottom_space=&#8220;on&#8220; align=&#8220;center&#8220; animation_style=&#8220;fade&#8220; \/][et_pb_text global_parent=&#8220;208&#8243; _builder_version=&#8220;3.0.76&#8243; background_layout=&#8220;dark&#8220; border_style=&#8220;solid&#8220; text_font=&#8220;|on|||&#8220; text_orientation=&#8220;center&#8220; animation_style=&#8220;fade&#8220;]<\/p>\n<h2>Coro principale<\/h2>\n<ul>\n<li><a style=\"color: #ffffff;\" href=\"https:\/\/www.corocalicantus.org\/i-cori\/coro-principale\/\">Scopri il coro<\/a><\/li>\n<\/ul>\n<p>[\/et_pb_text][\/et_pb_column][\/et_pb_row][\/et_pb_section]<\/p>\n","protected":false},"excerpt":{"rendered":"<p>Mario Fontana Mein Vater spielte Akkordeon und sp\u00e4ter Perkussion in der \u201cBanda di Ascona\u201d, aus dem Dorf, in dem ich aufgewachsen bin. Meine \u00e4lteren Br\u00fcder spielten auf den Plattenspielern im Haus die Vinylplatten von Jimi Hendrix, PFM, Genesis usw. rauf und runter. Ihre Musik war die Klanglandschaft meiner Kindheit. 1970 kam eine klassische Gitarre ins [&hellip;]<\/p>\n","protected":false},"author":1,"featured_media":0,"parent":2328,"menu_order":0,"comment_status":"closed","ping_status":"closed","template":"","meta":{"_et_pb_use_builder":"on","_et_pb_old_content":"","_et_gb_content_width":"","footnotes":""},"class_list":["post-2363","page","type-page","status-publish","hentry"],"yoast_head":"<!-- This site is optimized with the Yoast SEO plugin v24.6 - https:\/\/yoast.com\/wordpress\/plugins\/seo\/ -->\n<title>Der Maestro | Coro Calicantus<\/title>\n<meta name=\"robots\" content=\"index, follow, max-snippet:-1, max-image-preview:large, max-video-preview:-1\" \/>\n<link rel=\"canonical\" href=\"https:\/\/www.corocalicantus.org\/de\/was-ist-calicantus\/der-maestro\/\" \/>\n<meta property=\"og:locale\" content=\"de_DE\" \/>\n<meta property=\"og:type\" content=\"article\" \/>\n<meta property=\"og:title\" content=\"Der Maestro | Coro Calicantus\" \/>\n<meta property=\"og:description\" content=\"Mario Fontana Mein Vater spielte Akkordeon und sp\u00e4ter Perkussion in der \u201cBanda di Ascona\u201d, aus dem Dorf, in dem ich aufgewachsen bin. Meine \u00e4lteren Br\u00fcder spielten auf den Plattenspielern im Haus die Vinylplatten von Jimi Hendrix, PFM, Genesis usw. rauf und runter. Ihre Musik war die Klanglandschaft meiner Kindheit. 1970 kam eine klassische Gitarre ins [&hellip;]\" \/>\n<meta property=\"og:url\" content=\"https:\/\/www.corocalicantus.org\/de\/was-ist-calicantus\/der-maestro\/\" \/>\n<meta property=\"og:site_name\" content=\"Coro Calicantus\" \/>\n<meta property=\"article:publisher\" content=\"https:\/\/www.facebook.com\/corocalicantuslocarnoticino\/\" \/>\n<meta property=\"article:modified_time\" content=\"2018-02-26T16:58:24+00:00\" \/>\n<meta name=\"twitter:card\" content=\"summary_large_image\" \/>\n<meta name=\"twitter:label1\" content=\"Gesch\u00e4tzte Lesezeit\" \/>\n\t<meta name=\"twitter:data1\" content=\"9\u00a0Minuten\" \/>\n<script type=\"application\/ld+json\" class=\"yoast-schema-graph\">{\"@context\":\"https:\/\/schema.org\",\"@graph\":[{\"@type\":\"WebPage\",\"@id\":\"https:\/\/www.corocalicantus.org\/de\/was-ist-calicantus\/der-maestro\/\",\"url\":\"https:\/\/www.corocalicantus.org\/de\/was-ist-calicantus\/der-maestro\/\",\"name\":\"Der Maestro | Coro Calicantus\",\"isPartOf\":{\"@id\":\"https:\/\/www.corocalicantus.org\/#website\"},\"datePublished\":\"2017-05-29T13:42:14+00:00\",\"dateModified\":\"2018-02-26T16:58:24+00:00\",\"breadcrumb\":{\"@id\":\"https:\/\/www.corocalicantus.org\/de\/was-ist-calicantus\/der-maestro\/#breadcrumb\"},\"inLanguage\":\"de\",\"potentialAction\":[{\"@type\":\"ReadAction\",\"target\":[\"https:\/\/www.corocalicantus.org\/de\/was-ist-calicantus\/der-maestro\/\"]}]},{\"@type\":\"BreadcrumbList\",\"@id\":\"https:\/\/www.corocalicantus.org\/de\/was-ist-calicantus\/der-maestro\/#breadcrumb\",\"itemListElement\":[{\"@type\":\"ListItem\",\"position\":1,\"name\":\"Home\",\"item\":\"https:\/\/www.corocalicantus.org\/de\/\"},{\"@type\":\"ListItem\",\"position\":2,\"name\":\"Was ist Calicantus?\",\"item\":\"https:\/\/www.corocalicantus.org\/de\/was-ist-calicantus\/\"},{\"@type\":\"ListItem\",\"position\":3,\"name\":\"Der Maestro\"}]},{\"@type\":\"WebSite\",\"@id\":\"https:\/\/www.corocalicantus.org\/#website\",\"url\":\"https:\/\/www.corocalicantus.org\/\",\"name\":\"Coro Calicantus\",\"description\":\"Scopri la magia della musica\",\"potentialAction\":[{\"@type\":\"SearchAction\",\"target\":{\"@type\":\"EntryPoint\",\"urlTemplate\":\"https:\/\/www.corocalicantus.org\/?s={search_term_string}\"},\"query-input\":{\"@type\":\"PropertyValueSpecification\",\"valueRequired\":true,\"valueName\":\"search_term_string\"}}],\"inLanguage\":\"de\"}]}<\/script>\n<!-- \/ Yoast SEO plugin. -->","yoast_head_json":{"title":"Der Maestro | Coro Calicantus","robots":{"index":"index","follow":"follow","max-snippet":"max-snippet:-1","max-image-preview":"max-image-preview:large","max-video-preview":"max-video-preview:-1"},"canonical":"https:\/\/www.corocalicantus.org\/de\/was-ist-calicantus\/der-maestro\/","og_locale":"de_DE","og_type":"article","og_title":"Der Maestro | Coro Calicantus","og_description":"Mario Fontana Mein Vater spielte Akkordeon und sp\u00e4ter Perkussion in der \u201cBanda di Ascona\u201d, aus dem Dorf, in dem ich aufgewachsen bin. Meine \u00e4lteren Br\u00fcder spielten auf den Plattenspielern im Haus die Vinylplatten von Jimi Hendrix, PFM, Genesis usw. rauf und runter. Ihre Musik war die Klanglandschaft meiner Kindheit. 1970 kam eine klassische Gitarre ins [&hellip;]","og_url":"https:\/\/www.corocalicantus.org\/de\/was-ist-calicantus\/der-maestro\/","og_site_name":"Coro Calicantus","article_publisher":"https:\/\/www.facebook.com\/corocalicantuslocarnoticino\/","article_modified_time":"2018-02-26T16:58:24+00:00","twitter_card":"summary_large_image","twitter_misc":{"Gesch\u00e4tzte Lesezeit":"9\u00a0Minuten"},"schema":{"@context":"https:\/\/schema.org","@graph":[{"@type":"WebPage","@id":"https:\/\/www.corocalicantus.org\/de\/was-ist-calicantus\/der-maestro\/","url":"https:\/\/www.corocalicantus.org\/de\/was-ist-calicantus\/der-maestro\/","name":"Der Maestro | Coro Calicantus","isPartOf":{"@id":"https:\/\/www.corocalicantus.org\/#website"},"datePublished":"2017-05-29T13:42:14+00:00","dateModified":"2018-02-26T16:58:24+00:00","breadcrumb":{"@id":"https:\/\/www.corocalicantus.org\/de\/was-ist-calicantus\/der-maestro\/#breadcrumb"},"inLanguage":"de","potentialAction":[{"@type":"ReadAction","target":["https:\/\/www.corocalicantus.org\/de\/was-ist-calicantus\/der-maestro\/"]}]},{"@type":"BreadcrumbList","@id":"https:\/\/www.corocalicantus.org\/de\/was-ist-calicantus\/der-maestro\/#breadcrumb","itemListElement":[{"@type":"ListItem","position":1,"name":"Home","item":"https:\/\/www.corocalicantus.org\/de\/"},{"@type":"ListItem","position":2,"name":"Was ist Calicantus?","item":"https:\/\/www.corocalicantus.org\/de\/was-ist-calicantus\/"},{"@type":"ListItem","position":3,"name":"Der Maestro"}]},{"@type":"WebSite","@id":"https:\/\/www.corocalicantus.org\/#website","url":"https:\/\/www.corocalicantus.org\/","name":"Coro Calicantus","description":"Scopri la magia della musica","potentialAction":[{"@type":"SearchAction","target":{"@type":"EntryPoint","urlTemplate":"https:\/\/www.corocalicantus.org\/?s={search_term_string}"},"query-input":{"@type":"PropertyValueSpecification","valueRequired":true,"valueName":"search_term_string"}}],"inLanguage":"de"}]}},"_links":{"self":[{"href":"https:\/\/www.corocalicantus.org\/de\/wp-json\/wp\/v2\/pages\/2363","targetHints":{"allow":["GET"]}}],"collection":[{"href":"https:\/\/www.corocalicantus.org\/de\/wp-json\/wp\/v2\/pages"}],"about":[{"href":"https:\/\/www.corocalicantus.org\/de\/wp-json\/wp\/v2\/types\/page"}],"author":[{"embeddable":true,"href":"https:\/\/www.corocalicantus.org\/de\/wp-json\/wp\/v2\/users\/1"}],"replies":[{"embeddable":true,"href":"https:\/\/www.corocalicantus.org\/de\/wp-json\/wp\/v2\/comments?post=2363"}],"version-history":[{"count":33,"href":"https:\/\/www.corocalicantus.org\/de\/wp-json\/wp\/v2\/pages\/2363\/revisions"}],"predecessor-version":[{"id":3790,"href":"https:\/\/www.corocalicantus.org\/de\/wp-json\/wp\/v2\/pages\/2363\/revisions\/3790"}],"up":[{"embeddable":true,"href":"https:\/\/www.corocalicantus.org\/de\/wp-json\/wp\/v2\/pages\/2328"}],"wp:attachment":[{"href":"https:\/\/www.corocalicantus.org\/de\/wp-json\/wp\/v2\/media?parent=2363"}],"curies":[{"name":"wp","href":"https:\/\/api.w.org\/{rel}","templated":true}]}}