{"id":2375,"date":"2017-05-29T14:40:07","date_gmt":"2017-05-29T13:40:07","guid":{"rendered":"https:\/\/www.corocalicantus.org\/\/was-ist-calicantus\/die-lektionen\/"},"modified":"2018-02-21T21:13:01","modified_gmt":"2018-02-21T20:13:01","slug":"die-lektionen","status":"publish","type":"page","link":"https:\/\/www.corocalicantus.org\/de\/was-ist-calicantus\/die-lektionen\/","title":{"rendered":"Die Lektionen"},"content":{"rendered":"<p>[et_pb_section bb_built=&#8220;1&#8243; fullwidth=&#8220;on&#8220; _builder_version=&#8220;3.0.76&#8243; background_image=&#8220;https:\/\/www.corocalicantus.org\/\/wp-content\/uploads\/2017\/05\/Le_lezoni.jpg&#8220; parallax=&#8220;on&#8220; parallax_method=&#8220;off&#8220; module_class=&#8220;header_pagine&#8220; next_background_color=&#8220;#f7f7f7&#8243;][et_pb_fullwidth_post_title meta=&#8220;off&#8220; featured_image=&#8220;off&#8220; background_size=&#8220;initial&#8220; background_position=&#8220;top_left&#8220; background_repeat=&#8220;repeat&#8220; text_color=&#8220;light&#8220; _builder_version=&#8220;3.0.51&#8243; title_font_size=&#8220;62px&#8220; parallax_method=&#8220;off&#8220; \/][et_pb_fullwidth_menu menu_id=&#8220;10&#8243; background_color=&#8220;#f96c39&#8243; background_layout=&#8220;dark&#8220; submenu_direction=&#8220;upwards&#8220; fullwidth_menu=&#8220;off&#8220; active_link_color=&#8220;#edef81&#8243; dropdown_menu_line_color=&#8220;#ffffff&#8220; _builder_version=&#8220;3.0.66&#8243; menu_font=&#8220;|on||on|&#8220; global_module=&#8220;544&#8243; saved_tabs=&#8220;all&#8220; \/][\/et_pb_section][et_pb_section bb_built=&#8220;1&#8243; admin_label=&#8220;section&#8220; background_color=&#8220;#f7f7f7&#8243; inner_shadow=&#8220;on&#8220; _builder_version=&#8220;3.0.51&#8243; prev_background_color=&#8220;#ffffff&#8220; next_background_color=&#8220;#f96c39&#8243;][et_pb_row admin_label=&#8220;row&#8220; _builder_version=&#8220;3.0.47&#8243; background_size=&#8220;initial&#8220; background_position=&#8220;top_left&#8220; background_repeat=&#8220;repeat&#8220;][et_pb_column type=&#8220;1_2&#8243;][et_pb_text admin_label=&#8220;Le lezioni di canto della scuola Calicantus&#8220; _builder_version=&#8220;3.0.105&#8243; background_layout=&#8220;light&#8220;]<\/p>\n<h2>Der Singunterricht der Singschule Calicantus<\/h2>\n<p><strong>Der Gesang ist eine Funktion des Menschen. <\/strong><\/p>\n<p>Der Singunterricht ist so aufgebaut, dass er den Kindern von Anfang an Spass macht und gleichzeitig die Gesundheit der Stimme erhalten bleibt.<\/p>\n<p>&nbsp;<\/p>\n<p>Mit einem abgestuften, dem Alter der Kinder angepassten Programm, wird die Stimmtechnik und die gemeinsame Lust am Singen entwickelt.<\/p>\n<p>&nbsp;<\/p>\n<p>Spiel, Bewegung, Geh\u00f6rbildung, H\u00f6rbewusstsein, Schweigen, Aufmerksamkeit, Konzentration, Ged\u00e4chtnis, Disziplin, Respekt f\u00fcr sich selbst und f\u00fcr alle anderen.<\/p>\n<p>&nbsp;<\/p>\n<p><strong>Stimmtechnik <\/strong>heisst, seinen eigenen K\u00f6rper kennen und sich Respekt f\u00fcr die Stimme aneignen, das physische Ohr, das Musikgeh\u00f6r, die Atmung, Artikulation, Resonanz und Aussprache kennen lernen.<\/p>\n<p><strong>\u00a0<\/strong><\/p>\n<p><strong>Das Chorsingen <\/strong>ist mit anderen geteilte Magie, ist Lernen und \u00dcben des Repertoires, Geh\u00f6rbildung, Improvisation, Interpretation und Engagement f\u00fcr einen Erfolg; Kanons, Lieder f\u00fcr 2,3 und mehr Stimmen.<\/p>\n<p><strong>\u00a0<\/strong><\/p>\n<p><strong>Das Repertoire<\/strong> beinhaltet Lieder aus der kindlichen Fantasie und bietet lebendige Poesie, Melodie und Rhythmus.<\/p>\n<p><strong>Musiktheorie und Solf\u00e8ge <\/strong>verschaffen Genugtuung f\u00fcr die gr\u00f6sseren Kinder und umfassen gesprochenes und gesungenes Solf\u00e8ge, Harmonieelemente, Einf\u00fchrung in die Musikanalyse und in die Musikgeschichte.<\/p>\n<p><strong>\u00a0<\/strong><\/p>\n<p>[\/et_pb_text][\/et_pb_column][et_pb_column type=&#8220;1_2&#8243;][et_pb_image src=&#8220;https:\/\/www.corocalicantus.org\/\/wp-content\/uploads\/lezioni_canto.jpg&#8220; _builder_version=&#8220;3.0.59&#8243; animation_style=&#8220;slide&#8220; animation_duration=&#8220;500ms&#8220; animation_intensity_slide=&#8220;10%&#8220; animation_direction=&#8220;left&#8220; show_bottom_space=&#8220;on&#8220; \/][\/et_pb_column][\/et_pb_row][\/et_pb_section][et_pb_section bb_built=&#8220;1&#8243; background_color=&#8220;#f96c39&#8243; _builder_version=&#8220;3.0.74&#8243; parallax=&#8220;on&#8220; custom_margin=&#8220;||2%|&#8220; prev_background_color=&#8220;#f7f7f7&#8243; next_background_color=&#8220;#000000&#8243;][et_pb_row make_fullwidth=&#8220;on&#8220; use_custom_gutter=&#8220;on&#8220; gutter_width=&#8220;1&#8243; custom_padding=&#8220;0px||0px|&#8220; custom_margin=&#8220;0px||0px|&#8220; padding_top_1=&#8220;0px&#8220; padding_bottom_1=&#8220;0px&#8220; _builder_version=&#8220;3.0.61&#8243; background_size=&#8220;initial&#8220; background_position=&#8220;top_left&#8220; background_repeat=&#8220;repeat&#8220;][et_pb_column type=&#8220;4_4&#8243;][et_pb_gallery gallery_ids=&#8220;1144,1141,1138,1135,228&#8243; show_title_and_caption=&#8220;off&#8220; show_pagination=&#8220;off&#8220; zoom_icon_color=&#8220;#f96c39&#8243; hover_icon=&#8220;%%12%%&#8220; _builder_version=&#8220;3.0.74&#8243; fullwidth=&#8220;off&#8220; orientation=&#8220;landscape&#8220; hover_overlay_color=&#8220;rgba(255,255,255,0.9)&#8220; background_layout=&#8220;light&#8220; pagination_font_size_tablet=&#8220;51&#8243; pagination_line_height_tablet=&#8220;2&#8243; border_style=&#8220;solid&#8220; custom_css_gallery_item=&#8220;margin: 0 !important;||clear: none !important;||width: 20% !important;||&#8220; posts_number=&#8220;5&#8243; \/][\/et_pb_column][\/et_pb_row][\/et_pb_section][et_pb_section bb_built=&#8220;1&#8243; admin_label=&#8220;section&#8220; background_color=&#8220;#f96c39&#8243; _builder_version=&#8220;3.0.66&#8243; prev_background_color=&#8220;#000000&#8243; global_module=&#8220;208&#8243;][et_pb_row global_parent=&#8220;208&#8243; custom_padding=&#8220;0%||0px|&#8220; _builder_version=&#8220;3.0.61&#8243; background_size=&#8220;initial&#8220; background_position=&#8220;top_left&#8220; background_repeat=&#8220;repeat&#8220;][et_pb_column type=&#8220;4_4&#8243;][et_pb_text global_parent=&#8220;208&#8243; background_layout=&#8220;dark&#8220; _builder_version=&#8220;3.0.66&#8243; text_font=&#8220;|||on|&#8220; custom_margin=&#8220;||1%|&#8220; text_letter_spacing=&#8220;1px&#8220; custom_css_main_element=&#8220;border-bottom:2px dotted #fff;&#8220;]<\/p>\n<h1 style=\"text-align: center;\">Entdecke unsere Ch\u00f6re<\/h1>\n<p>[\/et_pb_text][\/et_pb_column][\/et_pb_row][et_pb_row admin_label=&#8220;row&#8220; global_parent=&#8220;208&#8243; gutter_width=&#8220;2&#8243; custom_padding=&#8220;1%||1%|&#8220; make_equal=&#8220;on&#8220; background_position_1=&#8220;top_left&#8220; background_position_2=&#8220;top_left&#8220; background_position_3=&#8220;top_left&#8220; background_repeat_1=&#8220;no-repeat&#8220; background_repeat_2=&#8220;no-repeat&#8220; background_repeat_3=&#8220;no-repeat&#8220; _builder_version=&#8220;3.0.66&#8243; background_size=&#8220;initial&#8220; background_position=&#8220;top_left&#8220; background_repeat=&#8220;repeat&#8220; use_custom_gutter=&#8220;on&#8220;][et_pb_column type=&#8220;1_4&#8243;][et_pb_text global_parent=&#8220;208&#8243; _builder_version=&#8220;3.0.76&#8243; background_layout=&#8220;dark&#8220; border_style=&#8220;solid&#8220; text_font=&#8220;|on|||&#8220; text_orientation=&#8220;center&#8220;]<\/p>\n<p>von 2 bis 6 Jahren<\/p>\n<p>[\/et_pb_text][et_pb_image global_parent=&#8220;208&#8243; _builder_version=&#8220;3.0.76&#8243; src=&#8220;https:\/\/www.corocalicantus.org\/\/wp-content\/uploads\/per_i_piu_piccoli.jpg&#8220; show_in_lightbox=&#8220;off&#8220; url_new_window=&#8220;off&#8220; use_overlay=&#8220;off&#8220; always_center_on_mobile=&#8220;on&#8220; border_style=&#8220;solid&#8220; force_fullwidth=&#8220;off&#8220; show_bottom_space=&#8220;on&#8220; align=&#8220;center&#8220; animation_style=&#8220;fade&#8220; \/][et_pb_text global_parent=&#8220;208&#8243; _builder_version=&#8220;3.0.76&#8243; background_layout=&#8220;dark&#8220; border_style=&#8220;solid&#8220; text_font=&#8220;|on|||&#8220; text_orientation=&#8220;center&#8220; animation_style=&#8220;fade&#8220;]<\/p>\n<h2>Per i pi\u00f9 piccoli<\/h2>\n<ul>\n<li><a style=\"color: #ffffff;\" href=\"https:\/\/www.corocalicantus.org\/i-cori\/per-i-piu-piccoli\/\">Incontri genitore- bambino<\/a><\/li>\n<li><a style=\"color: #ffffff;\" href=\"https:\/\/www.corocalicantus.org\/i-cori\/per-i-piu-piccoli\/#iniziazione\">Iniziazione vocale e ritmica<\/a><\/li>\n<\/ul>\n<p>[\/et_pb_text][\/et_pb_column][et_pb_column type=&#8220;1_4&#8243;][et_pb_text global_parent=&#8220;208&#8243; _builder_version=&#8220;3.0.76&#8243; background_layout=&#8220;dark&#8220; border_style=&#8220;solid&#8220; text_font=&#8220;|on|||&#8220; text_orientation=&#8220;center&#8220;]<\/p>\n<p>Sechsj\u00e4hrige Kinder<\/p>\n<p>[\/et_pb_text][et_pb_image global_parent=&#8220;208&#8243; _builder_version=&#8220;3.0.77&#8243; src=&#8220;https:\/\/www.corocalicantus.org\/\/wp-content\/uploads\/2017\/07\/prima_elementare.jpg&#8220; show_in_lightbox=&#8220;off&#8220; url_new_window=&#8220;off&#8220; use_overlay=&#8220;off&#8220; always_center_on_mobile=&#8220;on&#8220; border_style=&#8220;solid&#8220; force_fullwidth=&#8220;off&#8220; show_bottom_space=&#8220;on&#8220; align=&#8220;center&#8220; animation_style=&#8220;fade&#8220; \/][et_pb_text global_parent=&#8220;208&#8243; _builder_version=&#8220;3.0.76&#8243; background_layout=&#8220;dark&#8220; border_style=&#8220;solid&#8220; text_font=&#8220;|on|||&#8220; text_orientation=&#8220;center&#8220; animation_style=&#8220;fade&#8220;]<\/p>\n<h2>Coro della 1a elementare<\/h2>\n<ul>\n<li><a style=\"color: #ffffff;\" href=\"https:\/\/www.corocalicantus.org\/i-cori\/coro-1a-elementare\/\">Scopri il coro<\/a><\/li>\n<\/ul>\n<p>[\/et_pb_text][\/et_pb_column][et_pb_column type=&#8220;1_4&#8243;][et_pb_text global_parent=&#8220;208&#8243; _builder_version=&#8220;3.0.76&#8243; background_layout=&#8220;dark&#8220; border_style=&#8220;solid&#8220; text_font=&#8220;|on|||&#8220; text_orientation=&#8220;center&#8220;]<\/p>\n<p>von 7 bis 11 Jahren<\/p>\n<p>[\/et_pb_text][et_pb_image global_parent=&#8220;208&#8243; _builder_version=&#8220;3.0.76&#8243; src=&#8220;https:\/\/www.corocalicantus.org\/\/wp-content\/uploads\/coro_preparatorio_1.jpg&#8220; show_in_lightbox=&#8220;off&#8220; url_new_window=&#8220;off&#8220; use_overlay=&#8220;off&#8220; always_center_on_mobile=&#8220;on&#8220; border_style=&#8220;solid&#8220; force_fullwidth=&#8220;off&#8220; show_bottom_space=&#8220;on&#8220; align=&#8220;center&#8220; animation_style=&#8220;fade&#8220; \/][et_pb_text global_parent=&#8220;208&#8243; _builder_version=&#8220;3.0.76&#8243; background_layout=&#8220;dark&#8220; border_style=&#8220;solid&#8220; text_font=&#8220;|on|||&#8220; text_orientation=&#8220;center&#8220; animation_style=&#8220;fade&#8220;]<\/p>\n<h2>Cori preparatori<\/h2>\n<ul>\n<li><a style=\"color: #ffffff;\" href=\"https:\/\/www.corocalicantus.org\/i-cori\/coro-preparatorio-1\/\">Coro preparatorio 1<\/a><\/li>\n<li><a style=\"color: #ffffff;\" href=\"https:\/\/www.corocalicantus.org\/i-cori\/coro-preparatorio-2\/\">Coro preparatorio 2<\/a><\/li>\n<\/ul>\n<p>[\/et_pb_text][\/et_pb_column][et_pb_column type=&#8220;1_4&#8243;][et_pb_text global_parent=&#8220;208&#8243; _builder_version=&#8220;3.0.76&#8243; background_layout=&#8220;dark&#8220; border_style=&#8220;solid&#8220; text_font=&#8220;|on|||&#8220; text_orientation=&#8220;center&#8220;]<\/p>\n<p>von 10 bis 18 Jahren<\/p>\n<p>[\/et_pb_text][et_pb_image global_parent=&#8220;208&#8243; _builder_version=&#8220;3.0.76&#8243; src=&#8220;https:\/\/www.corocalicantus.org\/\/wp-content\/uploads\/CORO_Principale.jpg&#8220; show_in_lightbox=&#8220;off&#8220; url_new_window=&#8220;off&#8220; use_overlay=&#8220;off&#8220; always_center_on_mobile=&#8220;on&#8220; border_style=&#8220;solid&#8220; force_fullwidth=&#8220;off&#8220; show_bottom_space=&#8220;on&#8220; align=&#8220;center&#8220; animation_style=&#8220;fade&#8220; \/][et_pb_text global_parent=&#8220;208&#8243; _builder_version=&#8220;3.0.76&#8243; background_layout=&#8220;dark&#8220; border_style=&#8220;solid&#8220; text_font=&#8220;|on|||&#8220; text_orientation=&#8220;center&#8220; animation_style=&#8220;fade&#8220;]<\/p>\n<h2>Coro principale<\/h2>\n<ul>\n<li><a style=\"color: #ffffff;\" href=\"https:\/\/www.corocalicantus.org\/i-cori\/coro-principale\/\">Scopri il coro<\/a><\/li>\n<\/ul>\n<p>[\/et_pb_text][\/et_pb_column][\/et_pb_row][\/et_pb_section]<\/p>\n","protected":false},"excerpt":{"rendered":"<p>Der Singunterricht der Singschule Calicantus Der Gesang ist eine Funktion des Menschen. Der Singunterricht ist so aufgebaut, dass er den Kindern von Anfang an Spass macht und gleichzeitig die Gesundheit der Stimme erhalten bleibt. &nbsp; Mit einem abgestuften, dem Alter der Kinder angepassten Programm, wird die Stimmtechnik und die gemeinsame Lust am Singen entwickelt. &nbsp; [&hellip;]<\/p>\n","protected":false},"author":1,"featured_media":0,"parent":2328,"menu_order":0,"comment_status":"closed","ping_status":"closed","template":"","meta":{"_et_pb_use_builder":"on","_et_pb_old_content":"","_et_gb_content_width":"","footnotes":""},"class_list":["post-2375","page","type-page","status-publish","hentry"],"yoast_head":"<!-- This site is optimized with the Yoast SEO plugin v24.6 - https:\/\/yoast.com\/wordpress\/plugins\/seo\/ -->\n<title>Die Lektionen | Coro Calicantus<\/title>\n<meta name=\"robots\" content=\"index, follow, max-snippet:-1, max-image-preview:large, max-video-preview:-1\" \/>\n<link rel=\"canonical\" href=\"https:\/\/www.corocalicantus.org\/de\/was-ist-calicantus\/die-lektionen\/\" \/>\n<meta property=\"og:locale\" content=\"de_DE\" \/>\n<meta property=\"og:type\" content=\"article\" \/>\n<meta property=\"og:title\" content=\"Die Lektionen | Coro Calicantus\" \/>\n<meta property=\"og:description\" content=\"Der Singunterricht der Singschule Calicantus Der Gesang ist eine Funktion des Menschen. Der Singunterricht ist so aufgebaut, dass er den Kindern von Anfang an Spass macht und gleichzeitig die Gesundheit der Stimme erhalten bleibt. &nbsp; Mit einem abgestuften, dem Alter der Kinder angepassten Programm, wird die Stimmtechnik und die gemeinsame Lust am Singen entwickelt. &nbsp; [&hellip;]\" \/>\n<meta property=\"og:url\" content=\"https:\/\/www.corocalicantus.org\/de\/was-ist-calicantus\/die-lektionen\/\" \/>\n<meta property=\"og:site_name\" content=\"Coro Calicantus\" \/>\n<meta property=\"article:publisher\" content=\"https:\/\/www.facebook.com\/corocalicantuslocarnoticino\/\" \/>\n<meta property=\"article:modified_time\" content=\"2018-02-21T20:13:01+00:00\" \/>\n<meta name=\"twitter:card\" content=\"summary_large_image\" \/>\n<meta name=\"twitter:label1\" content=\"Gesch\u00e4tzte Lesezeit\" \/>\n\t<meta name=\"twitter:data1\" content=\"6\u00a0Minuten\" \/>\n<script type=\"application\/ld+json\" class=\"yoast-schema-graph\">{\"@context\":\"https:\/\/schema.org\",\"@graph\":[{\"@type\":\"WebPage\",\"@id\":\"https:\/\/www.corocalicantus.org\/de\/was-ist-calicantus\/die-lektionen\/\",\"url\":\"https:\/\/www.corocalicantus.org\/de\/was-ist-calicantus\/die-lektionen\/\",\"name\":\"Die Lektionen | Coro Calicantus\",\"isPartOf\":{\"@id\":\"https:\/\/www.corocalicantus.org\/#website\"},\"datePublished\":\"2017-05-29T13:40:07+00:00\",\"dateModified\":\"2018-02-21T20:13:01+00:00\",\"breadcrumb\":{\"@id\":\"https:\/\/www.corocalicantus.org\/de\/was-ist-calicantus\/die-lektionen\/#breadcrumb\"},\"inLanguage\":\"de\",\"potentialAction\":[{\"@type\":\"ReadAction\",\"target\":[\"https:\/\/www.corocalicantus.org\/de\/was-ist-calicantus\/die-lektionen\/\"]}]},{\"@type\":\"BreadcrumbList\",\"@id\":\"https:\/\/www.corocalicantus.org\/de\/was-ist-calicantus\/die-lektionen\/#breadcrumb\",\"itemListElement\":[{\"@type\":\"ListItem\",\"position\":1,\"name\":\"Home\",\"item\":\"https:\/\/www.corocalicantus.org\/de\/\"},{\"@type\":\"ListItem\",\"position\":2,\"name\":\"Was ist Calicantus?\",\"item\":\"https:\/\/www.corocalicantus.org\/de\/was-ist-calicantus\/\"},{\"@type\":\"ListItem\",\"position\":3,\"name\":\"Die Lektionen\"}]},{\"@type\":\"WebSite\",\"@id\":\"https:\/\/www.corocalicantus.org\/#website\",\"url\":\"https:\/\/www.corocalicantus.org\/\",\"name\":\"Coro Calicantus\",\"description\":\"Scopri la magia della musica\",\"potentialAction\":[{\"@type\":\"SearchAction\",\"target\":{\"@type\":\"EntryPoint\",\"urlTemplate\":\"https:\/\/www.corocalicantus.org\/?s={search_term_string}\"},\"query-input\":{\"@type\":\"PropertyValueSpecification\",\"valueRequired\":true,\"valueName\":\"search_term_string\"}}],\"inLanguage\":\"de\"}]}<\/script>\n<!-- \/ Yoast SEO plugin. -->","yoast_head_json":{"title":"Die Lektionen | Coro Calicantus","robots":{"index":"index","follow":"follow","max-snippet":"max-snippet:-1","max-image-preview":"max-image-preview:large","max-video-preview":"max-video-preview:-1"},"canonical":"https:\/\/www.corocalicantus.org\/de\/was-ist-calicantus\/die-lektionen\/","og_locale":"de_DE","og_type":"article","og_title":"Die Lektionen | Coro Calicantus","og_description":"Der Singunterricht der Singschule Calicantus Der Gesang ist eine Funktion des Menschen. Der Singunterricht ist so aufgebaut, dass er den Kindern von Anfang an Spass macht und gleichzeitig die Gesundheit der Stimme erhalten bleibt. &nbsp; Mit einem abgestuften, dem Alter der Kinder angepassten Programm, wird die Stimmtechnik und die gemeinsame Lust am Singen entwickelt. &nbsp; [&hellip;]","og_url":"https:\/\/www.corocalicantus.org\/de\/was-ist-calicantus\/die-lektionen\/","og_site_name":"Coro Calicantus","article_publisher":"https:\/\/www.facebook.com\/corocalicantuslocarnoticino\/","article_modified_time":"2018-02-21T20:13:01+00:00","twitter_card":"summary_large_image","twitter_misc":{"Gesch\u00e4tzte Lesezeit":"6\u00a0Minuten"},"schema":{"@context":"https:\/\/schema.org","@graph":[{"@type":"WebPage","@id":"https:\/\/www.corocalicantus.org\/de\/was-ist-calicantus\/die-lektionen\/","url":"https:\/\/www.corocalicantus.org\/de\/was-ist-calicantus\/die-lektionen\/","name":"Die Lektionen | Coro Calicantus","isPartOf":{"@id":"https:\/\/www.corocalicantus.org\/#website"},"datePublished":"2017-05-29T13:40:07+00:00","dateModified":"2018-02-21T20:13:01+00:00","breadcrumb":{"@id":"https:\/\/www.corocalicantus.org\/de\/was-ist-calicantus\/die-lektionen\/#breadcrumb"},"inLanguage":"de","potentialAction":[{"@type":"ReadAction","target":["https:\/\/www.corocalicantus.org\/de\/was-ist-calicantus\/die-lektionen\/"]}]},{"@type":"BreadcrumbList","@id":"https:\/\/www.corocalicantus.org\/de\/was-ist-calicantus\/die-lektionen\/#breadcrumb","itemListElement":[{"@type":"ListItem","position":1,"name":"Home","item":"https:\/\/www.corocalicantus.org\/de\/"},{"@type":"ListItem","position":2,"name":"Was ist Calicantus?","item":"https:\/\/www.corocalicantus.org\/de\/was-ist-calicantus\/"},{"@type":"ListItem","position":3,"name":"Die Lektionen"}]},{"@type":"WebSite","@id":"https:\/\/www.corocalicantus.org\/#website","url":"https:\/\/www.corocalicantus.org\/","name":"Coro Calicantus","description":"Scopri la magia della musica","potentialAction":[{"@type":"SearchAction","target":{"@type":"EntryPoint","urlTemplate":"https:\/\/www.corocalicantus.org\/?s={search_term_string}"},"query-input":{"@type":"PropertyValueSpecification","valueRequired":true,"valueName":"search_term_string"}}],"inLanguage":"de"}]}},"_links":{"self":[{"href":"https:\/\/www.corocalicantus.org\/de\/wp-json\/wp\/v2\/pages\/2375","targetHints":{"allow":["GET"]}}],"collection":[{"href":"https:\/\/www.corocalicantus.org\/de\/wp-json\/wp\/v2\/pages"}],"about":[{"href":"https:\/\/www.corocalicantus.org\/de\/wp-json\/wp\/v2\/types\/page"}],"author":[{"embeddable":true,"href":"https:\/\/www.corocalicantus.org\/de\/wp-json\/wp\/v2\/users\/1"}],"replies":[{"embeddable":true,"href":"https:\/\/www.corocalicantus.org\/de\/wp-json\/wp\/v2\/comments?post=2375"}],"version-history":[{"count":25,"href":"https:\/\/www.corocalicantus.org\/de\/wp-json\/wp\/v2\/pages\/2375\/revisions"}],"predecessor-version":[{"id":3682,"href":"https:\/\/www.corocalicantus.org\/de\/wp-json\/wp\/v2\/pages\/2375\/revisions\/3682"}],"up":[{"embeddable":true,"href":"https:\/\/www.corocalicantus.org\/de\/wp-json\/wp\/v2\/pages\/2328"}],"wp:attachment":[{"href":"https:\/\/www.corocalicantus.org\/de\/wp-json\/wp\/v2\/media?parent=2375"}],"curies":[{"name":"wp","href":"https:\/\/api.w.org\/{rel}","templated":true}]}}