{"id":2069,"date":"2017-12-24T13:29:52","date_gmt":"2017-12-24T12:29:52","guid":{"rendered":"https:\/\/www.corocalicantus.org\/\/project\/immagini-2002\/"},"modified":"2018-02-21T17:20:40","modified_gmt":"2018-02-21T16:20:40","slug":"immagini-2002","status":"publish","type":"project","link":"https:\/\/www.corocalicantus.org\/de\/project\/immagini-2002\/","title":{"rendered":"Immagini &#8211; 2002"},"content":{"rendered":"<p>[et_pb_section bb_built=&#8220;1&#8243; custom_padding=&#8220;15%|||&#8220; fullwidth=&#8220;on&#8220; _builder_version=&#8220;3.0.76&#8243; background_image=&#8220;https:\/\/www.corocalicantus.org\/\/wp-content\/uploads\/chi_siamo.jpg&#8220; parallax=&#8220;on&#8220; parallax_method=&#8220;off&#8220; module_class=&#8220;header_pagine&#8220; global_module=&#8220;633&#8243;][et_pb_fullwidth_header admin_label=&#8220;Intestazione Discografia&#8220; global_parent=&#8220;633&#8243; title=&#8220;Diskografie&#8220; background_layout=&#8220;dark&#8220; module_class=&#8220;titolo_discografia&#8220; _builder_version=&#8220;3.0.66&#8243; title_font_size=&#8220;62px&#8220; custom_css_main_element=&#8220;padding-bottom:0;||margin-bottom:0;&#8220; title_line_height=&#8220;0.8em&#8220; \/][et_pb_fullwidth_menu global_parent=&#8220;633&#8243; menu_id=&#8220;10&#8243; background_color=&#8220;#f96c39&#8243; background_layout=&#8220;dark&#8220; submenu_direction=&#8220;downwards&#8220; fullwidth_menu=&#8220;off&#8220; active_link_color=&#8220;#edef81&#8243; _builder_version=&#8220;3.0.76&#8243; menu_font=&#8220;|on||on|&#8220; \/][\/et_pb_section][et_pb_section bb_built=&#8220;1&#8243; admin_label=&#8220;section&#8220; background_color=&#8220;#f7f7f7&#8243; inner_shadow=&#8220;on&#8220; _builder_version=&#8220;3.0.47&#8243;][et_pb_row _builder_version=&#8220;3.0.66&#8243; background_size=&#8220;initial&#8220; background_position=&#8220;top_left&#8220; background_repeat=&#8220;repeat&#8220; custom_padding=&#8220;||0px|&#8220; custom_margin=&#8220;||0px|&#8220;][et_pb_column type=&#8220;4_4&#8243;][et_pb_post_title meta=&#8220;off&#8220; featured_image=&#8220;off&#8220; _builder_version=&#8220;3.0.66&#8243; title_font_size=&#8220;36px&#8220; title=&#8220;on&#8220; author=&#8220;on&#8220; date=&#8220;on&#8220; categories=&#8220;on&#8220; comments=&#8220;on&#8220; featured_placement=&#8220;below&#8220; parallax_method=&#8220;off&#8220; text_orientation=&#8220;left&#8220; text_color=&#8220;dark&#8220; text_background=&#8220;off&#8220; border_style=&#8220;solid&#8220; \/][\/et_pb_column][\/et_pb_row][et_pb_row admin_label=&#8220;row&#8220; _builder_version=&#8220;3.0.66&#8243; background_size=&#8220;initial&#8220; background_position=&#8220;top_left&#8220; background_repeat=&#8220;repeat&#8220; custom_padding=&#8220;0px|||&#8220;][et_pb_column type=&#8220;1_3&#8243;][et_pb_post_title title=&#8220;off&#8220; meta=&#8220;off&#8220; _builder_version=&#8220;3.0.66&#8243; title_font_size=&#8220;36px&#8220; featured_placement=&#8220;above&#8220; custom_margin=&#8220;|||&#8220; custom_padding=&#8220;|||&#8220; parallax_method=&#8220;off&#8220; \/][et_pb_audio _builder_version=&#8220;3.0.76&#8243; title=&#8220;Giardin da fantasia&#8220; album_name=&#8220;Immagini&#8220; audio=&#8220;https:\/\/www.corocalicantus.org\/\/wp-content\/uploads\/Giardin-da-Fantasia.mp3&#8243; background_color=&#8220;#f96c39&#8243; background_layout=&#8220;dark&#8220; border_style=&#8220;solid&#8220; module_alignment=&#8220;center&#8220; custom_padding=&#8220;0px||0px|&#8220; title_font=&#8220;|on|||&#8220; title_font_size=&#8220;22&#8243; caption_font=&#8220;||on||&#8220; caption_font_size=&#8220;10&#8243; animation_style=&#8220;fade&#8220; saved_tabs=&#8220;all&#8220; module_id=&#8220;brano-discografia&#8220; \/][\/et_pb_column][et_pb_column type=&#8220;1_3&#8243;][et_pb_text admin_label=&#8220;Descrizione&#8220; _builder_version=&#8220;3.0.67&#8243; background_layout=&#8220;light&#8220; text_orientation=&#8220;left&#8220; border_style=&#8220;solid&#8220; module_alignment=&#8220;left&#8220;]<\/p>\n<p>Die dritte CD des Chores wurde zwischen Mai 2001 und Mai 2002 w\u00e4hrend Konzerten und Tourneen in der Schweiz und in Italien komplett live aufgenommen. Sie enth\u00e4lt 18 Lieder, aufgeteilt in 6 verschiedene Stilarten.<\/p>\n<p>Nach den Erfolgen 2001 an den Festivals in Vancouver und Basel, w\u00e4hrend der Tournee in Italien im Mai 2002 und anderen Konzerten in Genf, Freiburg und Locarno hat der Chor Haltung und Bewegung, Choreografien und seinen leichten und nat\u00fcrlichen Ausdruck konsolidiert. Die CD zeigt diese Frische und unterstreicht damit, dass ein Etappenziel erreicht wurde. Aufgenommen wurde sie zum 10-j\u00e4hrigen Bestehen des Chores und ist ein Ausdruck seiner \u00fcber die Jahre gewonnenen Vielf\u00e4ltigkeit.<\/p>\n<p>[\/et_pb_text][et_pb_text module_class=&#8220;ombra&#8220; _builder_version=&#8220;3.0.93&#8243; background_layout=&#8220;light&#8220; module_alignment=&#8220;left&#8220;]<\/p>\n<p><strong>CD, Live-Aufnahme<\/strong><br \/>\nDauer 55,17 Minuten<br \/>\nPreis Fr. 30.00<\/p>\n<p>[\/et_pb_text][\/et_pb_column][et_pb_column type=&#8220;1_3&#8243;][\/et_pb_column][\/et_pb_row][\/et_pb_section][et_pb_section bb_built=&#8220;1&#8243; fullwidth=&#8220;off&#8220; specialty=&#8220;off&#8220; _builder_version=&#8220;3.0.66&#8243; module_class=&#8220;bordo_superiore&#8220;][et_pb_row custom_padding=&#8220;0px|||&#8220; custom_margin=&#8220;0px|||&#8220; background_position_1=&#8220;top_left&#8220; background_position_2=&#8220;top_left&#8220; background_repeat_1=&#8220;no-repeat&#8220; background_repeat_2=&#8220;no-repeat&#8220; _builder_version=&#8220;3.0.66&#8243; global_module=&#8220;649&#8243;][et_pb_column type=&#8220;1_3&#8243;][et_pb_cta admin_label=&#8220;torna alla discografia&#8220; global_parent=&#8220;649&#8243; _builder_version=&#8220;3.0.66&#8243; button_text=&#8220;Gesamtverzeichnis&#8220; button_url=&#8220;\/Diskografie&#8220; url_new_window=&#8220;off&#8220; background_color=&#8220;#ffffff&#8220; use_background_color=&#8220;on&#8220; background_layout=&#8220;light&#8220; border_style=&#8220;solid&#8220; custom_button=&#8220;on&#8220; button_text_color=&#8220;#f96c39&#8243; button_border_color=&#8220;#f96c39&#8243; button_letter_spacing=&#8220;0&#8243; button_icon=&#8220;%%19%%&#8220; button_icon_placement=&#8220;left&#8220; button_letter_spacing_hover=&#8220;0&#8243; text_orientation=&#8220;left&#8220; button_use_icon=&#8220;on&#8220; button_text_size=&#8220;16&#8243; button_border_width=&#8220;0&#8243; button_on_hover=&#8220;off&#8220; \/][\/et_pb_column][et_pb_column type=&#8220;2_3&#8243;][et_pb_contact_form admin_label=&#8220;Modulo di ordinazione&#8220; global_parent=&#8220;649&#8243; email=&#8220;info@corocalicantus.org&#8220; title=&#8220;Online-Bestellung&#8220; success_message=&#8220;Danke, wir werden Sie baldm\u00f6glichst kontaktieren!&#8220; module_id=&#8220;et_pb_contact_form_0&#8243; module_class=&#8220;ombra&#8220; _builder_version=&#8220;3.0.76&#8243; submit_button_text=&#8220;Jetzt bestellen&#8220; captcha=&#8220;off&#8220; use_redirect=&#8220;off&#8220; input_border_radius=&#8220;0&#8243; border_style=&#8220;solid&#8220; custom_button=&#8220;off&#8220; button_letter_spacing=&#8220;0&#8243; button_icon_placement=&#8220;right&#8220; button_letter_spacing_hover=&#8220;0&#8243; saved_tabs=&#8220;all&#8220; border_radii=&#8220;on|0px|0px|0px|0px&#8220;][et_pb_contact_field field_id=&#8220;Name&#8220; field_title=&#8220;Name&#8220; _builder_version=&#8220;3.0.76&#8243; \/][et_pb_contact_field field_id=&#8220;Email&#8220; field_title=&#8220;Email-Adresse&#8220; field_type=&#8220;email&#8220; _builder_version=&#8220;3.0.76&#8243; \/][et_pb_contact_field field_id=&#8220;Selezione&#8220; field_type=&#8220;checkbox&#8220; checkbox_checked=&#8220;off&#8220; checkbox_options=&#8220;%91{%22value%22:%22CD e DVD &#8211; Sar&agrave;, sar&agrave;&hellip; , 2017 &#8211; 22.- Fr.%22,%22checked%22:0},{%22value%22:%22DVD &#8211; Calicantus LIVE, 2015 &#8211; 35.- Fr.%22,%22checked%22:0},{%22value%22:%22CD &#8211; O Filii et Filiae, 2014 &#8211; 30.- Fr.%22,%22checked%22:0},{%22value%22:%22LIBRO &#8211; &ldquo;20 anni di magia\u201d, 2013 &#8211; 35.- Fr.%22,%22checked%22:0},{%22value%22:%22DVD &#8211; Tourn&eacute;e Repubblica Ceca, 2011 &#8211; 25.- Fr.%22,%22checked%22:0},{%22value%22:%22DVD &#8211; Concerti di Natale, 2010 &#8211; 30.- Fr.%22,%22checked%22:0},{%22value%22:%22CD &#8211; Come ye sons of art , 2008 &#8211; 30.- Fr.%22,%22checked%22:0},{%22value%22:%22CD &#8211; Immagini, 2002 &#8211; 30.- Fr.%22,%22checked%22:0}%93&#8243; radio_options=&#8220;%91{%22value%22:%22%22,%22checked%22:0}%93&#8243; select_options=&#8220;%91{%22value%22:%22%22,%22checked%22:0}%93&#8243; min_length=&#8220;0&#8243; max_length=&#8220;0&#8243; allowed_symbols=&#8220;all&#8220; required_mark=&#8220;on&#8220; conditional_logic=&#8220;off&#8220; conditional_logic_relation=&#8220;off&#8220; conditional_logic_rules=&#8220;%91{%22field%22:%22name%22,%22condition%22:%22is%22,%22value%22:%22%22}%93&#8243; fullwidth_field=&#8220;on&#8220; form_field_font_select=&#8220;default&#8220; form_field_font=&#8220;||||&#8220; use_border_color=&#8220;off&#8220; border_style=&#8220;solid&#8220; field_title=&#8220;Ich bestelle:&#8220; _builder_version=&#8220;3.0.76&#8243; use_background_color_gradient=&#8220;off&#8220; background_color_gradient_start=&#8220;#2b87da&#8220; background_color_gradient_end=&#8220;#29c4a9&#8243; background_color_gradient_type=&#8220;linear&#8220; background_color_gradient_direction=&#8220;180deg&#8220; background_color_gradient_direction_radial=&#8220;center&#8220; background_color_gradient_start_position=&#8220;0%&#8220; background_color_gradient_end_position=&#8220;100%&#8220; parallax=&#8220;off&#8220; parallax_method=&#8220;on&#8220; background_size=&#8220;cover&#8220; background_position=&#8220;center&#8220; background_repeat=&#8220;no-repeat&#8220; background_blend=&#8220;normal&#8220; allow_player_pause=&#8220;off&#8220; \/][et_pb_contact_field field_id=&#8220;Message&#8220; field_title=&#8220;Anmerkungen&#8220; field_type=&#8220;text&#8220; fullwidth_field=&#8220;on&#8220; _builder_version=&#8220;3.0.76&#8243; \/][\/et_pb_contact_form][\/et_pb_column][\/et_pb_row][\/et_pb_section]<\/p>\n","protected":false},"excerpt":{"rendered":"<p>Die dritte CD des Chores wurde zwischen Mai 2001 und Mai 2002 w\u00e4hrend Konzerten und Tourneen in der Schweiz und in Italien komplett live aufgenommen. Sie enth\u00e4lt 18 Lieder, aufgeteilt in 6 verschiedene Stilarten. Nach den Erfolgen 2001 an den Festivals in Vancouver und Basel, w\u00e4hrend der Tournee in Italien im Mai 2002 und anderen [&hellip;]<\/p>\n","protected":false},"author":1,"featured_media":748,"comment_status":"closed","ping_status":"closed","template":"","meta":{"_et_pb_use_builder":"on","_et_pb_old_content":"","_et_gb_content_width":"","footnotes":""},"project_category":[26,25],"project_tag":[],"class_list":["post-2069","project","type-project","status-publish","has-post-thumbnail","hentry","project_category-cd-de","project_category-eigenproduktionen"],"yoast_head":"<!-- This site is optimized with the Yoast SEO plugin v24.6 - https:\/\/yoast.com\/wordpress\/plugins\/seo\/ -->\n<title>Immagini - 2002 | Coro Calicantus<\/title>\n<meta name=\"robots\" content=\"index, follow, max-snippet:-1, max-image-preview:large, max-video-preview:-1\" \/>\n<link rel=\"canonical\" href=\"https:\/\/www.corocalicantus.org\/project\/immagini-2002\/\" \/>\n<meta property=\"og:locale\" content=\"de_DE\" \/>\n<meta property=\"og:type\" content=\"article\" \/>\n<meta property=\"og:title\" content=\"Immagini - 2002 | Coro Calicantus\" \/>\n<meta property=\"og:description\" content=\"Die dritte CD des Chores wurde zwischen Mai 2001 und Mai 2002 w\u00e4hrend Konzerten und Tourneen in der Schweiz und in Italien komplett live aufgenommen. Sie enth\u00e4lt 18 Lieder, aufgeteilt in 6 verschiedene Stilarten. Nach den Erfolgen 2001 an den Festivals in Vancouver und Basel, w\u00e4hrend der Tournee in Italien im Mai 2002 und anderen [&hellip;]\" \/>\n<meta property=\"og:url\" content=\"https:\/\/www.corocalicantus.org\/project\/immagini-2002\/\" \/>\n<meta property=\"og:site_name\" content=\"Coro Calicantus\" \/>\n<meta property=\"article:publisher\" content=\"https:\/\/www.facebook.com\/corocalicantuslocarnoticino\/\" \/>\n<meta property=\"article:modified_time\" content=\"2018-02-21T16:20:40+00:00\" \/>\n<meta property=\"og:image\" content=\"https:\/\/www.corocalicantus.org\/wp-content\/uploads\/immagini.jpg\" \/>\n\t<meta property=\"og:image:width\" content=\"248\" \/>\n\t<meta property=\"og:image:height\" content=\"248\" \/>\n\t<meta property=\"og:image:type\" content=\"image\/jpeg\" \/>\n<meta name=\"twitter:card\" content=\"summary_large_image\" \/>\n<meta name=\"twitter:label1\" content=\"Gesch\u00e4tzte Lesezeit\" \/>\n\t<meta name=\"twitter:data1\" content=\"5\u00a0Minuten\" \/>\n<script type=\"application\/ld+json\" class=\"yoast-schema-graph\">{\"@context\":\"https:\/\/schema.org\",\"@graph\":[{\"@type\":\"WebPage\",\"@id\":\"https:\/\/www.corocalicantus.org\/project\/immagini-2002\/\",\"url\":\"https:\/\/www.corocalicantus.org\/project\/immagini-2002\/\",\"name\":\"Immagini - 2002 | Coro Calicantus\",\"isPartOf\":{\"@id\":\"https:\/\/www.corocalicantus.org\/#website\"},\"primaryImageOfPage\":{\"@id\":\"https:\/\/www.corocalicantus.org\/project\/immagini-2002\/#primaryimage\"},\"image\":{\"@id\":\"https:\/\/www.corocalicantus.org\/project\/immagini-2002\/#primaryimage\"},\"thumbnailUrl\":\"https:\/\/www.corocalicantus.org\/wp-content\/uploads\/immagini.jpg\",\"datePublished\":\"2017-12-24T12:29:52+00:00\",\"dateModified\":\"2018-02-21T16:20:40+00:00\",\"breadcrumb\":{\"@id\":\"https:\/\/www.corocalicantus.org\/project\/immagini-2002\/#breadcrumb\"},\"inLanguage\":\"de\",\"potentialAction\":[{\"@type\":\"ReadAction\",\"target\":[\"https:\/\/www.corocalicantus.org\/project\/immagini-2002\/\"]}]},{\"@type\":\"ImageObject\",\"inLanguage\":\"de\",\"@id\":\"https:\/\/www.corocalicantus.org\/project\/immagini-2002\/#primaryimage\",\"url\":\"https:\/\/www.corocalicantus.org\/wp-content\/uploads\/immagini.jpg\",\"contentUrl\":\"https:\/\/www.corocalicantus.org\/wp-content\/uploads\/immagini.jpg\",\"width\":248,\"height\":248},{\"@type\":\"BreadcrumbList\",\"@id\":\"https:\/\/www.corocalicantus.org\/project\/immagini-2002\/#breadcrumb\",\"itemListElement\":[{\"@type\":\"ListItem\",\"position\":1,\"name\":\"Home\",\"item\":\"https:\/\/www.corocalicantus.org\/de\/\"},{\"@type\":\"ListItem\",\"position\":2,\"name\":\"Projects\",\"item\":\"https:\/\/www.corocalicantus.org\/en\/project\/\"},{\"@type\":\"ListItem\",\"position\":3,\"name\":\"Immagini &#8211; 2002\"}]},{\"@type\":\"WebSite\",\"@id\":\"https:\/\/www.corocalicantus.org\/#website\",\"url\":\"https:\/\/www.corocalicantus.org\/\",\"name\":\"Coro Calicantus\",\"description\":\"Scopri la magia della musica\",\"potentialAction\":[{\"@type\":\"SearchAction\",\"target\":{\"@type\":\"EntryPoint\",\"urlTemplate\":\"https:\/\/www.corocalicantus.org\/?s={search_term_string}\"},\"query-input\":{\"@type\":\"PropertyValueSpecification\",\"valueRequired\":true,\"valueName\":\"search_term_string\"}}],\"inLanguage\":\"de\"}]}<\/script>\n<!-- \/ Yoast SEO plugin. -->","yoast_head_json":{"title":"Immagini - 2002 | Coro Calicantus","robots":{"index":"index","follow":"follow","max-snippet":"max-snippet:-1","max-image-preview":"max-image-preview:large","max-video-preview":"max-video-preview:-1"},"canonical":"https:\/\/www.corocalicantus.org\/project\/immagini-2002\/","og_locale":"de_DE","og_type":"article","og_title":"Immagini - 2002 | Coro Calicantus","og_description":"Die dritte CD des Chores wurde zwischen Mai 2001 und Mai 2002 w\u00e4hrend Konzerten und Tourneen in der Schweiz und in Italien komplett live aufgenommen. Sie enth\u00e4lt 18 Lieder, aufgeteilt in 6 verschiedene Stilarten. Nach den Erfolgen 2001 an den Festivals in Vancouver und Basel, w\u00e4hrend der Tournee in Italien im Mai 2002 und anderen [&hellip;]","og_url":"https:\/\/www.corocalicantus.org\/project\/immagini-2002\/","og_site_name":"Coro Calicantus","article_publisher":"https:\/\/www.facebook.com\/corocalicantuslocarnoticino\/","article_modified_time":"2018-02-21T16:20:40+00:00","og_image":[{"width":248,"height":248,"url":"https:\/\/www.corocalicantus.org\/wp-content\/uploads\/immagini.jpg","type":"image\/jpeg"}],"twitter_card":"summary_large_image","twitter_misc":{"Gesch\u00e4tzte Lesezeit":"5\u00a0Minuten"},"schema":{"@context":"https:\/\/schema.org","@graph":[{"@type":"WebPage","@id":"https:\/\/www.corocalicantus.org\/project\/immagini-2002\/","url":"https:\/\/www.corocalicantus.org\/project\/immagini-2002\/","name":"Immagini - 2002 | Coro Calicantus","isPartOf":{"@id":"https:\/\/www.corocalicantus.org\/#website"},"primaryImageOfPage":{"@id":"https:\/\/www.corocalicantus.org\/project\/immagini-2002\/#primaryimage"},"image":{"@id":"https:\/\/www.corocalicantus.org\/project\/immagini-2002\/#primaryimage"},"thumbnailUrl":"https:\/\/www.corocalicantus.org\/wp-content\/uploads\/immagini.jpg","datePublished":"2017-12-24T12:29:52+00:00","dateModified":"2018-02-21T16:20:40+00:00","breadcrumb":{"@id":"https:\/\/www.corocalicantus.org\/project\/immagini-2002\/#breadcrumb"},"inLanguage":"de","potentialAction":[{"@type":"ReadAction","target":["https:\/\/www.corocalicantus.org\/project\/immagini-2002\/"]}]},{"@type":"ImageObject","inLanguage":"de","@id":"https:\/\/www.corocalicantus.org\/project\/immagini-2002\/#primaryimage","url":"https:\/\/www.corocalicantus.org\/wp-content\/uploads\/immagini.jpg","contentUrl":"https:\/\/www.corocalicantus.org\/wp-content\/uploads\/immagini.jpg","width":248,"height":248},{"@type":"BreadcrumbList","@id":"https:\/\/www.corocalicantus.org\/project\/immagini-2002\/#breadcrumb","itemListElement":[{"@type":"ListItem","position":1,"name":"Home","item":"https:\/\/www.corocalicantus.org\/de\/"},{"@type":"ListItem","position":2,"name":"Projects","item":"https:\/\/www.corocalicantus.org\/en\/project\/"},{"@type":"ListItem","position":3,"name":"Immagini &#8211; 2002"}]},{"@type":"WebSite","@id":"https:\/\/www.corocalicantus.org\/#website","url":"https:\/\/www.corocalicantus.org\/","name":"Coro Calicantus","description":"Scopri la magia della musica","potentialAction":[{"@type":"SearchAction","target":{"@type":"EntryPoint","urlTemplate":"https:\/\/www.corocalicantus.org\/?s={search_term_string}"},"query-input":{"@type":"PropertyValueSpecification","valueRequired":true,"valueName":"search_term_string"}}],"inLanguage":"de"}]}},"_links":{"self":[{"href":"https:\/\/www.corocalicantus.org\/de\/wp-json\/wp\/v2\/project\/2069","targetHints":{"allow":["GET"]}}],"collection":[{"href":"https:\/\/www.corocalicantus.org\/de\/wp-json\/wp\/v2\/project"}],"about":[{"href":"https:\/\/www.corocalicantus.org\/de\/wp-json\/wp\/v2\/types\/project"}],"author":[{"embeddable":true,"href":"https:\/\/www.corocalicantus.org\/de\/wp-json\/wp\/v2\/users\/1"}],"replies":[{"embeddable":true,"href":"https:\/\/www.corocalicantus.org\/de\/wp-json\/wp\/v2\/comments?post=2069"}],"version-history":[{"count":21,"href":"https:\/\/www.corocalicantus.org\/de\/wp-json\/wp\/v2\/project\/2069\/revisions"}],"predecessor-version":[{"id":3637,"href":"https:\/\/www.corocalicantus.org\/de\/wp-json\/wp\/v2\/project\/2069\/revisions\/3637"}],"wp:featuredmedia":[{"embeddable":true,"href":"https:\/\/www.corocalicantus.org\/de\/wp-json\/wp\/v2\/media\/748"}],"wp:attachment":[{"href":"https:\/\/www.corocalicantus.org\/de\/wp-json\/wp\/v2\/media?parent=2069"}],"wp:term":[{"taxonomy":"project_category","embeddable":true,"href":"https:\/\/www.corocalicantus.org\/de\/wp-json\/wp\/v2\/project_category?post=2069"},{"taxonomy":"project_tag","embeddable":true,"href":"https:\/\/www.corocalicantus.org\/de\/wp-json\/wp\/v2\/project_tag?post=2069"}],"curies":[{"name":"wp","href":"https:\/\/api.w.org\/{rel}","templated":true}]}}