{"id":2409,"date":"2017-12-28T10:52:07","date_gmt":"2017-12-28T09:52:07","guid":{"rendered":"https:\/\/www.corocalicantus.org\/\/project\/come-ye-sons-of-art-2008\/"},"modified":"2018-03-25T07:58:50","modified_gmt":"2018-03-25T06:58:50","slug":"come-ye-sons-of-art-2008","status":"publish","type":"project","link":"https:\/\/www.corocalicantus.org\/de\/project\/come-ye-sons-of-art-2008\/","title":{"rendered":"Come ye sons of art &#8211; 2008"},"content":{"rendered":"<p>[et_pb_section bb_built=&#8220;1&#8243; custom_padding=&#8220;15%|||&#8220; fullwidth=&#8220;on&#8220; _builder_version=&#8220;3.0.76&#8243; background_image=&#8220;https:\/\/www.corocalicantus.org\/\/wp-content\/uploads\/chi_siamo.jpg&#8220; parallax=&#8220;on&#8220; parallax_method=&#8220;off&#8220; module_class=&#8220;header_pagine&#8220; global_module=&#8220;633&#8243;][et_pb_fullwidth_header admin_label=&#8220;Intestazione Discografia&#8220; global_parent=&#8220;633&#8243; title=&#8220;Diskografie&#8220; background_layout=&#8220;dark&#8220; module_class=&#8220;titolo_discografia&#8220; _builder_version=&#8220;3.0.66&#8243; title_font_size=&#8220;62px&#8220; custom_css_main_element=&#8220;padding-bottom:0;||margin-bottom:0;&#8220; title_line_height=&#8220;0.8em&#8220; \/][et_pb_fullwidth_menu global_parent=&#8220;633&#8243; menu_id=&#8220;10&#8243; background_color=&#8220;#f96c39&#8243; background_layout=&#8220;dark&#8220; submenu_direction=&#8220;downwards&#8220; fullwidth_menu=&#8220;off&#8220; active_link_color=&#8220;#edef81&#8243; _builder_version=&#8220;3.0.76&#8243; menu_font=&#8220;|on||on|&#8220; \/][\/et_pb_section][et_pb_section bb_built=&#8220;1&#8243; admin_label=&#8220;section&#8220; background_color=&#8220;#f7f7f7&#8243; inner_shadow=&#8220;on&#8220; _builder_version=&#8220;3.0.47&#8243;][et_pb_row _builder_version=&#8220;3.0.66&#8243; background_size=&#8220;initial&#8220; background_position=&#8220;top_left&#8220; background_repeat=&#8220;repeat&#8220; custom_padding=&#8220;||0px|&#8220; custom_margin=&#8220;||0px|&#8220;][et_pb_column type=&#8220;4_4&#8243;][et_pb_post_title meta=&#8220;off&#8220; featured_image=&#8220;off&#8220; _builder_version=&#8220;3.0.66&#8243; title_font_size=&#8220;36px&#8220; title=&#8220;on&#8220; author=&#8220;on&#8220; date=&#8220;on&#8220; categories=&#8220;on&#8220; comments=&#8220;on&#8220; featured_placement=&#8220;below&#8220; parallax_method=&#8220;off&#8220; text_orientation=&#8220;left&#8220; text_color=&#8220;dark&#8220; text_background=&#8220;off&#8220; border_style=&#8220;solid&#8220; \/][\/et_pb_column][\/et_pb_row][et_pb_row admin_label=&#8220;row&#8220; _builder_version=&#8220;3.0.66&#8243; background_size=&#8220;initial&#8220; background_position=&#8220;top_left&#8220; background_repeat=&#8220;repeat&#8220; custom_padding=&#8220;0px|||&#8220;][et_pb_column type=&#8220;1_3&#8243;][et_pb_post_title title=&#8220;off&#8220; meta=&#8220;off&#8220; _builder_version=&#8220;3.0.66&#8243; title_font_size=&#8220;36px&#8220; featured_placement=&#8220;above&#8220; custom_margin=&#8220;|||&#8220; custom_padding=&#8220;|||&#8220; parallax_method=&#8220;off&#8220; \/][et_pb_audio _builder_version=&#8220;3.0.76&#8243; title=&#8220;Come ye sons of art, away&#8220; album_name=&#8220;Come ye sons of art&#8220; audio=&#8220;https:\/\/www.corocalicantus.org\/\/wp-content\/uploads\/Come-Ye-Sons-Of-Art-Away.mp3&#8243; background_color=&#8220;#f96c39&#8243; background_layout=&#8220;dark&#8220; border_style=&#8220;solid&#8220; module_alignment=&#8220;center&#8220; custom_padding=&#8220;0px||0px|&#8220; title_font=&#8220;|on|||&#8220; title_font_size=&#8220;22&#8243; caption_font=&#8220;||on||&#8220; caption_font_size=&#8220;10&#8243; animation_style=&#8220;fade&#8220; saved_tabs=&#8220;all&#8220; module_id=&#8220;brano-discografia&#8220; \/][\/et_pb_column][et_pb_column type=&#8220;1_3&#8243;][et_pb_text admin_label=&#8220;Descrizione&#8220; _builder_version=&#8220;3.0.67&#8243; background_layout=&#8220;light&#8220; text_orientation=&#8220;left&#8220; border_style=&#8220;solid&#8220; module_alignment=&#8220;left&#8220;]<\/p>\n<p>Die CD\u00a0 <strong>\u201cCome ye sons of art\u201d <\/strong>ist nicht nur eine wunderbare Plattenaufnahme, sie ist auch ein Ausdruck von Solidarit\u00e4t \u2013 ein Teil des Verkaufserl\u00f6ses geht an die internationale humanit\u00e4re Organisation <strong>&#8222;M\u00e9decins sans Fronti\u00e8res&#8220;<\/strong> (<a href=\"http:\/\/www.msf.org\" data-saferedirecturl=\"https:\/\/www.google.com\/url?hl=en&amp;q=http:\/\/www.msf.org&amp;source=gmail&amp;ust=1522045020456000&amp;usg=AFQjCNFz9wCN-eDfBkFXOME-apAwAfAr2g\">www.msf.org<\/a>) f\u00fcr Projekte zu Gunsten von Kindern, insbesondere f\u00fcr Aktionen zur Verbesserung und Stabilisierung der Ern\u00e4hrungsversorgung von Kindern in Afrika.<\/p>\n<p>[\/et_pb_text][et_pb_text module_class=&#8220;ombra&#8220; _builder_version=&#8220;3.0.93&#8243; background_layout=&#8220;light&#8220; module_alignment=&#8220;left&#8220;]<\/p>\n<p><strong>CD<\/strong><br \/>\nDauer 74,41 Minuten<br \/>\nPreis Fr. 33.00<\/p>\n<p>[\/et_pb_text][\/et_pb_column][et_pb_column type=&#8220;1_3&#8243;][et_pb_text admin_label=&#8220;Descrizione&#8220; _builder_version=&#8220;3.0.67&#8243; background_layout=&#8220;light&#8220; text_orientation=&#8220;left&#8220; border_style=&#8220;solid&#8220; module_alignment=&#8220;left&#8220;]<\/p>\n<p>Mit insgesamt <strong>75 Minuten<\/strong> Dauer bietet die CD \u201c<strong>Come ye sons of art<\/strong>\u201d ein musikalisches Spektrum, das von der Ode \u201cCome ye sons of art\u201d von <strong>Henry Purcell<\/strong> bis zu Werken von <strong>J.S.Bach, A.Dvo\u0159\u00e1k, G.Faur\u00e9<\/strong> reicht, alle mit einer ausserordentlichen Eleganz ausgef\u00fchrt. Aus dem Volksgut stammt das wunderbare Lied \u201cLa bella la va al fosso\u201d oder das eindringliche \u201cSignore delle cime\u201d. Die CD stellt schweizerische Komponisten wie <strong>Pierre Kaelin<\/strong> und <strong>Ivo Antognini<\/strong> vor. Antognini ist mit drei St\u00fccken vertreten, die anl\u00e4sslich des 8. Weltsymposiums der Chormusik als <strong>Weltpremiere<\/strong> an der <strong>Oper von Kopenhagen<\/strong> uraufgef\u00fchrt wurden. Vervollst\u00e4ndigt wird diese CD durch Popmusik mit den St\u00fccken wie \u201cVois sur ton chemin\u201d oder \u201cTicket to ride\u201d der legend\u00e4ren <strong>Beatles<\/strong>.<\/p>\n<p>[\/et_pb_text][\/et_pb_column][\/et_pb_row][\/et_pb_section][et_pb_section bb_built=&#8220;1&#8243; fullwidth=&#8220;off&#8220; specialty=&#8220;off&#8220; _builder_version=&#8220;3.0.66&#8243; module_class=&#8220;bordo_superiore&#8220;][et_pb_row custom_padding=&#8220;0px|||&#8220; custom_margin=&#8220;0px|||&#8220; background_position_1=&#8220;top_left&#8220; background_position_2=&#8220;top_left&#8220; background_repeat_1=&#8220;no-repeat&#8220; background_repeat_2=&#8220;no-repeat&#8220; _builder_version=&#8220;3.0.66&#8243; global_module=&#8220;649&#8243;][et_pb_column type=&#8220;1_3&#8243;][et_pb_cta admin_label=&#8220;torna alla discografia&#8220; global_parent=&#8220;649&#8243; _builder_version=&#8220;3.0.66&#8243; button_text=&#8220;Diskografie &#8211; Gesamtverzeichnis&#8220; button_url=&#8220;\/Diskografie&#8220; url_new_window=&#8220;off&#8220; background_color=&#8220;#ffffff&#8220; use_background_color=&#8220;on&#8220; background_layout=&#8220;light&#8220; border_style=&#8220;solid&#8220; custom_button=&#8220;on&#8220; button_text_color=&#8220;#f96c39&#8243; button_border_color=&#8220;#f96c39&#8243; button_letter_spacing=&#8220;0&#8243; button_icon=&#8220;%%19%%&#8220; button_icon_placement=&#8220;left&#8220; button_letter_spacing_hover=&#8220;0&#8243; text_orientation=&#8220;left&#8220; button_use_icon=&#8220;on&#8220; button_text_size=&#8220;16&#8243; button_border_width=&#8220;0&#8243; button_on_hover=&#8220;off&#8220; \/][\/et_pb_column][et_pb_column type=&#8220;2_3&#8243;][et_pb_contact_form admin_label=&#8220;Modulo di ordinazione&#8220; global_parent=&#8220;649&#8243; email=&#8220;info@corocalicantus.org&#8220; title=&#8220;Online-Bestellung&#8220; success_message=&#8220;Danke, wir werden Sie baldm\u00f6glichst kontaktieren.&#8220; module_id=&#8220;et_pb_contact_form_0&#8243; module_class=&#8220;ombra&#8220; _builder_version=&#8220;3.0.76&#8243; submit_button_text=&#8220;Bestellen Sie jetzt.&#8220; captcha=&#8220;off&#8220; use_redirect=&#8220;off&#8220; input_border_radius=&#8220;0&#8243; border_style=&#8220;solid&#8220; custom_button=&#8220;off&#8220; button_letter_spacing=&#8220;0&#8243; button_icon_placement=&#8220;right&#8220; button_letter_spacing_hover=&#8220;0&#8243; saved_tabs=&#8220;all&#8220; border_radii=&#8220;on|0px|0px|0px|0px&#8220;][et_pb_contact_field field_id=&#8220;Name&#8220; field_title=&#8220;Name&#8220; _builder_version=&#8220;3.0.76&#8243; \/][et_pb_contact_field field_id=&#8220;Email&#8220; field_title=&#8220;Email-Adresse&#8220; field_type=&#8220;email&#8220; _builder_version=&#8220;3.0.76&#8243; \/][et_pb_contact_field field_id=&#8220;Selezione&#8220; field_type=&#8220;checkbox&#8220; checkbox_checked=&#8220;off&#8220; checkbox_options=&#8220;%91{%22value%22:%22CD e DVD &#8211; Sar&agrave;, sar&agrave;&hellip; , 2017 &#8211; 22.- Fr.%22,%22checked%22:0},{%22value%22:%22DVD &#8211; Calicantus LIVE, 2015 &#8211; 35.- Fr.%22,%22checked%22:0},{%22value%22:%22CD &#8211; O Filii et Filiae, 2014 &#8211; 30.- Fr.%22,%22checked%22:0},{%22value%22:%22LIBRO &#8211; &ldquo;20 anni di magia\u201d, 2013 &#8211; 35.- Fr.%22,%22checked%22:0},{%22value%22:%22DVD &#8211; Tourn&eacute;e Repubblica Ceca, 2011 &#8211; 25.- Fr.%22,%22checked%22:0},{%22value%22:%22DVD &#8211; Concerti di Natale, 2010 &#8211; 30.- Fr.%22,%22checked%22:0},{%22value%22:%22CD &#8211; Come ye sons of art , 2008 &#8211; 30.- Fr.%22,%22checked%22:0},{%22value%22:%22CD &#8211; Immagini, 2002 &#8211; 30.- Fr.%22,%22checked%22:0}%93&#8243; radio_options=&#8220;%91{%22value%22:%22%22,%22checked%22:0}%93&#8243; select_options=&#8220;%91{%22value%22:%22%22,%22checked%22:0}%93&#8243; min_length=&#8220;0&#8243; max_length=&#8220;0&#8243; allowed_symbols=&#8220;all&#8220; required_mark=&#8220;on&#8220; conditional_logic=&#8220;off&#8220; conditional_logic_relation=&#8220;off&#8220; conditional_logic_rules=&#8220;%91{%22field%22:%22name%22,%22condition%22:%22is%22,%22value%22:%22%22}%93&#8243; fullwidth_field=&#8220;on&#8220; form_field_font_select=&#8220;default&#8220; form_field_font=&#8220;||||&#8220; use_border_color=&#8220;off&#8220; border_style=&#8220;solid&#8220; field_title=&#8220;Ich bestelle:&#8220; _builder_version=&#8220;3.0.76&#8243; use_background_color_gradient=&#8220;off&#8220; background_color_gradient_start=&#8220;#2b87da&#8220; background_color_gradient_end=&#8220;#29c4a9&#8243; background_color_gradient_type=&#8220;linear&#8220; background_color_gradient_direction=&#8220;180deg&#8220; background_color_gradient_direction_radial=&#8220;center&#8220; background_color_gradient_start_position=&#8220;0%&#8220; background_color_gradient_end_position=&#8220;100%&#8220; parallax=&#8220;off&#8220; parallax_method=&#8220;on&#8220; background_size=&#8220;cover&#8220; background_position=&#8220;center&#8220; background_repeat=&#8220;no-repeat&#8220; background_blend=&#8220;normal&#8220; allow_player_pause=&#8220;off&#8220; \/][et_pb_contact_field field_id=&#8220;Message&#8220; field_title=&#8220;Mitteilung&#8220; field_type=&#8220;text&#8220; fullwidth_field=&#8220;on&#8220; _builder_version=&#8220;3.0.76&#8243; \/][\/et_pb_contact_form][\/et_pb_column][\/et_pb_row][\/et_pb_section]<\/p>\n","protected":false},"excerpt":{"rendered":"<p>Die CD\u00a0 \u201cCome ye sons of art\u201d ist nicht nur eine wunderbare Plattenaufnahme, sie ist auch ein Ausdruck von Solidarit\u00e4t \u2013 ein Teil des Verkaufserl\u00f6ses geht an die internationale humanit\u00e4re Organisation &#8222;M\u00e9decins sans Fronti\u00e8res&#8220; (www.msf.org) f\u00fcr Projekte zu Gunsten von Kindern, insbesondere f\u00fcr Aktionen zur Verbesserung und Stabilisierung der Ern\u00e4hrungsversorgung von Kindern in Afrika. CD [&hellip;]<\/p>\n","protected":false},"author":1,"featured_media":736,"comment_status":"closed","ping_status":"closed","template":"","meta":{"_et_pb_use_builder":"on","_et_pb_old_content":"","_et_gb_content_width":"","footnotes":""},"project_category":[26,25],"project_tag":[],"class_list":["post-2409","project","type-project","status-publish","has-post-thumbnail","hentry","project_category-cd-de","project_category-eigenproduktionen"],"yoast_head":"<!-- This site is optimized with the Yoast SEO plugin v24.6 - https:\/\/yoast.com\/wordpress\/plugins\/seo\/ -->\n<title>Come ye sons of art - 2008 | Coro Calicantus<\/title>\n<meta name=\"robots\" content=\"index, follow, max-snippet:-1, max-image-preview:large, max-video-preview:-1\" \/>\n<link rel=\"canonical\" href=\"https:\/\/www.corocalicantus.org\/project\/ye-sons-of-art-2008\/\" \/>\n<meta property=\"og:locale\" content=\"de_DE\" \/>\n<meta property=\"og:type\" content=\"article\" \/>\n<meta property=\"og:title\" content=\"Come ye sons of art - 2008 | Coro Calicantus\" \/>\n<meta property=\"og:description\" content=\"Die CD\u00a0 \u201cCome ye sons of art\u201d ist nicht nur eine wunderbare Plattenaufnahme, sie ist auch ein Ausdruck von Solidarit\u00e4t \u2013 ein Teil des Verkaufserl\u00f6ses geht an die internationale humanit\u00e4re Organisation &quot;M\u00e9decins sans Fronti\u00e8res&quot; (www.msf.org) f\u00fcr Projekte zu Gunsten von Kindern, insbesondere f\u00fcr Aktionen zur Verbesserung und Stabilisierung der Ern\u00e4hrungsversorgung von Kindern in Afrika. CD [&hellip;]\" \/>\n<meta property=\"og:url\" content=\"https:\/\/www.corocalicantus.org\/project\/ye-sons-of-art-2008\/\" \/>\n<meta property=\"og:site_name\" content=\"Coro Calicantus\" \/>\n<meta property=\"article:publisher\" content=\"https:\/\/www.facebook.com\/corocalicantuslocarnoticino\/\" \/>\n<meta property=\"article:modified_time\" content=\"2018-03-25T06:58:50+00:00\" \/>\n<meta property=\"og:image\" content=\"https:\/\/www.corocalicantus.org\/wp-content\/uploads\/come_ye_sons_of_art_2008.jpg\" \/>\n\t<meta property=\"og:image:width\" content=\"260\" \/>\n\t<meta property=\"og:image:height\" content=\"237\" \/>\n\t<meta property=\"og:image:type\" content=\"image\/jpeg\" \/>\n<meta name=\"twitter:card\" content=\"summary_large_image\" \/>\n<meta name=\"twitter:label1\" content=\"Gesch\u00e4tzte Lesezeit\" \/>\n\t<meta name=\"twitter:data1\" content=\"5\u00a0Minuten\" \/>\n<script type=\"application\/ld+json\" class=\"yoast-schema-graph\">{\"@context\":\"https:\/\/schema.org\",\"@graph\":[{\"@type\":\"WebPage\",\"@id\":\"https:\/\/www.corocalicantus.org\/project\/ye-sons-of-art-2008\/\",\"url\":\"https:\/\/www.corocalicantus.org\/project\/ye-sons-of-art-2008\/\",\"name\":\"Come ye sons of art - 2008 | Coro Calicantus\",\"isPartOf\":{\"@id\":\"https:\/\/www.corocalicantus.org\/#website\"},\"primaryImageOfPage\":{\"@id\":\"https:\/\/www.corocalicantus.org\/project\/ye-sons-of-art-2008\/#primaryimage\"},\"image\":{\"@id\":\"https:\/\/www.corocalicantus.org\/project\/ye-sons-of-art-2008\/#primaryimage\"},\"thumbnailUrl\":\"https:\/\/www.corocalicantus.org\/wp-content\/uploads\/come_ye_sons_of_art_2008.jpg\",\"datePublished\":\"2017-12-28T09:52:07+00:00\",\"dateModified\":\"2018-03-25T06:58:50+00:00\",\"breadcrumb\":{\"@id\":\"https:\/\/www.corocalicantus.org\/project\/ye-sons-of-art-2008\/#breadcrumb\"},\"inLanguage\":\"de\",\"potentialAction\":[{\"@type\":\"ReadAction\",\"target\":[\"https:\/\/www.corocalicantus.org\/project\/ye-sons-of-art-2008\/\"]}]},{\"@type\":\"ImageObject\",\"inLanguage\":\"de\",\"@id\":\"https:\/\/www.corocalicantus.org\/project\/ye-sons-of-art-2008\/#primaryimage\",\"url\":\"https:\/\/www.corocalicantus.org\/wp-content\/uploads\/come_ye_sons_of_art_2008.jpg\",\"contentUrl\":\"https:\/\/www.corocalicantus.org\/wp-content\/uploads\/come_ye_sons_of_art_2008.jpg\",\"width\":260,\"height\":237},{\"@type\":\"BreadcrumbList\",\"@id\":\"https:\/\/www.corocalicantus.org\/project\/ye-sons-of-art-2008\/#breadcrumb\",\"itemListElement\":[{\"@type\":\"ListItem\",\"position\":1,\"name\":\"Home\",\"item\":\"https:\/\/www.corocalicantus.org\/de\/\"},{\"@type\":\"ListItem\",\"position\":2,\"name\":\"Projects\",\"item\":\"https:\/\/www.corocalicantus.org\/en\/project\/\"},{\"@type\":\"ListItem\",\"position\":3,\"name\":\"Come ye sons of art &#8211; 2008\"}]},{\"@type\":\"WebSite\",\"@id\":\"https:\/\/www.corocalicantus.org\/#website\",\"url\":\"https:\/\/www.corocalicantus.org\/\",\"name\":\"Coro Calicantus\",\"description\":\"Scopri la magia della musica\",\"potentialAction\":[{\"@type\":\"SearchAction\",\"target\":{\"@type\":\"EntryPoint\",\"urlTemplate\":\"https:\/\/www.corocalicantus.org\/?s={search_term_string}\"},\"query-input\":{\"@type\":\"PropertyValueSpecification\",\"valueRequired\":true,\"valueName\":\"search_term_string\"}}],\"inLanguage\":\"de\"}]}<\/script>\n<!-- \/ Yoast SEO plugin. -->","yoast_head_json":{"title":"Come ye sons of art - 2008 | Coro Calicantus","robots":{"index":"index","follow":"follow","max-snippet":"max-snippet:-1","max-image-preview":"max-image-preview:large","max-video-preview":"max-video-preview:-1"},"canonical":"https:\/\/www.corocalicantus.org\/project\/ye-sons-of-art-2008\/","og_locale":"de_DE","og_type":"article","og_title":"Come ye sons of art - 2008 | Coro Calicantus","og_description":"Die CD\u00a0 \u201cCome ye sons of art\u201d ist nicht nur eine wunderbare Plattenaufnahme, sie ist auch ein Ausdruck von Solidarit\u00e4t \u2013 ein Teil des Verkaufserl\u00f6ses geht an die internationale humanit\u00e4re Organisation \"M\u00e9decins sans Fronti\u00e8res\" (www.msf.org) f\u00fcr Projekte zu Gunsten von Kindern, insbesondere f\u00fcr Aktionen zur Verbesserung und Stabilisierung der Ern\u00e4hrungsversorgung von Kindern in Afrika. CD [&hellip;]","og_url":"https:\/\/www.corocalicantus.org\/project\/ye-sons-of-art-2008\/","og_site_name":"Coro Calicantus","article_publisher":"https:\/\/www.facebook.com\/corocalicantuslocarnoticino\/","article_modified_time":"2018-03-25T06:58:50+00:00","og_image":[{"width":260,"height":237,"url":"https:\/\/www.corocalicantus.org\/wp-content\/uploads\/come_ye_sons_of_art_2008.jpg","type":"image\/jpeg"}],"twitter_card":"summary_large_image","twitter_misc":{"Gesch\u00e4tzte Lesezeit":"5\u00a0Minuten"},"schema":{"@context":"https:\/\/schema.org","@graph":[{"@type":"WebPage","@id":"https:\/\/www.corocalicantus.org\/project\/ye-sons-of-art-2008\/","url":"https:\/\/www.corocalicantus.org\/project\/ye-sons-of-art-2008\/","name":"Come ye sons of art - 2008 | Coro Calicantus","isPartOf":{"@id":"https:\/\/www.corocalicantus.org\/#website"},"primaryImageOfPage":{"@id":"https:\/\/www.corocalicantus.org\/project\/ye-sons-of-art-2008\/#primaryimage"},"image":{"@id":"https:\/\/www.corocalicantus.org\/project\/ye-sons-of-art-2008\/#primaryimage"},"thumbnailUrl":"https:\/\/www.corocalicantus.org\/wp-content\/uploads\/come_ye_sons_of_art_2008.jpg","datePublished":"2017-12-28T09:52:07+00:00","dateModified":"2018-03-25T06:58:50+00:00","breadcrumb":{"@id":"https:\/\/www.corocalicantus.org\/project\/ye-sons-of-art-2008\/#breadcrumb"},"inLanguage":"de","potentialAction":[{"@type":"ReadAction","target":["https:\/\/www.corocalicantus.org\/project\/ye-sons-of-art-2008\/"]}]},{"@type":"ImageObject","inLanguage":"de","@id":"https:\/\/www.corocalicantus.org\/project\/ye-sons-of-art-2008\/#primaryimage","url":"https:\/\/www.corocalicantus.org\/wp-content\/uploads\/come_ye_sons_of_art_2008.jpg","contentUrl":"https:\/\/www.corocalicantus.org\/wp-content\/uploads\/come_ye_sons_of_art_2008.jpg","width":260,"height":237},{"@type":"BreadcrumbList","@id":"https:\/\/www.corocalicantus.org\/project\/ye-sons-of-art-2008\/#breadcrumb","itemListElement":[{"@type":"ListItem","position":1,"name":"Home","item":"https:\/\/www.corocalicantus.org\/de\/"},{"@type":"ListItem","position":2,"name":"Projects","item":"https:\/\/www.corocalicantus.org\/en\/project\/"},{"@type":"ListItem","position":3,"name":"Come ye sons of art &#8211; 2008"}]},{"@type":"WebSite","@id":"https:\/\/www.corocalicantus.org\/#website","url":"https:\/\/www.corocalicantus.org\/","name":"Coro Calicantus","description":"Scopri la magia della musica","potentialAction":[{"@type":"SearchAction","target":{"@type":"EntryPoint","urlTemplate":"https:\/\/www.corocalicantus.org\/?s={search_term_string}"},"query-input":{"@type":"PropertyValueSpecification","valueRequired":true,"valueName":"search_term_string"}}],"inLanguage":"de"}]}},"_links":{"self":[{"href":"https:\/\/www.corocalicantus.org\/de\/wp-json\/wp\/v2\/project\/2409","targetHints":{"allow":["GET"]}}],"collection":[{"href":"https:\/\/www.corocalicantus.org\/de\/wp-json\/wp\/v2\/project"}],"about":[{"href":"https:\/\/www.corocalicantus.org\/de\/wp-json\/wp\/v2\/types\/project"}],"author":[{"embeddable":true,"href":"https:\/\/www.corocalicantus.org\/de\/wp-json\/wp\/v2\/users\/1"}],"replies":[{"embeddable":true,"href":"https:\/\/www.corocalicantus.org\/de\/wp-json\/wp\/v2\/comments?post=2409"}],"version-history":[{"count":22,"href":"https:\/\/www.corocalicantus.org\/de\/wp-json\/wp\/v2\/project\/2409\/revisions"}],"predecessor-version":[{"id":4241,"href":"https:\/\/www.corocalicantus.org\/de\/wp-json\/wp\/v2\/project\/2409\/revisions\/4241"}],"wp:featuredmedia":[{"embeddable":true,"href":"https:\/\/www.corocalicantus.org\/de\/wp-json\/wp\/v2\/media\/736"}],"wp:attachment":[{"href":"https:\/\/www.corocalicantus.org\/de\/wp-json\/wp\/v2\/media?parent=2409"}],"wp:term":[{"taxonomy":"project_category","embeddable":true,"href":"https:\/\/www.corocalicantus.org\/de\/wp-json\/wp\/v2\/project_category?post=2409"},{"taxonomy":"project_tag","embeddable":true,"href":"https:\/\/www.corocalicantus.org\/de\/wp-json\/wp\/v2\/project_tag?post=2409"}],"curies":[{"name":"wp","href":"https:\/\/api.w.org\/{rel}","templated":true}]}}